[{"command":"settings","settings":{"pluralDelimiter":"\u0003","suppressDeprecationErrors":true,"ajaxPageState":{"libraries":"eJwVyEEOgCAMBMAPEbj6G9PgkoDS4gJGf6_OcaIRYeNscngpcrv4R9YB6lflnODjk7E67MsIOVEqVqI3054vvDW4GTw","theme":"ek8t","theme_token":null},"ajaxTrustedUrl":[],"ajax":{"ajax-link":{"progress":{"type":"throbber"},"event":"click","url":null,"httpMethod":"POST","dialogType":"ajax"}},"user":{"uid":0,"permissionsHash":"6863daf750f381f928a801c80f348fc99c0bdca77d9a9d8a6e22d1ecbfb21b60"}},"merge":true},{"command":"add_css","data":[{"rel":"stylesheet","media":"all","href":"\/files\/css\/css_beWu3KcvLiqA5CvA49mT7tMkGBsWExY53KCda5bKlQw.css?delta=0\u0026language=hu\u0026theme=ek8t\u0026include=eJxLzi9K1U8pKi1IzNFLzEqs0EnNtijRz0wrSsxNjS9KLS7IzyvOLEsFACiHDys"},{"rel":"stylesheet","media":"all","href":"\/files\/css\/css_v70jv7o5u3m832uVJ0751BGNLxaALX_5HgnK7cSbqZw.css?delta=1\u0026language=hu\u0026theme=ek8t\u0026include=eJxLzi9K1U8pKi1IzNFLzEqs0EnNtijRz0wrSsxNjS9KLS7IzyvOLEsFACiHDys"}]},{"command":"add_js","selector":"body","data":[{"src":"\/core\/assets\/vendor\/jquery\/jquery.min.js?v=4.0.0"},{"src":"\/files\/js\/js_OQFmUYQgEH416YCNBENGM8fAfpHbD0QSlKgn6GE4yMQ.js?scope=footer\u0026delta=1\u0026language=hu\u0026theme=ek8t\u0026include=eJwVyEEOgCAMBMAPEbj6G9PgkoDS4gJGf6_OcaIRYeNscngpcrv4R9YB6lflnODjk7E67MsIOVEqVqI3054vvDW4GTw"}]},{"command":"remove","selector":"#related-more-button"},{"command":"insert","method":"append","selector":"#block-block-related-content","data":"\u003Carticle class=\u0022cardd cardd--event cardd--download\u0022\u003E\n    \u003Ca href=\u0022\/rendezveny\/energetikai-megoldasok-es-megterules-hulladekho-hasznositas-es-koltseghatekony-muszaki-16404\u0022\u003E\n                      \u003Cdiv class=\u0022cardd__image\u0022\u003E\n                \u003Cimg loading=\u0022lazy\u0022 src=\u0022\/files\/styles\/teaser\/public\/event\/ajka.png?itok=pVo7N29U\u0022 alt=\u0022megh\u00edv\u00f3\u0022 \/\u003E\n\n\n\n\n          \n        \u003C\/div\u003E\n                                          \u003Cdiv class=\u0022cardd__content\u0022\u003E\n      \u003Ch2 class=\u0022cardd__title\u0022\u003E\n        \n\u003Cspan class=\u0022field_type-string\u0022\u003EEnergetikai Megold\u00e1sok \u00e9s Megt\u00e9r\u00fcl\u00e9s: Hullad\u00e9kh\u0151-hasznos\u00edt\u00e1s \u00e9s K\u00f6lts\u00e9ghat\u00e9kony M\u0171szaki Innov\u00e1ci\u00f3k KKV-knak\u003C\/span\u003E\n\n      \u003C\/h2\u003E\n      \u003Cdiv class=\u0022cardd__label cardd--event__label\u0022\u003E\n  \u003Ctime datetime=\u00222026-09-30T09:00:00+0200\n\u0022\u003E\n      \u003Cdiv class=\u0022date\u0022\u003ESzep. 30.\n\u003C\/div\u003E\n    \u003Cdiv class=\u0022time\u0022\u003E\n      \u003Cspan\u003E09:00\n\u003C\/span\u003E\n              \u003Cspan\u003E - \u003C\/span\u003E\u003Cspan class=\u0022date__time\u0022\u003E14:00\n\u003C\/span\u003E\n          \u003C\/div\u003E\n    \u003C\/time\u003E\n\u003C\/div\u003E\n                        \u003Cdiv class=\u0022cardd__text\u0022\u003E\n            \n            \u003Cdiv class=\u0022field_type-text_long\u0022\u003E  \u003Cp\u003E2026. szeptember 30-\u00e1n Ajk\u00e1n v\u00e1rjuk a kis- \u00e9s k\u00f6z\u00e9pv\u00e1llalkoz\u00e1sok k\u00e9pvisel\u0151it k\u00f6vetkez\u0151 szakmai rendezv\u00e9ny\u00fcnkre, ahol az energiahat\u00e9konys\u00e1got els\u0151sorban v\u00e1llalati \u00e9s megt\u00e9r\u00fcl\u00e9si szempontb\u00f3l j\u00e1rjuk...\u003C\/p\u003E\n\n\u003C\/div\u003E\n      \n          \u003C\/div\u003E\n                  \u003C\/div\u003E\n  \u003C\/a\u003E\n              \u003Cdiv class=\u0022buttonn buttonn--download\u0022\u003E\n    \u003Ca class=\u0022buttonn__link\u0022 href=\u0022\/files\/event\/ajka%20%282%29.png\u0022 target=\u0022_blank\u0022\u003ELet\u00f6lt\u00f6m\u003C\/a\u003E\n  \u003C\/div\u003E\n\n      \u003C\/article\u003E\n","settings":null},{"command":"insert","method":"append","selector":"#block-block-related-content","data":"\u003Carticle class=\u0022cardd cardd--event\u0022\u003E\n    \u003Ca href=\u0022\/rendezveny\/zold-allitas-vagy-jogserto-igeret-empco-a-gyakorlatban-hogyan-kommunikalhat-hitelesen-16406\u0022\u003E\n                      \u003Cdiv class=\u0022cardd__image\u0022\u003E\n                \u003Cimg loading=\u0022lazy\u0022 src=\u0022\/files\/styles\/teaser\/public\/event\/2.png?itok=1BHTpteU\u0022 alt=\u0022\u0022 \/\u003E\n\n\n\n\n          \n        \u003C\/div\u003E\n                                          \u003Cdiv class=\u0022cardd__content\u0022\u003E\n      \u003Ch2 class=\u0022cardd__title\u0022\u003E\n        \n\u003Cspan class=\u0022field_type-string\u0022\u003EZ\u00f6ld \u00e1ll\u00edt\u00e1s vagy jogs\u00e9rt\u0151 \u00edg\u00e9ret? EmpCo a gyakorlatban: hogyan kommunik\u00e1lhat hitelesen egy energiahat\u00e9kony v\u00e1llalkoz\u00e1s?\u003C\/span\u003E\n\n      \u003C\/h2\u003E\n      \u003Cdiv class=\u0022cardd__label cardd--event__label\u0022\u003E\n  \u003Ctime datetime=\u00222026-09-17T10:00:00+0200\n\u0022\u003E\n      \u003Cdiv class=\u0022date\u0022\u003ESzep. 17.\n\u003C\/div\u003E\n    \u003Cdiv class=\u0022time\u0022\u003E\n      \u003Cspan\u003E10:00\n\u003C\/span\u003E\n              \u003Cspan\u003E - \u003C\/span\u003E\u003Cspan class=\u0022date__time\u0022\u003E11:30\n\u003C\/span\u003E\n          \u003C\/div\u003E\n    \u003C\/time\u003E\n\u003C\/div\u003E\n                        \u003Cdiv class=\u0022cardd__text\u0022\u003E\n            \n            \u003Cdiv class=\u0022field_type-text_long\u0022\u003E  \u003Cp\u003EHogyan kommunik\u00e1lhat egy v\u00e1llalkoz\u00e1s hitelesen arr\u00f3l, hogy energiahat\u00e9konyabb\u00e1 vagy fenntarthat\u00f3bb\u00e1 v\u00e1lt? Mikor haszn\u00e1lhat\u00f3k jogszer\u0171en az olyan kifejez\u00e9sek, mint a \u201ez\u00f6ld\u201d, \u201ek\u00f6rnyezetbar\u00e1t\u201d vagy...\u003C\/p\u003E\n\n\u003C\/div\u003E\n      \n          \u003C\/div\u003E\n                  \u003C\/div\u003E\n  \u003C\/a\u003E\n            \n      \u003C\/article\u003E\n","settings":null},{"command":"insert","method":"append","selector":"#block-block-related-content","data":"\u003Carticle class=\u0022cardd cardd--newsitem cardd--download\u0022\u003E\n    \u003Ca href=\u0022\/hirek\/ajanlatteteli-felhivas-energetikai-szakertok-reszere-16403\u0022\u003E\n                      \u003Cdiv class=\u0022cardd__image\u0022\u003E\n                \u003Cimg loading=\u0022lazy\u0022 src=\u0022\/files\/styles\/teaser\/public\/news\/pexels-silverkblack-36733331.jpg?itok=ka-2OnVH\u0022 alt=\u0022\u0022 \/\u003E\n\n\n\n\n          \n        \u003C\/div\u003E\n                                          \u003Cdiv class=\u0022cardd__content\u0022\u003E\n      \u003Ch2 class=\u0022cardd__title\u0022\u003E\n        \n\u003Cspan class=\u0022field_type-string\u0022\u003EAj\u00e1nlatt\u00e9teli felh\u00edv\u00e1s energetikai szak\u00e9rt\u0151k r\u00e9sz\u00e9re\u003C\/span\u003E\n\n      \u003C\/h2\u003E\n      \u003Cdiv class=\u0022cardd__time\u0022\u003E\n    \u003Ctime datetime=\u00222026-08-26T01:39:31+0200\u0022\u003E2026. augusztus 26.\u003C\/time\u003E\n\u003C\/div\u003E\n                        \u003Cdiv class=\u0022cardd__text\u0022\u003E\n            \n            \u003Cdiv class=\u0022field_type-text_long\u0022\u003E  \u003Cp\u003EAz Energiaklub Szakpolitikai Int\u00e9zet energetikai szak\u00e9rt\u0151k jelentkez\u00e9s\u00e9t \u00e9s aj\u00e1nlatait v\u00e1rja kis- \u00e9s k\u00f6z\u00e9pv\u00e1llalkoz\u00e1sok sz\u00e1m\u00e1ra ny\u00fajtott energetikai tan\u00e1csad\u00e1si feladatok ell\u00e1t\u00e1s\u00e1ra. A megb\u00edz\u00e1s a \u201eKKV...\u003C\/p\u003E\n\n\u003C\/div\u003E\n      \n          \u003C\/div\u003E\n                  \u003C\/div\u003E\n  \u003C\/a\u003E\n              \u003Cdiv class=\u0022buttonn buttonn--download\u0022\u003E\n    \u003Ca class=\u0022buttonn__link\u0022 href=\u0022\/files\/news\/Aj%C3%A1nlatk%C3%A9r%C5%91_NGM%20szak%C3%A9rt%C3%A9s%20KKVknak-4.pdf\u0022 target=\u0022_blank\u0022\u003ELet\u00f6lt\u00f6m\u003C\/a\u003E\n  \u003C\/div\u003E\n\n      \u003C\/article\u003E\n","settings":null},{"command":"insert","method":"append","selector":"#block-block-related-content","data":"\u003Carticle class=\u0022cardd cardd--article cardd--download\u0022\u003E\n    \u003Ca href=\u0022\/cikk\/elkeszult-a-plug-in-napelemes-rendszerek-magyarorszagi-engedelyezeserol-szolo-szakpolitikai-16405\u0022\u003E\n                      \u003Cdiv class=\u0022cardd__image\u0022\u003E\n                \u003Cimg loading=\u0022lazy\u0022 src=\u0022\/files\/styles\/teaser\/public\/article\/plugin_napelemekrol_cikk_ullisztracio.png?itok=3Kx33ZAY\u0022 alt=\u0022illusztr\u00e1ci\u00f3 a cikkhez\u0022 \/\u003E\n\n\n\n\n          \n        \u003C\/div\u003E\n                            \u003Cdiv class=\u0022cardd__label\u0022\u003E\n          Cikk\n        \u003C\/div\u003E\n                            \u003Cdiv class=\u0022cardd__content\u0022\u003E\n      \u003Ch2 class=\u0022cardd__title\u0022\u003E\n        \n\u003Cspan class=\u0022field_type-string\u0022\u003EElk\u00e9sz\u00fclt a plug-in napelemes rendszerek magyarorsz\u00e1gi enged\u00e9lyez\u00e9s\u00e9r\u0151l sz\u00f3l\u00f3 szakpolitikai javaslatcsomagunk tervezete \u2013 \u00e9s most v\u00e1rjuk hozz\u00e1 a v\u00e9lem\u00e9nyeket!\u003C\/span\u003E\n\n      \u003C\/h2\u003E\n          \n            \u003Cdiv class=\u0022field_type-datetime cardd__time\u0022\u003E\u003Ctime datetime=\u00222026-08-26T12:00:00Z\u0022\u003E2026. augusztus 26.\u003C\/time\u003E\n\u003C\/div\u003E\n      \n                        \u003Cdiv class=\u0022cardd__text\u0022\u003E\n            \n            \u003Cdiv class=\u0022field_type-text_long\u0022\u003E  \u003Cp\u003EA tanulm\u00e1nyban megvizsg\u00e1ltuk a jelenlegi hazai szab\u00e1lyoz\u00e1st, a nemzetk\u00f6zi tapasztalatokat, a h\u00e1l\u00f3zati hat\u00e1sokat, valamint azt is, kik sz\u00e1m\u00e1ra jelenthetne val\u00f3di lehet\u0151s\u00e9get ez a technol\u00f3gia.\u003C\/p\u003E\n\n\u003C\/div\u003E\n      \n          \u003C\/div\u003E\n                  \u003C\/div\u003E\n  \u003C\/a\u003E\n              \u003Cdiv class=\u0022buttonn buttonn--download\u0022\u003E\n    \u003Ca class=\u0022buttonn__link\u0022 href=\u0022\/files\/article\/0826_plug-in%20solar_javaslatcsomag_egyeztetesi_anyag.pdf\u0022 target=\u0022_blank\u0022\u003ELet\u00f6lt\u00f6m\u003C\/a\u003E\n  \u003C\/div\u003E\n\n      \u003C\/article\u003E\n","settings":null},{"command":"insert","method":"append","selector":"#block-block-related-content","data":"\u003Carticle class=\u0022cardd cardd--article\u0022\u003E\n    \u003Ca href=\u0022\/cikk\/elerhetok-az-utobbi-10-ev-hoadatai-az-osztrak-magyar-hatartersegre-16402\u0022\u003E\n                      \u003Cdiv class=\u0022cardd__image\u0022\u003E\n                \u003Cimg loading=\u0022lazy\u0022 src=\u0022\/files\/styles\/teaser\/public\/article\/muhold_adatelemzes.png?itok=Ksvq62OX\u0022 alt=\u0022A Termatics m\u0171holdk\u00e9pes illusztr\u00e1ci\u00f3ja\u0022 \/\u003E\n\n\n\n\n          \n        \u003C\/div\u003E\n                            \u003Cdiv class=\u0022cardd__label\u0022\u003E\n          Cikk\n        \u003C\/div\u003E\n                            \u003Cdiv class=\u0022cardd__content\u0022\u003E\n      \u003Ch2 class=\u0022cardd__title\u0022\u003E\n        \n\u003Cspan class=\u0022field_type-string\u0022\u003EEl\u00e9rhet\u0151k az ut\u00f3bbi 10 \u00e9v h\u0151adatai az osztr\u00e1k-magyar hat\u00e1rt\u00e9rs\u00e9gre\u003C\/span\u003E\n\n      \u003C\/h2\u003E\n          \n                        \u003Cdiv class=\u0022cardd__text\u0022\u003E\n            \n            \u003Cdiv class=\u0022field_type-text_long\u0022\u003E  \u003Cp\u003EB\u00e1r egyes v\u00e1rosok m\u00e1r egy-egy nap felsz\u00ednh\u0151m\u00e9rs\u00e9klet-\u00e9rt\u00e9kei alapj\u00e1n pr\u00f3b\u00e1lt\u00e1k felm\u00e9rni, hol a legnagyobb a h\u0151terhel\u00e9s, most 10 \u00e9v adatai alapj\u00e1n egy orsz\u00e1gnyi ter\u00fcletre k\u00e9sz\u00fclt el az a nyilv\u00e1nosan...\u003C\/p\u003E\n\n\u003C\/div\u003E\n      \n          \u003C\/div\u003E\n                  \u003C\/div\u003E\n  \u003C\/a\u003E\n            \n      \u003C\/article\u003E\n","settings":null},{"command":"insert","method":"append","selector":"#block-block-related-content","data":"\u003Carticle class=\u0022cardd cardd--newsitem cardd--download\u0022\u003E\n    \u003Ca href=\u0022\/hirek\/az-energiaklub-szerint-nem-gyengiteni-hanem-erositeni-kell-az-unios-kibocsataskereskedelmet-16401\u0022\u003E\n                      \u003Cdiv class=\u0022cardd__image\u0022\u003E\n                \u003Cimg loading=\u0022lazy\u0022 src=\u0022\/files\/styles\/teaser\/public\/news\/ETS_velemeny_serious.png?itok=9Z6tCxqC\u0022 alt=\u0022Illusztr\u00e1ci\u00f3 a sajt\u00f3k\u00f6zlem\u00e9nyhez\u0022 \/\u003E\n\n\n\n\n          \n        \u003C\/div\u003E\n                                          \u003Cdiv class=\u0022cardd__content\u0022\u003E\n      \u003Ch2 class=\u0022cardd__title\u0022\u003E\n        \n\u003Cspan class=\u0022field_type-string\u0022\u003EAz Energiaklub szerint nem gyeng\u00edteni, hanem er\u0151s\u00edteni kell az uni\u00f3s kibocs\u00e1t\u00e1skereskedelmet\u003C\/span\u003E\n\n      \u003C\/h2\u003E\n      \u003Cdiv class=\u0022cardd__time\u0022\u003E\n    \u003Ctime datetime=\u00222026-08-19T10:05:38+0200\u0022\u003E2026. augusztus 19.\u003C\/time\u003E\n\u003C\/div\u003E\n                        \u003Cdiv class=\u0022cardd__text\u0022\u003E\n            \n            \u003Cdiv class=\u0022field_type-text_long\u0022\u003E  \u003Cp\u003EAz Energiaklub Szakpolitikai Int\u00e9zet \u00fcdv\u00f6zli, hogy a Gazdas\u00e1gi \u00e9s Energetikai Miniszt\u00e9rium t\u00e1rsadalmi v\u00e9lem\u00e9nyez\u00e9sre bocs\u00e1totta az EU Kibocs\u00e1t\u00e1s-kereskedelmi Rendszer\u00e9nek (ETS) fel\u00fclvizsg\u00e1lat\u00e1ra...\u003C\/p\u003E\n\n\u003C\/div\u003E\n      \n          \u003C\/div\u003E\n                  \u003C\/div\u003E\n  \u003C\/a\u003E\n              \u003Cdiv class=\u0022buttonn buttonn--download\u0022\u003E\n    \u003Ca class=\u0022buttonn__link\u0022 href=\u0022\/files\/news\/260819_EU_ETS_kozlemeny_Energiaklub_Szakpolitikai_Intezet.pdf\u0022 target=\u0022_blank\u0022\u003ELet\u00f6lt\u00f6m\u003C\/a\u003E\n  \u003C\/div\u003E\n\n      \u003C\/article\u003E\n","settings":null},{"command":"insert","method":"append","selector":"#block-block-related-content","data":"\u003Carticle class=\u0022cardd cardd--article cardd--download\u0022\u003E\n    \u003Ca href=\u0022\/cikk\/szakpolitikai-velemenyt-nyujtottunk-be-a-megujulok-halozati-integraciojat-tamogato-palyazati-16400\u0022\u003E\n                      \u003Cdiv class=\u0022cardd__image\u0022\u003E\n                \u003Cimg loading=\u0022lazy\u0022 src=\u0022\/files\/styles\/teaser\/public\/article\/RRF_velemeny_alap.png?itok=7UZEcVUM\u0022 alt=\u0022Illusztr\u00e1ci\u00f3 a szakpolitikai v\u00e9lem\u00e9ny\u00fcnkh\u00f6z\u0022 \/\u003E\n\n\n\n\n          \n        \u003C\/div\u003E\n                            \u003Cdiv class=\u0022cardd__label\u0022\u003E\n          Cikk\n        \u003C\/div\u003E\n                            \u003Cdiv class=\u0022cardd__content\u0022\u003E\n      \u003Ch2 class=\u0022cardd__title\u0022\u003E\n        \n\u003Cspan class=\u0022field_type-string\u0022\u003ESzakpolitikai v\u00e9lem\u00e9nyt ny\u00fajtottunk be a meg\u00fajul\u00f3k h\u00e1l\u00f3zati integr\u00e1ci\u00f3j\u00e1t t\u00e1mogat\u00f3 p\u00e1ly\u00e1zati felh\u00edv\u00e1sr\u00f3l\u003C\/span\u003E\n\n      \u003C\/h2\u003E\n          \n            \u003Cdiv class=\u0022field_type-datetime cardd__time\u0022\u003E\u003Ctime datetime=\u00222026-08-05T12:00:00Z\u0022\u003E2026. augusztus 5.\u003C\/time\u003E\n\u003C\/div\u003E\n      \n                        \u003Cdiv class=\u0022cardd__text\u0022\u003E\n            \n            \u003Cdiv class=\u0022field_type-text_long\u0022\u003E  \u003Cp\u003EAz elm\u00falt hetek h\u0151hull\u00e1mai \u00e9s a villamosenergia-rendszer fesz\u00edtett helyzete ism\u00e9t megmutatta, mennyire fontos a meg\u00fajul\u00f3energia-kapacit\u00e1sok kiegyens\u00falyozott fejleszt\u00e9se \u00e9s biztons\u00e1gos h\u00e1l\u00f3zati...\u003C\/p\u003E\n\n\u003C\/div\u003E\n      \n          \u003C\/div\u003E\n                  \u003C\/div\u003E\n  \u003C\/a\u003E\n              \u003Cdiv class=\u0022buttonn buttonn--download\u0022\u003E\n    \u003Ca class=\u0022buttonn__link\u0022 href=\u0022\/files\/article\/0615_RRF_velemeny.pdf\u0022 target=\u0022_blank\u0022\u003ELet\u00f6lt\u00f6m\u003C\/a\u003E\n  \u003C\/div\u003E\n\n      \u003C\/article\u003E\n","settings":null},{"command":"insert","method":"append","selector":"#block-block-related-content","data":"\u003Carticle class=\u0022cardd cardd--article cardd--download\u0022\u003E\n    \u003Ca href=\u0022\/cikk\/szakpolitikai-javaslatot-dolgoztunk-ki-a-hasznalati-melegviz-keszites-hmv-elektrifikalasara-16397\u0022\u003E\n                      \u003Cdiv class=\u0022cardd__image\u0022\u003E\n                \u003Cimg loading=\u0022lazy\u0022 src=\u0022\/files\/styles\/teaser\/public\/article\/elektrifikalas.png?itok=O1u7JMeM\u0022 alt=\u0022Illusztr\u00e1ci\u00f3 a szakpolitikai javaslatunkhoz\u0022 \/\u003E\n\n\n\n\n          \n        \u003C\/div\u003E\n                            \u003Cdiv class=\u0022cardd__label\u0022\u003E\n          Cikk\n        \u003C\/div\u003E\n                            \u003Cdiv class=\u0022cardd__content\u0022\u003E\n      \u003Ch2 class=\u0022cardd__title\u0022\u003E\n        \n\u003Cspan class=\u0022field_type-string\u0022\u003ESzakpolitikai javaslatot dolgoztunk ki a haszn\u00e1lati melegv\u00edz-k\u00e9sz\u00edt\u00e9s (HMV) elektrifik\u00e1l\u00e1s\u00e1ra\u003C\/span\u003E\n\n      \u003C\/h2\u003E\n          \n                        \u003Cdiv class=\u0022cardd__text\u0022\u003E\n            \n            \u003Cdiv class=\u0022field_type-text_long\u0022\u003E  \u003Cp\u003EA magyar h\u00e1ztart\u00e1sok \u00e9vente mintegy 370-380 milli\u00f3 k\u00f6bm\u00e9ter f\u00f6ldg\u00e1zt, teljes lakoss\u00e1gi g\u00e1zfelhaszn\u00e1l\u00e1suk 12,5%-\u00e1t ford\u00edtj\u00e1k haszn\u00e1lati melegv\u00edz el\u0151\u00e1ll\u00edt\u00e1s\u00e1ra. Az Energiaklub Szakpolitikai Int\u00e9zet...\u003C\/p\u003E\n\n\u003C\/div\u003E\n      \n          \u003C\/div\u003E\n                  \u003C\/div\u003E\n  \u003C\/a\u003E\n              \u003Cdiv class=\u0022buttonn buttonn--download\u0022\u003E\n    \u003Ca class=\u0022buttonn__link\u0022 href=\u0022\/files\/article\/0624_HMV_csere_szakpol_javaslat.pdf\u0022 target=\u0022_blank\u0022\u003ELet\u00f6lt\u00f6m\u003C\/a\u003E\n  \u003C\/div\u003E\n\n      \u003C\/article\u003E\n","settings":null},{"command":"insert","method":"append","selector":"#block-block-related-content","data":"\u003Carticle class=\u0022cardd cardd--newsitem cardd--download\u0022\u003E\n    \u003Ca href=\u0022\/hirek\/ajanlatteteli-felhivas-3d-varosi-hoterkepezes-adatgyujtes-kormend-es-zalakaros-belvarosaban-16396\u0022\u003E\n                      \u003Cdiv class=\u0022cardd__image\u0022\u003E\n                \u003Cimg loading=\u0022lazy\u0022 src=\u0022\/files\/styles\/teaser\/public\/news\/ChatGPT%20Image%202026.%20j%C3%BAl.%2015.%2013_56_12.png?itok=A2g1z8_I\u0022 alt=\u0022\u0022 \/\u003E\n\n\n\n\n          \n        \u003C\/div\u003E\n                                          \u003Cdiv class=\u0022cardd__content\u0022\u003E\n      \u003Ch2 class=\u0022cardd__title\u0022\u003E\n        \n\u003Cspan class=\u0022field_type-string\u0022\u003EAj\u00e1nlatt\u00e9teli felh\u00edv\u00e1s:  3D \u201eV\u00e1rosi h\u0151t\u00e9rk\u00e9pez\u00e9s\u201d adatgy\u0171jt\u00e9s K\u00f6rmend \u00e9s Zalakaros belv\u00e1ros\u00e1ban \u2013 h\u0151kamer\u00e1s dr\u00f3nfelm\u00e9r\u00e9s \u00e9s fotogrammetriai modell\u003C\/span\u003E\n\n      \u003C\/h2\u003E\n      \u003Cdiv class=\u0022cardd__time\u0022\u003E\n    \u003Ctime datetime=\u00222026-07-15T13:34:17+0200\u0022\u003E2026. j\u00falius 15.\u003C\/time\u003E\n\u003C\/div\u003E\n                        \u003Cdiv class=\u0022cardd__text\u0022\u003E\n            \n            \u003Cdiv class=\u0022field_type-text_long\u0022\u003E  \u003Cp\u003EAz Energiaklub Szakpolitikai Int\u00e9zet a 2026-2028 k\u00f6z\u00f6tt megval\u00f3sul\u00f3 TopHeAT-HU projekt keret\u00e9ben olyan szakembert keres, aki termikus \u00e9s optikai dr\u00f3nos berep\u00fcl\u00e9sek elv\u00e9gz\u00e9s\u00e9t v\u00e9gezn\u00e9 el a k\u00e9t nyugat...\u003C\/p\u003E\n\n\u003C\/div\u003E\n      \n          \u003C\/div\u003E\n                  \u003C\/div\u003E\n  \u003C\/a\u003E\n              \u003Cdiv class=\u0022buttonn buttonn--download\u0022\u003E\n    \u003Ca class=\u0022buttonn__link\u0022 href=\u0022\/files\/news\/Aj%C3%A1nlatk%C3%A9r%C5%91_dr%C3%B3nos%20adatfelv%C3%A9telez%C3%A9s.pdf\u0022 target=\u0022_blank\u0022\u003ELet\u00f6lt\u00f6m\u003C\/a\u003E\n  \u003C\/div\u003E\n\n      \u003C\/article\u003E\n","settings":null},{"command":"insert","method":"append","selector":"#block-block-related-content","data":"\u003Cdiv id=\u0022related-more-button\u0022 class=\u0022buttonn buttonn--more\u0022\u003E\u003Ca href=\u0022\/ajax\/node\/5310\/related\/2?_wrapper_format=drupal_ajax\u0022 class=\u0022buttonn__link\u0022 id=\u0022ajax-link\u0022\u003ETov\u00e1bb\u003C\/a\u003E\u003C\/div\u003E\n","settings":null}]