[{"command":"settings","settings":{"pluralDelimiter":"\u0003","suppressDeprecationErrors":true,"ajaxPageState":{"libraries":"eJwVyEEOgCAMBMAPEbj6G9PgkoDS4gJGf6_OcaIRYeNscngpcrv4R9YB6lflnODjk7E67MsIOVEqVqI3054vvDW4GTw","theme":"ek8t","theme_token":null},"ajaxTrustedUrl":{"":true},"ajax":{"ajax-link":{"progress":{"type":"throbber"},"event":"click","url":null,"httpMethod":"POST","dialogType":"ajax"}},"user":{"uid":0,"permissionsHash":"6863daf750f381f928a801c80f348fc99c0bdca77d9a9d8a6e22d1ecbfb21b60"}},"merge":true},{"command":"add_css","data":[{"rel":"stylesheet","media":"all","href":"\/files\/css\/css_JjpohJzxuH9cPwjGcg538YwixVCiWpU46P9gsAJMsow.css?delta=0\u0026language=hu\u0026theme=ek8t\u0026include=eJxLzi9K1U8pKi1IzNFLzEqs0EnNtijRz0wrSsxNjS9KLS7IzyvOLEsFACiHDys"},{"rel":"stylesheet","media":"all","href":"\/files\/css\/css_v70jv7o5u3m832uVJ0751BGNLxaALX_5HgnK7cSbqZw.css?delta=1\u0026language=hu\u0026theme=ek8t\u0026include=eJxLzi9K1U8pKi1IzNFLzEqs0EnNtijRz0wrSsxNjS9KLS7IzyvOLEsFACiHDys"}]},{"command":"add_js","selector":"body","data":[{"src":"\/files\/js\/js_LZS9l9KNCVKpTKndUsCgZP-dlEt48w_JPplv51wALV4.js?scope=footer\u0026delta=0\u0026language=hu\u0026theme=ek8t\u0026include=eJwVyEEOgCAMBMAPEbj6G9PgkoDS4gJGf6_OcaIRYeNscngpcrv4R9YB6lflnODjk7E67MsIOVEqVqI3054vvDW4GTw"}]},{"command":"remove","selector":"#related-more-button"},{"command":"insert","method":"append","selector":"#block-block-related-content","data":"\u003Carticle class=\u0022cardd cardd--article\u0022\u003E\n    \u003Ca href=\u0022\/cikk\/szakmai-vallalatlatogatas-es-workshop-az-ipari-energiaatallasrol-a-hartmann-hungary-kft-nel-5312\u0022\u003E\n                      \u003Cdiv class=\u0022cardd__image\u0022\u003E\n                \u003Cimg loading=\u0022lazy\u0022 src=\u0022\/files\/styles\/teaser\/public\/article\/1740736176119.png?itok=em36c8DO\u0022 alt=\u0022A Hartmann Hungary Kft. \u00e9p\u00fclete\u0022 \/\u003E\n\n\n\n\n          \n        \u003C\/div\u003E\n                            \u003Cdiv class=\u0022cardd__label\u0022\u003E\n          Cikk\n        \u003C\/div\u003E\n                            \u003Cdiv class=\u0022cardd__content\u0022\u003E\n      \u003Ch2 class=\u0022cardd__title\u0022\u003E\n        \n\u003Cspan class=\u0022field_type-string\u0022\u003ESzakmai v\u00e1llalatl\u00e1togat\u00e1s \u00e9s workshop az ipari energia\u00e1t\u00e1ll\u00e1sr\u00f3l a Hartmann Hungary Kft.-n\u00e9l, \u00c1cson\u003C\/span\u003E\n\n      \u003C\/h2\u003E\n          \n            \u003Cdiv class=\u0022field_type-datetime cardd__time\u0022\u003E\u003Ctime datetime=\u00222025-04-21T12:00:00Z\u0022\u003E2025. \u00e1prilis 21.\u003C\/time\u003E\n\u003C\/div\u003E\n      \n                        \u003Cdiv class=\u0022cardd__text\u0022\u003E\n            \n            \u003Cdiv class=\u0022field_type-text_long\u0022\u003E  \u003Cp\u003E2025. m\u00e1rcius v\u00e9g\u00e9n a Magyar K\u00f6zgazdas\u00e1gi T\u00e1rsas\u00e1g (MKT) \u00e9s az Energiaklub szervez\u00e9s\u00e9ben val\u00f3sult meg a szakmai v\u00e1llalatl\u00e1togat\u00e1s az \u00e1csi Hartmann Hungary Kft. telephely\u00e9n, a nemzetk\u00f6zi SMEnergy...\u003C\/p\u003E\n\n\u003C\/div\u003E\n      \n          \u003C\/div\u003E\n                  \u003C\/div\u003E\n  \u003C\/a\u003E\n            \n      \u003C\/article\u003E\n","settings":null},{"command":"insert","method":"append","selector":"#block-block-related-content","data":"\u003Carticle class=\u0022cardd cardd--event\u0022\u003E\n    \u003Ca href=\u0022\/rendezveny\/megujulo-energia-a-gyartasban-vallalatlatogatas-es-workshop-a-hartmann-hungary-kft-nel-5280\u0022\u003E\n                      \u003Cdiv class=\u0022cardd__image\u0022\u003E\n                \u003Cimg loading=\u0022lazy\u0022 src=\u0022\/files\/styles\/teaser\/public\/event\/1740736176119.png?itok=ee7SuQd3\u0022 alt=\u0022A Hartmann Hungary Kft. \u00e9p\u00fclete\u0022 \/\u003E\n\n\n\n\n          \n        \u003C\/div\u003E\n                                          \u003Cdiv class=\u0022cardd__content\u0022\u003E\n      \u003Ch2 class=\u0022cardd__title\u0022\u003E\n        \n\u003Cspan class=\u0022field_type-string\u0022\u003EMeg\u00fajul\u00f3 energia a gy\u00e1rt\u00e1sban - V\u00e1llalatl\u00e1togat\u00e1s \u00e9s workshop a Hartmann Hungary Kft.-n\u00e9l\u003C\/span\u003E\n\n      \u003C\/h2\u003E\n      \u003Cdiv class=\u0022cardd__label cardd--event__label\u0022\u003E\n  \u003Ctime datetime=\u00222025-03-28T10:00:00+0100\n\u0022\u003E\n      \u003Cdiv class=\u0022year\u0022\u003E2025\u003C\/div\u003E\n    \u003Cdiv\u003Em\u00e1r. 28.\n\u003C\/div\u003E\n    \u003C\/time\u003E\n\u003C\/div\u003E\n                        \u003Cdiv class=\u0022cardd__text\u0022\u003E\n            \n            \u003Cdiv class=\u0022field_type-text_long\u0022\u003E  \u003Cp\u003EHogyan cs\u00f6kkentheti egy ipari v\u00e1llalat az energiak\u00f6lts\u00e9geit \u00e9s n\u00f6velheti a fenntarthat\u00f3s\u00e1g\u00e1t? Ha fontos sz\u00e1modra az energiahat\u00e9konys\u00e1g \u00e9s a z\u00f6ld megold\u00e1sok, ezt az esem\u00e9nyt nem \u00e9rdemes kihagyni!\u003C\/p\u003E\n\n\u003C\/div\u003E\n      \n          \u003C\/div\u003E\n                  \u003C\/div\u003E\n  \u003C\/a\u003E\n            \n      \u003C\/article\u003E\n","settings":null},{"command":"insert","method":"append","selector":"#block-block-related-content","data":"\u003Carticle class=\u0022cardd cardd--newsitem\u0022\u003E\n    \u003Ca href=\u0022\/hirek\/muhelytalalkozo-a-kkv-szektor-zold-energiara-valo-atallasanak-helyzetelemzesere-5230\u0022\u003E\n                      \u003Cdiv class=\u0022cardd__image\u0022\u003E\n                \u003Cimg loading=\u0022lazy\u0022 src=\u0022\/files\/styles\/teaser\/public\/news\/workshop.jun24.jpg?itok=SFel6mg-\u0022 alt=\u0022workshop\u0022 \/\u003E\n\n\n\n\n          \n        \u003C\/div\u003E\n                                          \u003Cdiv class=\u0022cardd__content\u0022\u003E\n      \u003Ch2 class=\u0022cardd__title\u0022\u003E\n        \n\u003Cspan class=\u0022field_type-string\u0022\u003EM\u0171helytal\u00e1lkoz\u00f3 a kkv-szektor z\u00f6ld energi\u00e1ra val\u00f3 \u00e1t\u00e1ll\u00e1s\u00e1nak helyzetelemz\u00e9s\u00e9re\u003C\/span\u003E\n\n      \u003C\/h2\u003E\n      \u003Cdiv class=\u0022cardd__time\u0022\u003E\n    \u003Ctime datetime=\u00222024-06-28T18:17:34+0200\u0022\u003E2024. j\u00fanius 28.\u003C\/time\u003E\n\u003C\/div\u003E\n                        \u003Cdiv class=\u0022cardd__text\u0022\u003E\n            \n            \u003Cdiv class=\u0022field_type-text_long\u0022\u003E  \u003Cp\u003EA fosszilis energiahordoz\u00f3k lass\u00fa kimer\u00fcl\u00e9s\u00e9vel, a k\u00f6zel\u00fcnkben zajl\u00f3 h\u00e1bor\u00faval \u00e9s energiaell\u00e1t\u00e1si bizonytalans\u00e1ggal a meg\u00fajul\u00f3 energi\u00e1ra v\u00e1lt\u00e1s minden eur\u00f3pai orsz\u00e1g kiemelt t\u00e9m\u00e1ja lett. A k\u00e9rd\u00e9s m\u00e1r...\u003C\/p\u003E\n\n\u003C\/div\u003E\n      \n          \u003C\/div\u003E\n                  \u003C\/div\u003E\n  \u003C\/a\u003E\n            \n      \u003C\/article\u003E\n","settings":null},{"command":"insert","method":"append","selector":"#block-block-related-content","data":"\u003Carticle lang=\u0022en\u0022 class=\u0022cardd cardd--article\u0022\u003E\n    \u003Ca href=\u0022\/en\/article\/company-site-visit-and-workshop-on-industrial-energy-transition-at-the-hartmann-hungary-ltd-5313\u0022\u003E\n                      \u003Cdiv class=\u0022cardd__image\u0022\u003E\n                \u003Cimg loading=\u0022lazy\u0022 src=\u0022\/files\/styles\/teaser\/public\/article\/1740736176119_0.png?itok=FSXhFx0I\u0022 alt=\u0022The building of Hartmann Hungary Ltd.\u0022 \/\u003E\n\n\n\n\n          \n        \u003C\/div\u003E\n                            \u003Cdiv class=\u0022cardd__label\u0022\u003E\n          Cikk\n        \u003C\/div\u003E\n                            \u003Cdiv class=\u0022cardd__content\u0022\u003E\n      \u003Ch2 class=\u0022cardd__title\u0022\u003E\n        \n\u003Cspan class=\u0022field_type-string\u0022\u003ECompany Site Visit and Workshop on Industrial Energy Transition at the Hartmann Hungary Ltd.  in \u00c1cs, Hungary\u003C\/span\u003E\n\n      \u003C\/h2\u003E\n          \n            \u003Cdiv class=\u0022field_type-datetime cardd__time\u0022\u003E\u003Ctime datetime=\u00222025-04-21T12:00:00Z\u0022\u003E2025. \u00e1prilis 21.\u003C\/time\u003E\n\u003C\/div\u003E\n      \n                        \u003Cdiv class=\u0022cardd__text\u0022\u003E\n            \n            \u003Cdiv class=\u0022field_type-text_long\u0022\u003E  \u003Cp\u003EAt the end of March, 2025, a company site visit took place at the Hartmann Hungary Ltd. site in \u00c1cs, organized by the Hungarian Economic Association (MKT) and Energiaklub within the framework of the...\u003C\/p\u003E\n\n\u003C\/div\u003E\n      \n          \u003C\/div\u003E\n                  \u003C\/div\u003E\n  \u003C\/a\u003E\n            \n      \u003C\/article\u003E\n","settings":null},{"command":"insert","method":"append","selector":"#block-block-related-content","data":"\u003Carticle class=\u0022cardd cardd--event\u0022\u003E\n    \u003Ca href=\u0022\/rendezveny\/fiatalok-bevonasa-a-telepulesek-eletebe-elonyok-lehetosegek-es-nehezsegek-12634\u0022\u003E\n                      \u003Cdiv class=\u0022cardd__image\u0022\u003E\n                \u003Cimg loading=\u0022lazy\u0022 src=\u0022\/files\/styles\/teaser\/public\/event\/fb_post_GearUP_maj15.png?itok=6A1GkSiP\u0022 alt=\u0022\u0022 \/\u003E\n\n\n\n\n            \u003Cdiv class=\u0022image-source\u0022\u003ESzabolcs Nagy \/ Mindworks\u003C\/div\u003E\n\n        \u003C\/div\u003E\n                                          \u003Cdiv class=\u0022cardd__content\u0022\u003E\n      \u003Ch2 class=\u0022cardd__title\u0022\u003E\n        \n\u003Cspan class=\u0022field_type-string\u0022\u003EFiatalok bevon\u00e1sa a telep\u00fcl\u00e9sek \u00e9let\u00e9be - el\u0151ny\u00f6k, lehet\u0151s\u00e9gek \u00e9s neh\u00e9zs\u00e9gek\u003C\/span\u003E\n\n      \u003C\/h2\u003E\n      \u003Cdiv class=\u0022cardd__label cardd--event__label\u0022\u003E\n  \u003Ctime datetime=\u00222026-05-15T10:00:00+0200\n\u0022\u003E\n      \u003Cdiv class=\u0022date\u0022\u003Em\u00e1j. 15.\n\u003C\/div\u003E\n    \u003Cdiv class=\u0022time\u0022\u003E\n      \u003Cspan\u003E10:00\n\u003C\/span\u003E\n              \u003Cspan\u003E - \u003C\/span\u003E\u003Cspan class=\u0022date__time\u0022\u003E12:00\n\u003C\/span\u003E\n          \u003C\/div\u003E\n    \u003C\/time\u003E\n\u003C\/div\u003E\n                        \u003Cdiv class=\u0022cardd__text\u0022\u003E\n            \n            \u003Cdiv class=\u0022field_type-text_long\u0022\u003E  \u003Cp\u003EHogyan ford\u00edthatjuk a fiatalok kl\u00edmaszorong\u00e1s\u00e1t k\u00f6z\u00f6ss\u00e9gi energi\u00e1v\u00e1? Tapasztalatok szerint a leghat\u00e9konyabb eszk\u00f6z a szorong\u00e1s enyh\u00edt\u00e9s\u00e9re a cselekv\u00e9s \u00e9s a bevon\u00f3d\u00e1s . Ha a fiatalok nem csak passz\u00edv...\u003C\/p\u003E\n\n\u003C\/div\u003E\n      \n          \u003C\/div\u003E\n                  \u003C\/div\u003E\n  \u003C\/a\u003E\n            \n      \u003C\/article\u003E\n","settings":null},{"command":"insert","method":"append","selector":"#block-block-related-content","data":"\u003Carticle class=\u0022cardd cardd--article\u0022\u003E\n    \u003Ca href=\u0022\/cikk\/az-egyablakos-felujitasi-szolgaltatok-jelentik-a-hidat-a-politikai-elkotelezettseg-es-a-13060\u0022\u003E\n                      \u003Cdiv class=\u0022cardd__image\u0022\u003E\n                \u003Cimg loading=\u0022lazy\u0022 src=\u0022\/files\/styles\/teaser\/public\/article\/69c24614a5390cddea3ddde2_oss_the_bridge.jpg?itok=hK_NrL5e\u0022 alt=\u0022One-stop shops: the bridge between policy ambition and the real world delivery of EE renovated buildings\u0022 \/\u003E\n\n\n\n\n            \u003Cdiv class=\u0022image-source\u0022\u003EEU Peers\u003C\/div\u003E\n\n        \u003C\/div\u003E\n                            \u003Cdiv class=\u0022cardd__label\u0022\u003E\n          Cikk\n        \u003C\/div\u003E\n                            \u003Cdiv class=\u0022cardd__content\u0022\u003E\n      \u003Ch2 class=\u0022cardd__title\u0022\u003E\n        \n\u003Cspan class=\u0022field_type-string\u0022\u003EAz egyablakos fel\u00faj\u00edt\u00e1si szolg\u00e1ltat\u00f3k jelentik a hidat a politikai elk\u00f6telezetts\u00e9g \u00e9s a gyakorlati megval\u00f3s\u00edt\u00e1s k\u00f6z\u00f6tt  \u003C\/span\u003E\n\n      \u003C\/h2\u003E\n          \n            \u003Cdiv class=\u0022field_type-datetime cardd__time\u0022\u003E\u003Ctime datetime=\u00222026-04-28T12:00:00Z\u0022\u003E2026. \u00e1prilis 28.\u003C\/time\u003E\n\u003C\/div\u003E\n      \n                        \u003Cdiv class=\u0022cardd__text\u0022\u003E\n            \n            \u003Cdiv class=\u0022field_type-text_long\u0022\u003E  \u003Cp\u003EAz Eur\u00f3pai Bizotts\u00e1g (EU) 2026\/536 sz\u00e1m\u00fa aj\u00e1nl\u00e1sa hat\u00e1rozott \u00fatmutat\u00e1st ny\u00fajt a tag\u00e1llamok sz\u00e1m\u00e1ra, hogy az egyablakos fel\u00faj\u00edt\u00e1si szolg\u00e1ltat\u00f3kat (angolul One-Stop Shop, r\u00f6vid\u00edtve OSS) a hat\u00e9kony, \u00e9s...\u003C\/p\u003E\n\n\u003C\/div\u003E\n      \n          \u003C\/div\u003E\n                  \u003C\/div\u003E\n  \u003C\/a\u003E\n            \n      \u003C\/article\u003E\n","settings":null},{"command":"insert","method":"append","selector":"#block-block-related-content","data":"\u003Carticle class=\u0022cardd cardd--newsitem cardd--download\u0022\u003E\n    \u003Ca href=\u0022\/hirek\/felhivas-helyi-hoterhelest-csokkento-termeszet-alapu-mintaprojektek-megvalositasa-12778\u0022\u003E\n                      \u003Cdiv class=\u0022cardd__image\u0022\u003E\n                \u003Cimg loading=\u0022lazy\u0022 src=\u0022\/files\/styles\/teaser\/public\/news\/Image%2023_04_2026.png?itok=W5-3IKxE\u0022 alt=\u0022\u0022 \/\u003E\n\n\n\n\n          \n        \u003C\/div\u003E\n                                          \u003Cdiv class=\u0022cardd__content\u0022\u003E\n      \u003Ch2 class=\u0022cardd__title\u0022\u003E\n        \n\u003Cspan class=\u0022field_type-string\u0022\u003EFelh\u00edv\u00e1s: Helyi h\u0151terhel\u00e9st cs\u00f6kkent\u0151, term\u00e9szet-alap\u00fa mintaprojektek megval\u00f3s\u00edt\u00e1sa\u003C\/span\u003E\n\n      \u003C\/h2\u003E\n      \u003Cdiv class=\u0022cardd__time\u0022\u003E\n    \u003Ctime datetime=\u00222026-04-23T14:45:26+0200\u0022\u003E2026. \u00e1prilis 23.\u003C\/time\u003E\n\u003C\/div\u003E\n                        \u003Cdiv class=\u0022cardd__text\u0022\u003E\n            \n            \u003Cdiv class=\u0022field_type-text_long\u0022\u003E  \u003Cp\u003EV\u00e1rjuk \u00f6nkorm\u00e1nyzatok \u00e9s egy\u00e9b nem nyeres\u00e9g\u00e9rdekelt szervezetek (egy\u00fcttm\u0171k\u00f6d\u0151 partnerek) jelentkez\u00e9s\u00e9t k\u00e9t helyi h\u0151terhel\u00e9st cs\u00f6kkent\u0151, term\u00e9szet-alap\u00fa mintaprojekt k\u00f6z\u00f6s megval\u00f3s\u00edt\u00e1s\u00e1ra.\u003C\/p\u003E\n\n\u003C\/div\u003E\n      \n          \u003C\/div\u003E\n                  \u003C\/div\u003E\n  \u003C\/a\u003E\n              \u003Cdiv class=\u0022buttonn buttonn--download\u0022\u003E\n    \u003Ca class=\u0022buttonn__link\u0022 href=\u0022\/files\/news\/Pilot%20program%20t%C3%A1j%C3%A9koztat%C3%B3%20TopHeAT-HU.pdf\u0022 target=\u0022_blank\u0022\u003ELet\u00f6lt\u00f6m\u003C\/a\u003E\n  \u003C\/div\u003E\n\n      \u003C\/article\u003E\n","settings":null},{"command":"insert","method":"append","selector":"#block-block-related-content","data":"\u003Carticle class=\u0022cardd cardd--podcast\u0022\u003E\n    \u003Ca href=\u0022\/podcast\/kwhaz-s02e05-forro-varosok-zold-megoldasok-12739\u0022\u003E\n                      \u003Cdiv class=\u0022cardd__image\u0022\u003E\n                \u003Cimg loading=\u0022lazy\u0022 src=\u0022\/files\/styles\/highlight\/public\/podcast\/barna%20hatter%20%281%29.png?itok=FoxP3Evy\u0022 alt=\u0022\u0022 \/\u003E\n\n\n\n\n          \n        \u003C\/div\u003E\n                            \u003Cdiv class=\u0022cardd__label\u0022\u003E\n          Podcast\n        \u003C\/div\u003E\n                            \u003Cdiv class=\u0022cardd__content\u0022\u003E\n      \u003Ch2 class=\u0022cardd__title\u0022\u003E\n        \n\u003Cspan class=\u0022field_type-string\u0022\u003EkWh\u00e1z S02E05 - Forr\u00f3 v\u00e1rosok, z\u00f6ld megold\u00e1sok \u003C\/span\u003E\n\n      \u003C\/h2\u003E\n                                    \u003Cdiv class=\u0022cardd__text\u0022\u003E\n            \n            \u003Cdiv class=\u0022field_type-text_long\u0022\u003E  \u003Cp\u003EA kWh\u00e1z friss epiz\u00f3dj\u00e1ban azt j\u00e1rjuk k\u00f6r\u00fcl, hogyan v\u00e1ltoztatja meg a kl\u00edmav\u00e1ltoz\u00e1s a v\u00e1rosainkat \u2013 \u00e9s mit lehet erre t\u00e9nylegesen tenni.\u003C\/p\u003E\n\n\u003C\/div\u003E\n      \n          \u003C\/div\u003E\n                  \u003C\/div\u003E\n  \u003C\/a\u003E\n        \u003C\/article\u003E\n","settings":null},{"command":"insert","method":"append","selector":"#block-block-related-content","data":"\u003Carticle class=\u0022cardd cardd--newsitem cardd--download\u0022\u003E\n    \u003Ca href=\u0022\/hirek\/arajanlatteteli-felhivas-grafikai-tervezeshez-es-szerkeszteshez-12726\u0022\u003E\n                      \u003Cdiv class=\u0022cardd__image\u0022\u003E\n                \u003Cimg loading=\u0022lazy\u0022 src=\u0022\/files\/styles\/teaser\/public\/news\/10733831_4505770_0.jpg?itok=z87QGqc0\u0022 alt=\u0022\u0022 \/\u003E\n\n\n\n\n            \u003Cdiv class=\u0022image-source\u0022\u003EFreepik\u003C\/div\u003E\n\n        \u003C\/div\u003E\n                                          \u003Cdiv class=\u0022cardd__content\u0022\u003E\n      \u003Ch2 class=\u0022cardd__title\u0022\u003E\n        \n\u003Cspan class=\u0022field_type-string\u0022\u003E\u00c1raj\u00e1nlatt\u00e9teli felh\u00edv\u00e1s grafikai tervez\u00e9shez \u00e9s szerkeszt\u00e9shez\u003C\/span\u003E\n\n      \u003C\/h2\u003E\n      \u003Cdiv class=\u0022cardd__time\u0022\u003E\n    \u003Ctime datetime=\u00222026-04-22T14:50:56+0200\u0022\u003E2026. \u00e1prilis 22.\u003C\/time\u003E\n\u003C\/div\u003E\n                        \u003Cdiv class=\u0022cardd__text\u0022\u003E\n            \n            \u003Cdiv class=\u0022field_type-text_long\u0022\u003E  \u003Cp\u003EAz Energiaklub Szakpolitikai Int\u00e9zet az NGM \u201e\u00dczleti K\u00f6rnyezet Fejleszt\u00e9se\u201d projekt megval\u00f3s\u00edt\u00e1s\u00e1hoz keres grafikai tervez\u00e9sben \u00e9s webes megjelen\u00edt\u00e9sben j\u00e1rtas, sz\u00e1mlak\u00e9pes partnert. A projekt c\u00e9lja a...\u003C\/p\u003E\n\n\u003C\/div\u003E\n      \n          \u003C\/div\u003E\n                  \u003C\/div\u003E\n  \u003C\/a\u003E\n              \u003Cdiv class=\u0022buttonn buttonn--download\u0022\u003E\n    \u003Ca class=\u0022buttonn__link\u0022 href=\u0022\/files\/news\/%C3%81raj%C3%A1nlatk%C3%A9r%C3%B6_felh%C3%ADv%C3%A1s_Energiaklub_NGM_Uzleti_Kornyezet_grafika.docx\u0022 target=\u0022_blank\u0022\u003ELet\u00f6lt\u00f6m\u003C\/a\u003E\n  \u003C\/div\u003E\n\n      \u003C\/article\u003E\n","settings":null},{"command":"insert","method":"append","selector":"#block-block-related-content","data":"\u003Cdiv id=\u0022related-more-button\u0022 class=\u0022buttonn buttonn--more\u0022\u003E\u003Ca href=\u0022\/ajax\/node\/5227\/related\/2?_wrapper_format=drupal_ajax\u0022 class=\u0022buttonn__link\u0022 id=\u0022ajax-link\u0022\u003ETov\u00e1bb\u003C\/a\u003E\u003C\/div\u003E\n","settings":null}]