[{"command":"settings","settings":{"pluralDelimiter":"\u0003","suppressDeprecationErrors":true,"ajaxPageState":{"libraries":"eJwVyEEOgCAMBMAPEbj6G9PgkoDS4gJGf6_OcaIRYeNscngpcrv4R9YB6lflnODjk7E67MsIOVEqVqI3054vvDW4GTw","theme":"ek8t","theme_token":null},"ajaxTrustedUrl":{"":true},"ajax":{"ajax-link":{"progress":{"type":"throbber"},"event":"click","url":null,"httpMethod":"POST","dialogType":"ajax"}},"user":{"uid":0,"permissionsHash":"6863daf750f381f928a801c80f348fc99c0bdca77d9a9d8a6e22d1ecbfb21b60"}},"merge":true},{"command":"add_css","data":[{"rel":"stylesheet","media":"all","href":"\/files\/css\/css_JjpohJzxuH9cPwjGcg538YwixVCiWpU46P9gsAJMsow.css?delta=0\u0026language=hu\u0026theme=ek8t\u0026include=eJxLzi9K1U8pKi1IzNFLzEqs0EnNtijRz0wrSsxNjS9KLS7IzyvOLEsFACiHDys"},{"rel":"stylesheet","media":"all","href":"\/files\/css\/css_v70jv7o5u3m832uVJ0751BGNLxaALX_5HgnK7cSbqZw.css?delta=1\u0026language=hu\u0026theme=ek8t\u0026include=eJxLzi9K1U8pKi1IzNFLzEqs0EnNtijRz0wrSsxNjS9KLS7IzyvOLEsFACiHDys"}]},{"command":"add_js","selector":"body","data":[{"src":"\/files\/js\/js_LZS9l9KNCVKpTKndUsCgZP-dlEt48w_JPplv51wALV4.js?scope=footer\u0026delta=0\u0026language=hu\u0026theme=ek8t\u0026include=eJwVyEEOgCAMBMAPEbj6G9PgkoDS4gJGf6_OcaIRYeNscngpcrv4R9YB6lflnODjk7E67MsIOVEqVqI3054vvDW4GTw"}]},{"command":"remove","selector":"#related-more-button"},{"command":"insert","method":"append","selector":"#block-block-related-content","data":"\u003Carticle class=\u0022cardd cardd--newsitem cardd--download\u0022\u003E\n    \u003Ca href=\u0022\/hirek\/felhivas-varjuk-kommunikacios-szakertok-ajanlatattetelet-4997\u0022\u003E\n                      \u003Cdiv class=\u0022cardd__image\u0022\u003E\n                \u003Cimg loading=\u0022lazy\u0022 src=\u0022\/files\/styles\/teaser\/public\/news\/89048316_111214397161752_5701053075184156672_o_0.png?itok=5ZB9YtUk\u0022 alt=\u0022\u0022 \/\u003E\n\n\n\n\n          \n        \u003C\/div\u003E\n                                          \u003Cdiv class=\u0022cardd__content\u0022\u003E\n      \u003Ch2 class=\u0022cardd__title\u0022\u003E\n        \n\u003Cspan class=\u0022field_type-string\u0022\u003EFelh\u00edv\u00e1s: v\u00e1rjuk kommunik\u00e1ci\u00f3s szak\u00e9rt\u0151k aj\u00e1nlatatt\u00e9tel\u00e9t\u003C\/span\u003E\n\n      \u003C\/h2\u003E\n      \u003Cdiv class=\u0022cardd__time\u0022\u003E\n    \u003Ctime datetime=\u00222021-07-28T11:31:12+0200\u0022\u003E2021. j\u00falius 28.\u003C\/time\u003E\n\u003C\/div\u003E\n                        \u003Cdiv class=\u0022cardd__text\u0022\u003E\n            \n            \u003Cdiv class=\u0022field_type-text_long\u0022\u003E  \u003Cp\u003EV\u00e1rjuk kommunik\u00e1ci\u00f3s szak\u00e9rt\u0151k aj\u00e1nlatt\u00e9l\u00e9t az Energiaklub RenoHUB projektj\u00e9ben tartand\u00f3 oper\u00e1tor (tan\u00e1csad\u00f3) k\u00e9pz\u00e9s\u00e9hez. A k\u00e9pz\u00e9s c\u00e9lja az orsz\u00e1gban \u00fajonnan ny\u00edl\u00f3 RenoPont irod\u00e1k tan\u00e1csad\u00f3inak...\u003C\/p\u003E\n\n\u003C\/div\u003E\n      \n          \u003C\/div\u003E\n                  \u003C\/div\u003E\n  \u003C\/a\u003E\n              \u003Cdiv class=\u0022buttonn buttonn--download\u0022\u003E\n    \u003Ca class=\u0022buttonn__link\u0022 href=\u0022\/files\/news\/1.sz_mell_felolvasolap_0.doc\u0022 target=\u0022_blank\u0022\u003ELet\u00f6lt\u00f6m\u003C\/a\u003E\n  \u003C\/div\u003E\n\n      \u003C\/article\u003E\n","settings":null},{"command":"insert","method":"append","selector":"#block-block-related-content","data":"\u003Carticle class=\u0022cardd cardd--newsitem\u0022\u003E\n    \u003Ca href=\u0022\/hirek\/elkeszult-a-renohub-uzleti-modell-4978\u0022\u003E\n                      \u003Cdiv class=\u0022cardd__image\u0022\u003E\n                \u003Cimg loading=\u0022lazy\u0022 src=\u0022\/files\/styles\/teaser\/public\/news\/pexels-startup-stock-photos-212286-1536x1024.jpg?itok=6twxiW_-\u0022 alt=\u0022\u0022 \/\u003E\n\n\n\n\n          \n        \u003C\/div\u003E\n                                          \u003Cdiv class=\u0022cardd__content\u0022\u003E\n      \u003Ch2 class=\u0022cardd__title\u0022\u003E\n        \n\u003Cspan class=\u0022field_type-string\u0022\u003EElk\u00e9sz\u00fclt a RenoHUb \u00fczleti modell\u003C\/span\u003E\n\n      \u003C\/h2\u003E\n      \u003Cdiv class=\u0022cardd__time\u0022\u003E\n    \u003Ctime datetime=\u00222021-05-26T17:17:39+0200\u0022\u003E2021. m\u00e1jus 26.\u003C\/time\u003E\n\u003C\/div\u003E\n                        \u003Cdiv class=\u0022cardd__text\u0022\u003E\n            \n            \u003Cdiv class=\u0022field_type-text_long\u0022\u003E  \u003Cp\u003EAz Business Modell c\u00e9lja a RenoHUb integr\u00e1lt lak\u00e1sfel\u00faj\u00edt\u00e1si szolg\u00e1ltat\u00e1sok szervezeti kereteinek megteremt\u00e9se. A modell m\u00e1s eur\u00f3pai kezdem\u00e9nyez\u00e9sekhez hasonl\u00f3an egyablakos megk\u00f6zel\u00edt\u00e9st alkalmaz, de...\u003C\/p\u003E\n\n\u003C\/div\u003E\n      \n          \u003C\/div\u003E\n                  \u003C\/div\u003E\n  \u003C\/a\u003E\n            \n      \u003C\/article\u003E\n","settings":null},{"command":"insert","method":"append","selector":"#block-block-related-content","data":"\u003Carticle class=\u0022cardd cardd--newsitem\u0022\u003E\n    \u003Ca href=\u0022\/hirek\/elindult-az-elso-renopont-iroda-tesztuzeme-nagykanizsan-4979\u0022\u003E\n                      \u003Cdiv class=\u0022cardd__image\u0022\u003E\n                \u003Cimg loading=\u0022lazy\u0022 src=\u0022\/files\/styles\/teaser\/public\/news\/RENOPONT_logo_RGB-1024x1024.png?itok=I-h_aOrA\u0022 alt=\u0022\u0022 \/\u003E\n\n\n\n\n          \n        \u003C\/div\u003E\n                                          \u003Cdiv class=\u0022cardd__content\u0022\u003E\n      \u003Ch2 class=\u0022cardd__title\u0022\u003E\n        \n\u003Cspan class=\u0022field_type-string\u0022\u003EElindult az els\u0151 RenoPont iroda teszt\u00fczeme Nagykanizs\u00e1n\u003C\/span\u003E\n\n      \u003C\/h2\u003E\n      \u003Cdiv class=\u0022cardd__time\u0022\u003E\n    \u003Ctime datetime=\u00222021-04-08T17:20:19+0200\u0022\u003E2021. \u00e1prilis 8.\u003C\/time\u003E\n\u003C\/div\u003E\n                        \u003Cdiv class=\u0022cardd__text\u0022\u003E\n            \n            \u003Cdiv class=\u0022field_type-text_long\u0022\u003E  \u003Cp\u003EMegny\u00edlt az els\u0151 RenoPont iroda Nagykanizs\u00e1n, amely az els\u0151 id\u0151szakban els\u0151sorban t\u00e1rsash\u00e1zak energetikai fel\u00faj\u00edt\u00e1s\u00e1t fogja t\u00e1mogatni. Az iroda a RenoHub projekt \u00e1ltal l\u00e9trehozott els\u0151 Energetikai...\u003C\/p\u003E\n\n\u003C\/div\u003E\n      \n          \u003C\/div\u003E\n                  \u003C\/div\u003E\n  \u003C\/a\u003E\n            \n      \u003C\/article\u003E\n","settings":null},{"command":"insert","method":"append","selector":"#block-block-related-content","data":"\u003Carticle class=\u0022cardd cardd--newsitem\u0022\u003E\n    \u003Ca href=\u0022\/hirek\/egy-even-belul-ket-felujitasi-tanacsado-iroda-nyilik-magyarorszagon-4843\u0022\u003E\n                      \u003Cdiv class=\u0022cardd__image\u0022\u003E\n                \u003Cimg loading=\u0022lazy\u0022 src=\u0022\/files\/styles\/teaser\/public\/news\/MI%20KELL%20AHHOZ%2C%20Hogy%20fel%C3%BAj%C3%ADtsunk_AFTER.png?itok=8z9OHMrA\u0022 alt=\u0022\u0022 \/\u003E\n\n\n\n\n          \n        \u003C\/div\u003E\n                                          \u003Cdiv class=\u0022cardd__content\u0022\u003E\n      \u003Ch2 class=\u0022cardd__title\u0022\u003E\n        \n\u003Cspan class=\u0022field_type-string\u0022\u003EEgy \u00e9ven bel\u00fcl k\u00e9t fel\u00faj\u00edt\u00e1si tan\u00e1csad\u00f3 iroda ny\u00edlik Magyarorsz\u00e1gon\u003C\/span\u003E\n\n      \u003C\/h2\u003E\n      \u003Cdiv class=\u0022cardd__time\u0022\u003E\n    \u003Ctime datetime=\u00222020-10-09T12:20:00+0200\u0022\u003E2020. okt\u00f3ber 9.\u003C\/time\u003E\n\u003C\/div\u003E\n                        \u003Cdiv class=\u0022cardd__text\u0022\u003E\n            \n            \u003Cdiv class=\u0022field_type-text_long\u0022\u003E  \u003Cp\u003EMagyar szakemberek egyablakos fel\u00faj\u00edt\u00e1si tan\u00e1csad\u00f3 rendszert honos\u00edtanak meg, hogy a rendk\u00edv\u00fcl elavult \u00e9s nagy energiafogyaszt\u00f3 hazai lak\u00f3\u00e9p\u00fcletek energetikai fel\u00faj\u00edt\u00e1sa megt\u00f6rt\u00e9nhessen. A Mi kell...\u003C\/p\u003E\n\n\u003C\/div\u003E\n      \n          \u003C\/div\u003E\n                  \u003C\/div\u003E\n  \u003C\/a\u003E\n            \n      \u003C\/article\u003E\n","settings":null},{"command":"insert","method":"append","selector":"#block-block-related-content","data":"\u003Carticle class=\u0022cardd cardd--newsitem\u0022\u003E\n    \u003Ca href=\u0022\/hirek\/mitol-fog-a-lakossag-epuletenergetikai-felujitasokba-kezdeni-onkormanyzati-partnereket-keres-4786\u0022\u003E\n                      \u003Cdiv class=\u0022cardd__image\u0022\u003E\n                \u003Cimg loading=\u0022lazy\u0022 src=\u0022\/files\/styles\/teaser\/public\/news\/89048316_111214397161752_5701053075184156672_o.png?itok=2LebWYZI\u0022 alt=\u0022\u0022 \/\u003E\n\n\n\n\n          \n        \u003C\/div\u003E\n                                          \u003Cdiv class=\u0022cardd__content\u0022\u003E\n      \u003Ch2 class=\u0022cardd__title\u0022\u003E\n        \n\u003Cspan class=\u0022field_type-string\u0022\u003EMit\u0151l fog a lakoss\u00e1g \u00e9p\u00fcletenergetikai fel\u00faj\u00edt\u00e1sokba kezdeni? \u00d6nkorm\u00e1nyzati partnereket keres a RenoHUb projekt\u003C\/span\u003E\n\n      \u003C\/h2\u003E\n      \u003Cdiv class=\u0022cardd__time\u0022\u003E\n    \u003Ctime datetime=\u00222020-06-08T10:58:52+0200\u0022\u003E2020. j\u00fanius 8.\u003C\/time\u003E\n\u003C\/div\u003E\n                        \u003Cdiv class=\u0022cardd__text\u0022\u003E\n            \n            \u003Cdiv class=\u0022field_type-text_long\u0022\u003E  \u003Cp\u003EA RenoHUb projekt az Eur\u00f3pai Uni\u00f3 Horizon 2020 innov\u00e1ci\u00f3s programja keret\u00e9ben val\u00f3sul meg. A projekt v\u00e9grehajt\u00f3ja az Energiaklub Szakpolitikai Int\u00e9zet \u00e9s M\u00f3dszertani K\u00f6zpont \u00e1ltal vezetett konzorcium.\u003C\/p\u003E\n\n\u003C\/div\u003E\n      \n          \u003C\/div\u003E\n                  \u003C\/div\u003E\n  \u003C\/a\u003E\n            \n      \u003C\/article\u003E\n","settings":null},{"command":"insert","method":"append","selector":"#block-block-related-content","data":"\u003Carticle class=\u0022cardd cardd--event\u0022\u003E\n    \u003Ca href=\u0022\/rendezveny\/smenergy-projekt-zarokonferencia-a-kkv-k-energetikai-atallasanak-tamogatasa-12635\u0022\u003E\n                      \u003Cdiv class=\u0022cardd__image\u0022\u003E\n                \u003Cimg loading=\u0022lazy\u0022 src=\u0022\/files\/styles\/teaser\/public\/event\/arculat-kep-15_0.png?itok=r9wWIEF8\u0022 alt=\u0022\u0022 \/\u003E\n\n\n\n\n            \u003Cdiv class=\u0022image-source\u0022\u003Eformacio.hu\u003C\/div\u003E\n\n        \u003C\/div\u003E\n                                          \u003Cdiv class=\u0022cardd__content\u0022\u003E\n      \u003Ch2 class=\u0022cardd__title\u0022\u003E\n        \n\u003Cspan class=\u0022field_type-string\u0022\u003ESMEnergy projekt z\u00e1r\u00f3konferencia: A kkv-k energetikai \u00e1t\u00e1ll\u00e1s\u00e1nak t\u00e1mogat\u00e1sa\u003C\/span\u003E\n\n      \u003C\/h2\u003E\n      \u003Cdiv class=\u0022cardd__label cardd--event__label\u0022\u003E\n  \u003Ctime datetime=\u00222026-06-09T09:00:00+0200\n\u0022\u003E\n      \u003Cdiv class=\u0022date\u0022\u003Ej\u00fan. 09.\n\u003C\/div\u003E\n    \u003Cdiv class=\u0022time\u0022\u003E\n      \u003Cspan\u003E09:00\n\u003C\/span\u003E\n              \u003Cspan\u003E - \u003C\/span\u003E\u003Cspan class=\u0022date__time\u0022\u003E15:00\n\u003C\/span\u003E\n          \u003C\/div\u003E\n    \u003C\/time\u003E\n\u003C\/div\u003E\n                        \u003Cdiv class=\u0022cardd__text\u0022\u003E\n            \n            \u003Cdiv class=\u0022field_type-text_long\u0022\u003E  \u003Cp\u003EAz SMEnergy projekt z\u00e1r\u00f3konferenci\u00e1ja a kis- \u00e9s k\u00f6z\u00e9pv\u00e1llalkoz\u00e1sok (kkv-k) z\u00f6ldenergia-\u00e1t\u00e1ll\u00e1s\u00e1nak t\u00e1mogat\u00e1s\u00e1ra f\u00f3kusz\u00e1l. A rendezv\u00e9ny a 30 h\u00f3napos nemzetk\u00f6zi egy\u00fcttm\u0171k\u00f6d\u00e9s eredm\u00e9nyeit mutatja be...\u003C\/p\u003E\n\n\u003C\/div\u003E\n      \n          \u003C\/div\u003E\n                  \u003C\/div\u003E\n  \u003C\/a\u003E\n            \n      \u003C\/article\u003E\n","settings":null},{"command":"insert","method":"append","selector":"#block-block-related-content","data":"\u003Carticle class=\u0022cardd cardd--event\u0022\u003E\n    \u003Ca href=\u0022\/rendezveny\/fiatalok-bevonasa-a-telepulesek-eletebe-elonyok-lehetosegek-es-nehezsegek-12634\u0022\u003E\n                      \u003Cdiv class=\u0022cardd__image\u0022\u003E\n                \u003Cimg loading=\u0022lazy\u0022 src=\u0022\/files\/styles\/teaser\/public\/event\/fb_post_GearUP_maj15.png?itok=6A1GkSiP\u0022 alt=\u0022\u0022 \/\u003E\n\n\n\n\n            \u003Cdiv class=\u0022image-source\u0022\u003ESzabolcs Nagy \/ Mindworks\u003C\/div\u003E\n\n        \u003C\/div\u003E\n                                          \u003Cdiv class=\u0022cardd__content\u0022\u003E\n      \u003Ch2 class=\u0022cardd__title\u0022\u003E\n        \n\u003Cspan class=\u0022field_type-string\u0022\u003EFiatalok bevon\u00e1sa a telep\u00fcl\u00e9sek \u00e9let\u00e9be - el\u0151ny\u00f6k, lehet\u0151s\u00e9gek \u00e9s neh\u00e9zs\u00e9gek\u003C\/span\u003E\n\n      \u003C\/h2\u003E\n      \u003Cdiv class=\u0022cardd__label cardd--event__label\u0022\u003E\n  \u003Ctime datetime=\u00222026-05-15T10:00:00+0200\n\u0022\u003E\n      \u003Cdiv class=\u0022date\u0022\u003Em\u00e1j. 15.\n\u003C\/div\u003E\n    \u003Cdiv class=\u0022time\u0022\u003E\n      \u003Cspan\u003E10:00\n\u003C\/span\u003E\n              \u003Cspan\u003E - \u003C\/span\u003E\u003Cspan class=\u0022date__time\u0022\u003E12:00\n\u003C\/span\u003E\n          \u003C\/div\u003E\n    \u003C\/time\u003E\n\u003C\/div\u003E\n                        \u003Cdiv class=\u0022cardd__text\u0022\u003E\n            \n            \u003Cdiv class=\u0022field_type-text_long\u0022\u003E  \u003Cp\u003EHogyan ford\u00edthatjuk a fiatalok kl\u00edmaszorong\u00e1s\u00e1t k\u00f6z\u00f6ss\u00e9gi energi\u00e1v\u00e1? Tapasztalatok szerint a leghat\u00e9konyabb eszk\u00f6z a szorong\u00e1s enyh\u00edt\u00e9s\u00e9re a cselekv\u00e9s \u00e9s a bevon\u00f3d\u00e1s . Ha a fiatalok nem csak passz\u00edv...\u003C\/p\u003E\n\n\u003C\/div\u003E\n      \n          \u003C\/div\u003E\n                  \u003C\/div\u003E\n  \u003C\/a\u003E\n            \n      \u003C\/article\u003E\n","settings":null},{"command":"insert","method":"append","selector":"#block-block-related-content","data":"\u003Carticle class=\u0022cardd cardd--event\u0022\u003E\n    \u003Ca href=\u0022\/rendezveny\/klimaszorongasbol-cselekves-hogyan-tamogathatjuk-ebben-a-fiatalokat-12738\u0022\u003E\n                      \u003Cdiv class=\u0022cardd__image\u0022\u003E\n                \u003Cimg loading=\u0022lazy\u0022 src=\u0022\/files\/styles\/teaser\/public\/event\/malyva_bal.png?itok=8TKRcUop\u0022 alt=\u0022\u0022 \/\u003E\n\n\n\n\n          \n        \u003C\/div\u003E\n                                          \u003Cdiv class=\u0022cardd__content\u0022\u003E\n      \u003Ch2 class=\u0022cardd__title\u0022\u003E\n        \n\u003Cspan class=\u0022field_type-string\u0022\u003EKl\u00edmaszorong\u00e1sb\u00f3l cselekv\u00e9s \u2013 hogyan t\u00e1mogathatjuk ebben a fiatalokat?\u003C\/span\u003E\n\n      \u003C\/h2\u003E\n      \u003Cdiv class=\u0022cardd__label cardd--event__label\u0022\u003E\n  \u003Ctime datetime=\u00222026-05-07T14:00:00+0200\n\u0022\u003E\n      \u003Cdiv class=\u0022date\u0022\u003Em\u00e1j. 07.\n\u003C\/div\u003E\n    \u003Cdiv class=\u0022time\u0022\u003E\n      \u003Cspan\u003E14:00\n\u003C\/span\u003E\n              \u003Cspan\u003E - \u003C\/span\u003E\u003Cspan class=\u0022date__time\u0022\u003E15:45\n\u003C\/span\u003E\n          \u003C\/div\u003E\n    \u003C\/time\u003E\n\u003C\/div\u003E\n                        \u003Cdiv class=\u0022cardd__text\u0022\u003E\n            \n            \u003Cdiv class=\u0022field_type-text_long\u0022\u003E  \u003Cp\u003EOnline esem\u00e9ny\u00fcnk\u00f6n olyan j\u00f3 gyakorlatokat, m\u00f3dszereket \u00e9s kommunik\u00e1ci\u00f3s megk\u00f6zel\u00edt\u00e9seket mutatunk be, amelyek seg\u00edthetnek azoknak a szakembereknek \u00e9s szerepl\u0151knek, akik fiatalokkal dolgoznak, \u00e9s...\u003C\/p\u003E\n\n\u003C\/div\u003E\n      \n          \u003C\/div\u003E\n                  \u003C\/div\u003E\n  \u003C\/a\u003E\n            \n      \u003C\/article\u003E\n","settings":null},{"command":"insert","method":"append","selector":"#block-block-related-content","data":"\u003Carticle class=\u0022cardd cardd--article\u0022\u003E\n    \u003Ca href=\u0022\/cikk\/az-egyablakos-felujitasi-szolgaltatok-jelentik-a-hidat-a-politikai-elkotelezettseg-es-a-13060\u0022\u003E\n                      \u003Cdiv class=\u0022cardd__image\u0022\u003E\n                \u003Cimg loading=\u0022lazy\u0022 src=\u0022\/files\/styles\/teaser\/public\/article\/69c24614a5390cddea3ddde2_oss_the_bridge.jpg?itok=hK_NrL5e\u0022 alt=\u0022One-stop shops: the bridge between policy ambition and the real world delivery of EE renovated buildings\u0022 \/\u003E\n\n\n\n\n            \u003Cdiv class=\u0022image-source\u0022\u003EEU Peers\u003C\/div\u003E\n\n        \u003C\/div\u003E\n                            \u003Cdiv class=\u0022cardd__label\u0022\u003E\n          Cikk\n        \u003C\/div\u003E\n                            \u003Cdiv class=\u0022cardd__content\u0022\u003E\n      \u003Ch2 class=\u0022cardd__title\u0022\u003E\n        \n\u003Cspan class=\u0022field_type-string\u0022\u003EAz egyablakos fel\u00faj\u00edt\u00e1si szolg\u00e1ltat\u00f3k jelentik a hidat a politikai elk\u00f6telezetts\u00e9g \u00e9s a gyakorlati megval\u00f3s\u00edt\u00e1s k\u00f6z\u00f6tt  \u003C\/span\u003E\n\n      \u003C\/h2\u003E\n          \n            \u003Cdiv class=\u0022field_type-datetime cardd__time\u0022\u003E\u003Ctime datetime=\u00222026-04-28T12:00:00Z\u0022\u003E2026. \u00e1prilis 28.\u003C\/time\u003E\n\u003C\/div\u003E\n      \n                        \u003Cdiv class=\u0022cardd__text\u0022\u003E\n            \n            \u003Cdiv class=\u0022field_type-text_long\u0022\u003E  \u003Cp\u003EAz Eur\u00f3pai Bizotts\u00e1g (EU) 2026\/536 sz\u00e1m\u00fa aj\u00e1nl\u00e1sa hat\u00e1rozott \u00fatmutat\u00e1st ny\u00fajt a tag\u00e1llamok sz\u00e1m\u00e1ra, hogy az egyablakos fel\u00faj\u00edt\u00e1si szolg\u00e1ltat\u00f3kat (angolul One-Stop Shop, r\u00f6vid\u00edtve OSS) a hat\u00e9kony, \u00e9s...\u003C\/p\u003E\n\n\u003C\/div\u003E\n      \n          \u003C\/div\u003E\n                  \u003C\/div\u003E\n  \u003C\/a\u003E\n            \n      \u003C\/article\u003E\n","settings":null},{"command":"insert","method":"append","selector":"#block-block-related-content","data":"\u003Cdiv id=\u0022related-more-button\u0022 class=\u0022buttonn buttonn--more\u0022\u003E\u003Ca href=\u0022\/ajax\/node\/4774\/related\/2?_wrapper_format=drupal_ajax\u0022 class=\u0022buttonn__link\u0022 id=\u0022ajax-link\u0022\u003ETov\u00e1bb\u003C\/a\u003E\u003C\/div\u003E\n","settings":null}]