[{"command":"settings","settings":{"pluralDelimiter":"\u0003","suppressDeprecationErrors":true,"ajaxPageState":{"libraries":"eJwVyEEOgCAMBMAPEbj6G9PgkoDS4gJGf6_OcaIRYeNscngpcrv4R9YB6lflnODjk7E67MsIOVEqVqI3054vvDW4GTw","theme":"ek8t","theme_token":null},"ajaxTrustedUrl":{"":true},"ajax":{"ajax-link":{"progress":{"type":"throbber"},"event":"click","url":null,"httpMethod":"POST","dialogType":"ajax"}},"user":{"uid":0,"permissionsHash":"6863daf750f381f928a801c80f348fc99c0bdca77d9a9d8a6e22d1ecbfb21b60"}},"merge":true},{"command":"add_css","data":[{"rel":"stylesheet","media":"all","href":"\/files\/css\/css_JjpohJzxuH9cPwjGcg538YwixVCiWpU46P9gsAJMsow.css?delta=0\u0026language=hu\u0026theme=ek8t\u0026include=eJxLzi9K1U8pKi1IzNFLzEqs0EnNtijRz0wrSsxNjS9KLS7IzyvOLEsFACiHDys"},{"rel":"stylesheet","media":"all","href":"\/files\/css\/css_v70jv7o5u3m832uVJ0751BGNLxaALX_5HgnK7cSbqZw.css?delta=1\u0026language=hu\u0026theme=ek8t\u0026include=eJxLzi9K1U8pKi1IzNFLzEqs0EnNtijRz0wrSsxNjS9KLS7IzyvOLEsFACiHDys"}]},{"command":"add_js","selector":"body","data":[{"src":"\/files\/js\/js_LZS9l9KNCVKpTKndUsCgZP-dlEt48w_JPplv51wALV4.js?scope=footer\u0026delta=0\u0026language=hu\u0026theme=ek8t\u0026include=eJwVyEEOgCAMBMAPEbj6G9PgkoDS4gJGf6_OcaIRYeNscngpcrv4R9YB6lflnODjk7E67MsIOVEqVqI3054vvDW4GTw"}]},{"command":"remove","selector":"#related-more-button"},{"command":"insert","method":"append","selector":"#block-block-related-content","data":"\u003Carticle class=\u0022cardd cardd--event\u0022\u003E\n    \u003Ca href=\u0022\/rendezveny\/klimaszorongasbol-cselekves-hogyan-tamogathatjuk-ebben-a-fiatalokat-12738\u0022\u003E\n                      \u003Cdiv class=\u0022cardd__image\u0022\u003E\n                \u003Cimg loading=\u0022lazy\u0022 src=\u0022\/files\/styles\/teaser\/public\/event\/malyva_bal.png?itok=8TKRcUop\u0022 alt=\u0022\u0022 \/\u003E\n\n\n\n\n          \n        \u003C\/div\u003E\n                                          \u003Cdiv class=\u0022cardd__content\u0022\u003E\n      \u003Ch2 class=\u0022cardd__title\u0022\u003E\n        \n\u003Cspan class=\u0022field_type-string\u0022\u003EKl\u00edmaszorong\u00e1sb\u00f3l cselekv\u00e9s \u2013 hogyan t\u00e1mogathatjuk ebben a fiatalokat?\u003C\/span\u003E\n\n      \u003C\/h2\u003E\n      \u003Cdiv class=\u0022cardd__label cardd--event__label\u0022\u003E\n  \u003Ctime datetime=\u00222026-05-07T14:00:00+0200\n\u0022\u003E\n      \u003Cdiv class=\u0022date\u0022\u003Em\u00e1j. 07.\n\u003C\/div\u003E\n    \u003Cdiv class=\u0022time\u0022\u003E\n      \u003Cspan\u003E14:00\n\u003C\/span\u003E\n              \u003Cspan\u003E - \u003C\/span\u003E\u003Cspan class=\u0022date__time\u0022\u003E15:45\n\u003C\/span\u003E\n          \u003C\/div\u003E\n    \u003C\/time\u003E\n\u003C\/div\u003E\n                        \u003Cdiv class=\u0022cardd__text\u0022\u003E\n            \n            \u003Cdiv class=\u0022field_type-text_long\u0022\u003E  \u003Cp\u003EOnline esem\u00e9ny\u00fcnk\u00f6n olyan j\u00f3 gyakorlatokat, m\u00f3dszereket \u00e9s kommunik\u00e1ci\u00f3s megk\u00f6zel\u00edt\u00e9seket mutatunk be, amelyek seg\u00edthetnek azoknak a szakembereknek \u00e9s szerepl\u0151knek, akik fiatalokkal dolgoznak, \u00e9s...\u003C\/p\u003E\n\n\u003C\/div\u003E\n      \n          \u003C\/div\u003E\n                  \u003C\/div\u003E\n  \u003C\/a\u003E\n            \n      \u003C\/article\u003E\n","settings":null},{"command":"insert","method":"append","selector":"#block-block-related-content","data":"\u003Carticle class=\u0022cardd cardd--article\u0022\u003E\n    \u003Ca href=\u0022\/cikk\/az-egyablakos-felujitasi-szolgaltatok-jelentik-a-hidat-a-politikai-elkotelezettseg-es-a-13060\u0022\u003E\n                      \u003Cdiv class=\u0022cardd__image\u0022\u003E\n                \u003Cimg loading=\u0022lazy\u0022 src=\u0022\/files\/styles\/teaser\/public\/article\/69c24614a5390cddea3ddde2_oss_the_bridge.jpg?itok=hK_NrL5e\u0022 alt=\u0022One-stop shops: the bridge between policy ambition and the real world delivery of EE renovated buildings\u0022 \/\u003E\n\n\n\n\n            \u003Cdiv class=\u0022image-source\u0022\u003EEU Peers\u003C\/div\u003E\n\n        \u003C\/div\u003E\n                            \u003Cdiv class=\u0022cardd__label\u0022\u003E\n          Cikk\n        \u003C\/div\u003E\n                            \u003Cdiv class=\u0022cardd__content\u0022\u003E\n      \u003Ch2 class=\u0022cardd__title\u0022\u003E\n        \n\u003Cspan class=\u0022field_type-string\u0022\u003EAz egyablakos fel\u00faj\u00edt\u00e1si szolg\u00e1ltat\u00f3k jelentik a hidat a politikai elk\u00f6telezetts\u00e9g \u00e9s a gyakorlati megval\u00f3s\u00edt\u00e1s k\u00f6z\u00f6tt  \u003C\/span\u003E\n\n      \u003C\/h2\u003E\n          \n            \u003Cdiv class=\u0022field_type-datetime cardd__time\u0022\u003E\u003Ctime datetime=\u00222026-04-28T12:00:00Z\u0022\u003E2026. \u00e1prilis 28.\u003C\/time\u003E\n\u003C\/div\u003E\n      \n                        \u003Cdiv class=\u0022cardd__text\u0022\u003E\n            \n            \u003Cdiv class=\u0022field_type-text_long\u0022\u003E  \u003Cp\u003EAz Eur\u00f3pai Bizotts\u00e1g (EU) 2026\/536 sz\u00e1m\u00fa aj\u00e1nl\u00e1sa hat\u00e1rozott \u00fatmutat\u00e1st ny\u00fajt a tag\u00e1llamok sz\u00e1m\u00e1ra, hogy az egyablakos fel\u00faj\u00edt\u00e1si szolg\u00e1ltat\u00f3kat (angolul One-Stop Shop, r\u00f6vid\u00edtve OSS) a hat\u00e9kony, \u00e9s...\u003C\/p\u003E\n\n\u003C\/div\u003E\n      \n          \u003C\/div\u003E\n                  \u003C\/div\u003E\n  \u003C\/a\u003E\n            \n      \u003C\/article\u003E\n","settings":null},{"command":"insert","method":"append","selector":"#block-block-related-content","data":"\u003Carticle class=\u0022cardd cardd--newsitem cardd--download\u0022\u003E\n    \u003Ca href=\u0022\/hirek\/felhivas-helyi-hoterhelest-csokkento-termeszet-alapu-mintaprojektek-megvalositasa-12778\u0022\u003E\n                      \u003Cdiv class=\u0022cardd__image\u0022\u003E\n                \u003Cimg loading=\u0022lazy\u0022 src=\u0022\/files\/styles\/teaser\/public\/news\/Image%2023_04_2026.png?itok=W5-3IKxE\u0022 alt=\u0022\u0022 \/\u003E\n\n\n\n\n          \n        \u003C\/div\u003E\n                                          \u003Cdiv class=\u0022cardd__content\u0022\u003E\n      \u003Ch2 class=\u0022cardd__title\u0022\u003E\n        \n\u003Cspan class=\u0022field_type-string\u0022\u003EFelh\u00edv\u00e1s: Helyi h\u0151terhel\u00e9st cs\u00f6kkent\u0151, term\u00e9szet-alap\u00fa mintaprojektek megval\u00f3s\u00edt\u00e1sa\u003C\/span\u003E\n\n      \u003C\/h2\u003E\n      \u003Cdiv class=\u0022cardd__time\u0022\u003E\n    \u003Ctime datetime=\u00222026-04-23T14:45:26+0200\u0022\u003E2026. \u00e1prilis 23.\u003C\/time\u003E\n\u003C\/div\u003E\n                        \u003Cdiv class=\u0022cardd__text\u0022\u003E\n            \n            \u003Cdiv class=\u0022field_type-text_long\u0022\u003E  \u003Cp\u003EV\u00e1rjuk \u00f6nkorm\u00e1nyzatok \u00e9s egy\u00e9b nem nyeres\u00e9g\u00e9rdekelt szervezetek (egy\u00fcttm\u0171k\u00f6d\u0151 partnerek) jelentkez\u00e9s\u00e9t k\u00e9t helyi h\u0151terhel\u00e9st cs\u00f6kkent\u0151, term\u00e9szet-alap\u00fa mintaprojekt k\u00f6z\u00f6s megval\u00f3s\u00edt\u00e1s\u00e1ra.\u003C\/p\u003E\n\n\u003C\/div\u003E\n      \n          \u003C\/div\u003E\n                  \u003C\/div\u003E\n  \u003C\/a\u003E\n              \u003Cdiv class=\u0022buttonn buttonn--download\u0022\u003E\n    \u003Ca class=\u0022buttonn__link\u0022 href=\u0022\/files\/news\/Pilot%20program%20t%C3%A1j%C3%A9koztat%C3%B3%20TopHeAT-HU.pdf\u0022 target=\u0022_blank\u0022\u003ELet\u00f6lt\u00f6m\u003C\/a\u003E\n  \u003C\/div\u003E\n\n      \u003C\/article\u003E\n","settings":null},{"command":"insert","method":"append","selector":"#block-block-related-content","data":"\u003Carticle class=\u0022cardd cardd--podcast\u0022\u003E\n    \u003Ca href=\u0022\/podcast\/kwhaz-s02e05-forro-varosok-zold-megoldasok-12739\u0022\u003E\n                      \u003Cdiv class=\u0022cardd__image\u0022\u003E\n                \u003Cimg loading=\u0022lazy\u0022 src=\u0022\/files\/styles\/highlight\/public\/podcast\/barna%20hatter%20%281%29.png?itok=FoxP3Evy\u0022 alt=\u0022\u0022 \/\u003E\n\n\n\n\n          \n        \u003C\/div\u003E\n                            \u003Cdiv class=\u0022cardd__label\u0022\u003E\n          Podcast\n        \u003C\/div\u003E\n                            \u003Cdiv class=\u0022cardd__content\u0022\u003E\n      \u003Ch2 class=\u0022cardd__title\u0022\u003E\n        \n\u003Cspan class=\u0022field_type-string\u0022\u003EkWh\u00e1z S02E05 - Forr\u00f3 v\u00e1rosok, z\u00f6ld megold\u00e1sok \u003C\/span\u003E\n\n      \u003C\/h2\u003E\n                                    \u003Cdiv class=\u0022cardd__text\u0022\u003E\n            \n            \u003Cdiv class=\u0022field_type-text_long\u0022\u003E  \u003Cp\u003EA kWh\u00e1z friss epiz\u00f3dj\u00e1ban azt j\u00e1rjuk k\u00f6r\u00fcl, hogyan v\u00e1ltoztatja meg a kl\u00edmav\u00e1ltoz\u00e1s a v\u00e1rosainkat \u2013 \u00e9s mit lehet erre t\u00e9nylegesen tenni.\u003C\/p\u003E\n\n\u003C\/div\u003E\n      \n          \u003C\/div\u003E\n                  \u003C\/div\u003E\n  \u003C\/a\u003E\n        \u003C\/article\u003E\n","settings":null},{"command":"insert","method":"append","selector":"#block-block-related-content","data":"\u003Carticle class=\u0022cardd cardd--newsitem cardd--download\u0022\u003E\n    \u003Ca href=\u0022\/hirek\/arajanlatteteli-felhivas-grafikai-tervezeshez-es-szerkeszteshez-12726\u0022\u003E\n                      \u003Cdiv class=\u0022cardd__image\u0022\u003E\n                \u003Cimg loading=\u0022lazy\u0022 src=\u0022\/files\/styles\/teaser\/public\/news\/10733831_4505770_0.jpg?itok=z87QGqc0\u0022 alt=\u0022\u0022 \/\u003E\n\n\n\n\n            \u003Cdiv class=\u0022image-source\u0022\u003EFreepik\u003C\/div\u003E\n\n        \u003C\/div\u003E\n                                          \u003Cdiv class=\u0022cardd__content\u0022\u003E\n      \u003Ch2 class=\u0022cardd__title\u0022\u003E\n        \n\u003Cspan class=\u0022field_type-string\u0022\u003E\u00c1raj\u00e1nlatt\u00e9teli felh\u00edv\u00e1s grafikai tervez\u00e9shez \u00e9s szerkeszt\u00e9shez\u003C\/span\u003E\n\n      \u003C\/h2\u003E\n      \u003Cdiv class=\u0022cardd__time\u0022\u003E\n    \u003Ctime datetime=\u00222026-04-22T14:50:56+0200\u0022\u003E2026. \u00e1prilis 22.\u003C\/time\u003E\n\u003C\/div\u003E\n                        \u003Cdiv class=\u0022cardd__text\u0022\u003E\n            \n            \u003Cdiv class=\u0022field_type-text_long\u0022\u003E  \u003Cp\u003EAz Energiaklub Szakpolitikai Int\u00e9zet az NGM \u201e\u00dczleti K\u00f6rnyezet Fejleszt\u00e9se\u201d projekt megval\u00f3s\u00edt\u00e1s\u00e1hoz keres grafikai tervez\u00e9sben \u00e9s webes megjelen\u00edt\u00e9sben j\u00e1rtas, sz\u00e1mlak\u00e9pes partnert. A projekt c\u00e9lja a...\u003C\/p\u003E\n\n\u003C\/div\u003E\n      \n          \u003C\/div\u003E\n                  \u003C\/div\u003E\n  \u003C\/a\u003E\n              \u003Cdiv class=\u0022buttonn buttonn--download\u0022\u003E\n    \u003Ca class=\u0022buttonn__link\u0022 href=\u0022\/files\/news\/%C3%81raj%C3%A1nlatk%C3%A9r%C3%B6_felh%C3%ADv%C3%A1s_Energiaklub_NGM_Uzleti_Kornyezet_grafika.docx\u0022 target=\u0022_blank\u0022\u003ELet\u00f6lt\u00f6m\u003C\/a\u003E\n  \u003C\/div\u003E\n\n      \u003C\/article\u003E\n","settings":null},{"command":"insert","method":"append","selector":"#block-block-related-content","data":"\u003Carticle class=\u0022cardd cardd--newsitem\u0022\u003E\n    \u003Ca href=\u0022\/hirek\/veszesen-apadnak-a-biztonsagi-uzemanyagkeszletek-azonnali-kormanyzati-beavatkozasokra-van-12407\u0022\u003E\n                      \u003Cdiv class=\u0022cardd__image\u0022\u003E\n                \u003Cimg loading=\u0022lazy\u0022 src=\u0022\/files\/styles\/teaser\/public\/news\/2026_04_15_sajtokozlemeny_mszksz_keszletadatok.jpg?itok=G0KipiXs\u0022 alt=\u0022MSZKSZ k\u00e9szletadatok 2026. m\u00e1rc. 1. - 2026. \u00e1prilis 12. \u0022 \/\u003E\n\n\n\n\n          \n        \u003C\/div\u003E\n                                          \u003Cdiv class=\u0022cardd__content\u0022\u003E\n      \u003Ch2 class=\u0022cardd__title\u0022\u003E\n        \n\u003Cspan class=\u0022field_type-string\u0022\u003EV\u00e9szesen apadnak a biztons\u00e1gi \u00fczemanyagk\u00e9szletek, azonnali korm\u00e1nyzati beavatkoz\u00e1sokra van sz\u00fcks\u00e9g\u003C\/span\u003E\n\n      \u003C\/h2\u003E\n      \u003Cdiv class=\u0022cardd__time\u0022\u003E\n    \u003Ctime datetime=\u00222026-04-15T12:35:56+0200\u0022\u003E2026. \u00e1prilis 15.\u003C\/time\u003E\n\u003C\/div\u003E\n                        \u003Cdiv class=\u0022cardd__text\u0022\u003E\n            \n            \u003Cdiv class=\u0022field_type-text_long\u0022\u003E  \u003Cp\u003ESajt\u00f3k\u00f6zlem\u00e9ny A magyarorsz\u00e1gi biztons\u00e1gi k\u0151olaj- \u00e9s \u00fczemanyagk\u00e9szletek az elm\u00falt h\u00f3napokban vesz\u00e9lyesen alacsony szintre cs\u00f6kkentek. Az Energiaklub Szakpolitikai Int\u00e9zet \u00e1ltal a kik\u00e9rt, friss...\u003C\/p\u003E\n\n\u003C\/div\u003E\n      \n          \u003C\/div\u003E\n                  \u003C\/div\u003E\n  \u003C\/a\u003E\n            \n      \u003C\/article\u003E\n","settings":null},{"command":"insert","method":"append","selector":"#block-block-related-content","data":"\u003Carticle class=\u0022cardd cardd--article cardd--download\u0022\u003E\n    \u003Ca href=\u0022\/cikk\/budaors-elerte-a-kibocsatascsokkentesi-celjat-de-folytatja-peldamutato-utjat-12108\u0022\u003E\n                      \u003Cdiv class=\u0022cardd__image\u0022\u003E\n                \u003Cimg loading=\u0022lazy\u0022 src=\u0022\/files\/styles\/teaser\/public\/article\/Wavy_Eco-06_Single-10.jpg?itok=Z1LRshsZ\u0022 alt=\u0022sz\u00e9ndioxid kibocs\u00e1t\u00e1s cs\u00f6kkent\u00e9s a v\u00e1rosokban\u0022 \/\u003E\n\n\n\n\n          \n        \u003C\/div\u003E\n                            \u003Cdiv class=\u0022cardd__label\u0022\u003E\n          Cikk\n        \u003C\/div\u003E\n                            \u003Cdiv class=\u0022cardd__content\u0022\u003E\n      \u003Ch2 class=\u0022cardd__title\u0022\u003E\n        \n\u003Cspan class=\u0022field_type-string\u0022\u003EBuda\u00f6rs el\u00e9rte a kibocs\u00e1t\u00e1scs\u00f6kkent\u00e9si c\u00e9lj\u00e1t, de folytatja p\u00e9ldamutat\u00f3 \u00fatj\u00e1t \u003C\/span\u003E\n\n      \u003C\/h2\u003E\n          \n                        \u003Cdiv class=\u0022cardd__text\u0022\u003E\n            \n            \u003Cdiv class=\u0022field_type-text_long\u0022\u003E  \u003Cp\u003EA 2025-\u00f6s SECAP-fel\u00fclvizsg\u00e1lat alapj\u00e1n, amit az Energiaklub Szakpolitikai Int\u00e9zet k\u00e9sz\u00edtett el, a v\u00e1ros 2009-2024 k\u00f6z\u00f6tt 48%-os kibocs\u00e1t\u00e1scs\u00f6kkent\u00e9st \u00e9rt el, ami kiemelked\u0151. Ezzel teljes\u00edtette...\u003C\/p\u003E\n\n\u003C\/div\u003E\n      \n          \u003C\/div\u003E\n                  \u003C\/div\u003E\n  \u003C\/a\u003E\n              \u003Cdiv class=\u0022buttonn buttonn--download\u0022\u003E\n    \u003Ca class=\u0022buttonn__link\u0022 href=\u0022\/files\/article\/budaors-reszletes-secap-felulvizsgalat-2025-pdf.pdf\u0022 target=\u0022_blank\u0022\u003ELet\u00f6lt\u00f6m\u003C\/a\u003E\n  \u003C\/div\u003E\n\n      \u003C\/article\u003E\n","settings":null},{"command":"insert","method":"append","selector":"#block-block-related-content","data":"\u003Carticle class=\u0022cardd cardd--podcast\u0022\u003E\n    \u003Ca href=\u0022\/podcast\/kwhaz-s02e04-miert-kell-a-szel-a-nap-melle-11821\u0022\u003E\n                      \u003Cdiv class=\u0022cardd__image\u0022\u003E\n                \u003Cimg loading=\u0022lazy\u0022 src=\u0022\/files\/styles\/highlight\/public\/podcast\/kek%20hatter.png?itok=KawcO3NU\u0022 alt=\u0022\u0022 \/\u003E\n\n\n\n\n          \n        \u003C\/div\u003E\n                            \u003Cdiv class=\u0022cardd__label\u0022\u003E\n          Podcast\n        \u003C\/div\u003E\n                            \u003Cdiv class=\u0022cardd__content\u0022\u003E\n      \u003Ch2 class=\u0022cardd__title\u0022\u003E\n        \n\u003Cspan class=\u0022field_type-string\u0022\u003EkWh\u00e1z S02E04 - Mi\u00e9rt kell a sz\u00e9l a nap mell\u00e9?\u003C\/span\u003E\n\n      \u003C\/h2\u003E\n                                    \u003Cdiv class=\u0022cardd__text\u0022\u003E\n            \n            \u003Cdiv class=\u0022field_type-text_long\u0022\u003E  \u003Cp\u003EA sz\u00e9lenergi\u00e1r\u00f3l sokan ugyanazt k\u00e9rdezik: \u201eDe h\u00e1t nem f\u00faj mindig \u2013 akkor mi\u00e9rt j\u00f3 ez?\u201d \u00c9s ezzel r\u00f6gt\u00f6n f\u00e9lre is siklik a besz\u00e9lget\u00e9s.\u003C\/p\u003E\n\n\u003C\/div\u003E\n      \n          \u003C\/div\u003E\n                  \u003C\/div\u003E\n  \u003C\/a\u003E\n        \u003C\/article\u003E\n","settings":null},{"command":"insert","method":"append","selector":"#block-block-related-content","data":"\u003Carticle class=\u0022cardd cardd--podcast\u0022\u003E\n    \u003Ca href=\u0022\/podcast\/kwhaz-s02e03-meleg-otthon-kevesebb-energiaval-lehetseges-11820\u0022\u003E\n                      \u003Cdiv class=\u0022cardd__image\u0022\u003E\n                \u003Cimg loading=\u0022lazy\u0022 src=\u0022\/files\/styles\/highlight\/public\/podcast\/krem%20hatter.png?itok=FnoSWIRo\u0022 alt=\u0022\u0022 \/\u003E\n\n\n\n\n          \n        \u003C\/div\u003E\n                            \u003Cdiv class=\u0022cardd__label\u0022\u003E\n          Podcast\n        \u003C\/div\u003E\n                            \u003Cdiv class=\u0022cardd__content\u0022\u003E\n      \u003Ch2 class=\u0022cardd__title\u0022\u003E\n        \n\u003Cspan class=\u0022field_type-string\u0022\u003EkWh\u00e1z S02E03 - Meleg otthon kevesebb energi\u00e1val \u2013 lehets\u00e9ges?\u003C\/span\u003E\n\n      \u003C\/h2\u003E\n                                    \u003Cdiv class=\u0022cardd__text\u0022\u003E\n            \n            \u003Cdiv class=\u0022field_type-text_long\u0022\u003E  \u003Cp\u003EI tt a kWh\u00e1z, kezd\u0151dj\u00f6n az energiahat\u00e9konys\u00e1g! A legjobb energia az, amit el sem haszn\u00e1lunk. De hogyan \u00e9rhetj\u00fck el ezt? Nem a lemond\u00e1sr\u00f3l van sz\u00f3, hanem \u00e9pp ellenkez\u0151leg: a kevesebb energia...\u003C\/p\u003E\n\n\u003C\/div\u003E\n      \n          \u003C\/div\u003E\n                  \u003C\/div\u003E\n  \u003C\/a\u003E\n        \u003C\/article\u003E\n","settings":null},{"command":"insert","method":"append","selector":"#block-block-related-content","data":"\u003Cdiv id=\u0022related-more-button\u0022 class=\u0022buttonn buttonn--more\u0022\u003E\u003Ca href=\u0022\/ajax\/node\/4466\/related\/2?_wrapper_format=drupal_ajax\u0022 class=\u0022buttonn__link\u0022 id=\u0022ajax-link\u0022\u003ETov\u00e1bb\u003C\/a\u003E\u003C\/div\u003E\n","settings":null}]