[{"command":"settings","settings":{"pluralDelimiter":"\u0003","suppressDeprecationErrors":true,"ajaxPageState":{"libraries":"eJwVyEEOgCAMBMAPEbj6G9PgkoDS4gJGf6_OcaIRYeNscngpcrv4R9YB6lflnODjk7E67MsIOVEqVqI3054vvDW4GTw","theme":"ek8t","theme_token":null},"ajaxTrustedUrl":{"":true},"ajax":{"ajax-link":{"progress":{"type":"throbber"},"event":"click","url":null,"httpMethod":"POST","dialogType":"ajax"}},"user":{"uid":0,"permissionsHash":"6863daf750f381f928a801c80f348fc99c0bdca77d9a9d8a6e22d1ecbfb21b60"}},"merge":true},{"command":"add_css","data":[{"rel":"stylesheet","media":"all","href":"\/files\/css\/css_JjpohJzxuH9cPwjGcg538YwixVCiWpU46P9gsAJMsow.css?delta=0\u0026language=hu\u0026theme=ek8t\u0026include=eJxLzi9K1U8pKi1IzNFLzEqs0EnNtijRz0wrSsxNjS9KLS7IzyvOLEsFACiHDys"},{"rel":"stylesheet","media":"all","href":"\/files\/css\/css_v70jv7o5u3m832uVJ0751BGNLxaALX_5HgnK7cSbqZw.css?delta=1\u0026language=hu\u0026theme=ek8t\u0026include=eJxLzi9K1U8pKi1IzNFLzEqs0EnNtijRz0wrSsxNjS9KLS7IzyvOLEsFACiHDys"}]},{"command":"add_js","selector":"body","data":[{"src":"\/files\/js\/js_LZS9l9KNCVKpTKndUsCgZP-dlEt48w_JPplv51wALV4.js?scope=footer\u0026delta=0\u0026language=hu\u0026theme=ek8t\u0026include=eJwVyEEOgCAMBMAPEbj6G9PgkoDS4gJGf6_OcaIRYeNscngpcrv4R9YB6lflnODjk7E67MsIOVEqVqI3054vvDW4GTw"}]},{"command":"remove","selector":"#related-more-button"},{"command":"insert","method":"append","selector":"#block-block-related-content","data":"\u003Carticle class=\u0022cardd cardd--newsitem cardd--download\u0022\u003E\n    \u003Ca href=\u0022\/hirek\/a-magyarok-szerint-szukseg-van-unios-tamogatasra-otthonaik-korszerusitesehez-3865\u0022\u003E\n                      \u003Cdiv class=\u0022cardd__image\u0022\u003E\n                \u003Cimg loading=\u0022lazy\u0022 src=\u0022\/files\/styles\/teaser\/public\/topic\/epuletek.jpg?itok=K9CCTLWw\u0022 alt=\u0022\u00c9p\u00fcletek\u0022 \/\u003E\n\n\n\n\n          \n        \u003C\/div\u003E\n                                          \u003Cdiv class=\u0022cardd__content\u0022\u003E\n      \u003Ch2 class=\u0022cardd__title\u0022\u003E\n        \n\u003Cspan class=\u0022field_type-string\u0022\u003E A magyarok szerint sz\u00fcks\u00e9g van uni\u00f3s t\u00e1mogat\u00e1sra otthonaik korszer\u0171s\u00edt\u00e9s\u00e9hez\u003C\/span\u003E\n\n      \u003C\/h2\u003E\n      \u003Cdiv class=\u0022cardd__time\u0022\u003E\n    \u003Ctime datetime=\u00222016-01-21T11:04:41+0100\u0022\u003E2016. janu\u00e1r 21.\u003C\/time\u003E\n\u003C\/div\u003E\n                        \u003Cdiv class=\u0022cardd__text\u0022\u003E\n            \n            \u003Cdiv class=\u0022field_type-text_long\u0022\u003E  \u003Cp\u003EA lakoss\u00e1g 94%-a indokoltnak tartja, hogy legyen uni\u00f3s p\u00e1ly\u00e1zati t\u00e1mogat\u00e1s a magyar otthonok energetikai korszer\u0171s\u00edt\u00e9s\u00e9re - der\u00fcl ki a Magyar Energiahat\u00e9konys\u00e1gi Int\u00e9zet (MEHI) \u00e9s az Energiaklub...\u003C\/p\u003E\n\n\u003C\/div\u003E\n      \n          \u003C\/div\u003E\n                  \u003C\/div\u003E\n  \u003C\/a\u003E\n              \u003Cdiv class=\u0022buttonn buttonn--download\u0022\u003E\n    \u003Ca class=\u0022buttonn__link\u0022 href=\u0022\/files\/news\/sajtokozlemeny_a_magyarok_szerint_szukseg_van_unios_tamogatasra_otthonaik_korszerusitesehez_20160120.pdf\u0022 target=\u0022_blank\u0022\u003ELet\u00f6lt\u00f6m\u003C\/a\u003E\n  \u003C\/div\u003E\n\n      \u003C\/article\u003E\n","settings":null},{"command":"insert","method":"append","selector":"#block-block-related-content","data":"\u003Carticle class=\u0022cardd cardd--service\u0022\u003E\n    \u003Ca href=\u0022\/szolgaltatas\/energia-csr-kozosen-az-energiaszegenyseg-ellen-3996\u0022\u003E\n                      \u003Cdiv class=\u0022cardd__image\u0022\u003E\n                \u003Cimg loading=\u0022lazy\u0022 src=\u0022\/files\/styles\/teaser\/public\/service\/Szlacsokkentes.JPG?itok=OXwmKi7h\u0022 alt=\u0022energiatakar\u00e9koss\u00e1gi tan\u00e1csad\u00e1s\u0022 \/\u003E\n\n\n\n\n          \n        \u003C\/div\u003E\n                                          \u003Cdiv class=\u0022cardd__content\u0022\u003E\n      \u003Ch2 class=\u0022cardd__title\u0022\u003E\n        \n\u003Cspan class=\u0022field_type-string\u0022\u003EEnergia CSR - k\u00f6z\u00f6sen az energiaszeg\u00e9nys\u00e9g ellen\u003C\/span\u003E\n\n      \u003C\/h2\u003E\n                                    \u003Cdiv class=\u0022cardd__text\u0022\u003E\n            \n            \u003Cdiv class=\u0022field_type-text_long\u0022\u003E  \u003Cp\u003EAz energiav\u00e1ls\u00e1g m\u00e9g nem m\u00falt el, az energiaszeg\u00e9nys\u00e9g probl\u00e9m\u00e1ja aktu\u00e1lisabb, mint valaha. Ha az \u00d6n\u00f6k telep\u00fcl\u00e9s\u00e9n is \u00e9lnek olyanok, akiknek neh\u00e9zs\u00e9get okoz otthonuk kif\u0171t\u00e9se vagy az energiasz\u00e1ml\u00e1ik...\u003C\/p\u003E\n\n\u003C\/div\u003E\n      \n          \u003C\/div\u003E\n                  \u003C\/div\u003E\n  \u003C\/a\u003E\n            \n      \u003C\/article\u003E\n","settings":null},{"command":"insert","method":"append","selector":"#block-block-related-content","data":"\u003Carticle class=\u0022cardd cardd--study cardd--download\u0022\u003E\n    \u003Ca href=\u0022\/tanulmany\/energiaszegenyseg-magyarorszagon-3652\u0022\u003E\n                      \u003Cdiv class=\u0022cardd__image\u0022\u003E\n                \u003Cimg loading=\u0022lazy\u0022 src=\u0022\/files\/styles\/teaser\/public\/study\/turkey_serdar_comez.jpg?itok=Fw2qhs_N\u0022 alt=\u0022\u0022 \/\u003E\n\n\n\n\n          \n        \u003C\/div\u003E\n                            \u003Cdiv class=\u0022cardd__label\u0022\u003E\n          Tanulm\u00e1ny\n        \u003C\/div\u003E\n                            \u003Cdiv class=\u0022cardd__content\u0022\u003E\n      \u003Ch2 class=\u0022cardd__title\u0022\u003E\n        \n\u003Cspan class=\u0022field_type-string\u0022\u003EEnergiaszeg\u00e9nys\u00e9g Magyarorsz\u00e1gon\u003C\/span\u003E\n\n      \u003C\/h2\u003E\n          \n            \u003Cdiv class=\u0022field_type-datetime cardd__time\u0022\u003E\u003Ctime datetime=\u00222014-10-15T12:00:00Z\u0022\u003E2014. okt\u00f3ber 15.\u003C\/time\u003E\n\u003C\/div\u003E\n      \n                        \u003Cdiv class=\u0022cardd__text\u0022\u003E\n            \n            \u003Cdiv class=\u0022field_type-text_long\u0022\u003E  \u003Cp\u003EA K\u00f6zponti Statisztikai Hivatal egy\u00fcttm\u0171k\u00f6d\u00e9s\u00e9vel k\u00e9sz\u00fclt tanulm\u00e1nyunk c\u00e9lja, hogy egy nagyobb mintav\u00e9teles vizsg\u00e1lat, a KSH \u0022H\u00e1ztart\u00e1si k\u00f6lts\u00e9gvet\u00e9si \u00e9s \u00e9letk\u00f6r\u00fclm\u00e9ny\u0022 adatfelv\u00e9tel\u00e9nek adataival...\u003C\/p\u003E\n\n\u003C\/div\u003E\n      \n          \u003C\/div\u003E\n                  \u003C\/div\u003E\n  \u003C\/a\u003E\n              \u003Cdiv class=\u0022buttonn buttonn--download\u0022\u003E\n    \u003Ca class=\u0022buttonn__link\u0022 href=\u0022\/files\/study\/energiaszegenyseg_magyarorszagon_ksh_energiaklub_statisztikai_szemle_2014.pdf\u0022 target=\u0022_blank\u0022\u003ELet\u00f6lt\u00f6m\u003C\/a\u003E\n  \u003C\/div\u003E\n\n      \u003C\/article\u003E\n","settings":null},{"command":"insert","method":"append","selector":"#block-block-related-content","data":"\u003Carticle class=\u0022cardd cardd--blog\u0022\u003E\n    \u003Ca href=\u0022http:\/\/energiabox.blog.hu\/2013\/06\/13\/szakik_akcioban_516\u0022 target=\u0022_blank\u0022\u003E\n                  \u003Cdiv class=\u0022cardd__image\u0022\u003E\n                \u003Cimg loading=\u0022lazy\u0022 src=\u0022\/files\/styles\/teaser\/public\/topic\/epuletek.jpg?itok=K9CCTLWw\u0022 alt=\u0022\u00c9p\u00fcletek\u0022 \/\u003E\n\n\n\n\n          \n        \u003C\/div\u003E\n                            \u003Cdiv class=\u0022cardd__label\u0022\u003E\n          Blog\n        \u003C\/div\u003E\n                            \u003Cdiv class=\u0022cardd__content\u0022\u003E\n      \u003Ch2 class=\u0022cardd__title\u0022\u003E\n        \n\u003Cspan class=\u0022field_type-string\u0022\u003ESzakik akci\u00f3ban\u003C\/span\u003E\n\n      \u003C\/h2\u003E\n      \u003Cdiv class=\u0022cardd__time\u0022\u003E\n    \u003Ctime datetime=\u00222013-06-13T15:51:17+0200\u0022\u003E2013. j\u00fanius 13.\u003C\/time\u003E\n\u003C\/div\u003E\n  \u003Cdiv class=\u0022cardd__author\u0022\u003EKir\u00e1ly Zsuzsanna\u003C\/div\u003E\n                        \u003Cdiv class=\u0022cardd__text\u0022\u003E\n            \n          \u003C\/div\u003E\n                  \u003C\/div\u003E\n  \u003C\/a\u003E\n        \u003C\/article\u003E\n","settings":null},{"command":"insert","method":"append","selector":"#block-block-related-content","data":"\u003Carticle class=\u0022cardd cardd--project\u0022\u003E\n    \u003Ca href=\u0022\/projekt\/renovaid-tamogatas-koszovo-es-albania-szamara-az-epuletek-energiahatekonysaga-teren-5184\u0022\u003E\n                      \u003Cdiv class=\u0022cardd__image\u0022\u003E\n                \u003Cimg loading=\u0022lazy\u0022 src=\u0022\/files\/styles\/teaser\/public\/project\/house-540796_1280.photo_.by_.FrankWinkler.Pixabay.jpg?itok=fYYJaC7l\u0022 alt=\u0022h\u00e1z\u0022 \/\u003E\n\n\n\n\n            \u003Cdiv class=\u0022image-source\u0022\u003EK\u00e9p: Frank Winkler, Pixabay\u003C\/div\u003E\n\n        \u003C\/div\u003E\n                                          \u003Cdiv class=\u0022cardd__content\u0022\u003E\n      \u003Ch2 class=\u0022cardd__title\u0022\u003E\n        \n\u003Cspan class=\u0022field_type-string\u0022\u003ERenovAID - t\u00e1mogat\u00e1s Koszov\u00f3 \u00e9s Alb\u00e1nia sz\u00e1m\u00e1ra az \u00e9p\u00fcletek energiahat\u00e9konys\u00e1ga ter\u00e9n\u003C\/span\u003E\n\n      \u003C\/h2\u003E\n          \n            \u003Cdiv class=\u0022field_type-datetime cardd__time\u0022\u003E\u003Ctime datetime=\u00222023-11-01T12:00:00Z\u0022\u003E2023. 11. 1.\u003C\/time\u003E\n\u003C\/div\u003E\n       - \n            \u003Cdiv class=\u0022field_type-datetime cardd__time\u0022\u003E\u003Ctime datetime=\u00222025-10-31T12:00:00Z\u0022\u003E2025. 10. 31.\u003C\/time\u003E\n\u003C\/div\u003E\n      \n                        \u003Cdiv class=\u0022cardd__text\u0022\u003E\n            \n            \u003Cdiv class=\u0022field_type-text_long\u0022\u003E  \u003Cp\u003EA RenovAID projekt c\u00e9lja, hogy a Koszov\u00f3ban \u00e9s Alb\u00e1ni\u00e1ban tapasztalt szer\u00e9ny el\u0151rehalad\u00e1s probl\u00e9m\u00e1j\u00e1t t\u00f6bbszint\u0171 struktur\u00e1lis t\u00e1mogat\u00e1s ny\u00fajt\u00e1s\u00e1val kezelje az \u00e9p\u00fcletek energiahat\u00e9konys\u00e1g\u00e1nak jav\u00edt\u00e1sa...\u003C\/p\u003E\n\n\u003C\/div\u003E\n      \n          \u003C\/div\u003E\n                  \u003C\/div\u003E\n  \u003C\/a\u003E\n        \u003C\/article\u003E\n","settings":null},{"command":"insert","method":"append","selector":"#block-block-related-content","data":"\u003Carticle class=\u0022cardd cardd--newsitem cardd--download\u0022\u003E\n    \u003Ca href=\u0022\/hirek\/a-tamogatasok-hozzak-meg-a-felujitasi-kedvet-3864\u0022\u003E\n                      \u003Cdiv class=\u0022cardd__image\u0022\u003E\n                \u003Cimg loading=\u0022lazy\u0022 src=\u0022\/files\/styles\/teaser\/public\/news\/img_0836_vagott.jpg?itok=HKWJuC1a\u0022 \/\u003E\n\n\n\n\n          \n        \u003C\/div\u003E\n                                          \u003Cdiv class=\u0022cardd__content\u0022\u003E\n      \u003Ch2 class=\u0022cardd__title\u0022\u003E\n        \n\u003Cspan class=\u0022field_type-string\u0022\u003EA t\u00e1mogat\u00e1sok hozz\u00e1k meg a fel\u00faj\u00edt\u00e1si kedvet\u003C\/span\u003E\n\n      \u003C\/h2\u003E\n      \u003Cdiv class=\u0022cardd__time\u0022\u003E\n    \u003Ctime datetime=\u00222016-01-20T13:45:28+0100\u0022\u003E2016. janu\u00e1r 20.\u003C\/time\u003E\n\u003C\/div\u003E\n                        \u003Cdiv class=\u0022cardd__text\u0022\u003E\n            \n            \u003Cdiv class=\u0022field_type-text_long\u0022\u003E  \u003Cp\u003EA t\u00e1rsash\u00e1zak korszer\u0171s\u00edt\u00e9s\u00e9vel ak\u00e1r 60%-kal is cs\u00f6kkenthet\u0151 lenne a lak\u00e1sok energiafelhaszn\u00e1l\u00e1sa \u2014 ez der\u00fcl ki az Energiaklub nemzetk\u00f6zi projektj\u00e9nek eredm\u00e9nyeib\u0151l, amelyben konkr\u00e9t \u00e9p\u00fcleteken...\u003C\/p\u003E\n\n\u003C\/div\u003E\n      \n          \u003C\/div\u003E\n                  \u003C\/div\u003E\n  \u003C\/a\u003E\n              \u003Cdiv class=\u0022buttonn buttonn--download\u0022\u003E\n    \u003Ca class=\u0022buttonn__link\u0022 href=\u0022\/files\/news\/2_energiahatekonysag_osszefoglalo.pdf\u0022 target=\u0022_blank\u0022\u003ELet\u00f6lt\u00f6m\u003C\/a\u003E\n  \u003C\/div\u003E\n\n      \u003C\/article\u003E\n","settings":null},{"command":"insert","method":"append","selector":"#block-block-related-content","data":"\u003Carticle class=\u0022cardd cardd--newsitem\u0022\u003E\n    \u003Ca href=\u0022\/hirek\/eltokelt-a-kormany-elvonna-a-lakossagtol-a-korszerusitesi-tamogatast-3844\u0022\u003E\n                      \u003Cdiv class=\u0022cardd__image\u0022\u003E\n                \u003Cimg loading=\u0022lazy\u0022 src=\u0022\/files\/styles\/teaser\/public\/news\/639746_web_r_by_jean_oumard_pixelio.de_.jpg?itok=jLQETP-Y\u0022 \/\u003E\n\n\n\n\n          \n        \u003C\/div\u003E\n                                          \u003Cdiv class=\u0022cardd__content\u0022\u003E\n      \u003Ch2 class=\u0022cardd__title\u0022\u003E\n        \n\u003Cspan class=\u0022field_type-string\u0022\u003EElt\u00f6k\u00e9lt a korm\u00e1ny: elvonn\u00e1 a lakoss\u00e1gt\u00f3l a korszer\u0171s\u00edt\u00e9si t\u00e1mogat\u00e1st\u003C\/span\u003E\n\n      \u003C\/h2\u003E\n      \u003Cdiv class=\u0022cardd__time\u0022\u003E\n    \u003Ctime datetime=\u00222015-11-26T10:25:00+0100\u0022\u003E2015. november 26.\u003C\/time\u003E\n\u003C\/div\u003E\n                        \u003Cdiv class=\u0022cardd__text\u0022\u003E\n            \n            \u003Cdiv class=\u0022field_type-text_long\u0022\u003E  \u003Cp\u003EN\u00e9h\u00e1ny hete L\u00e1z\u00e1r J\u00e1nos nyilatkozat\u00e1b\u00f3l \u00e9rtes\u00fclhett\u00fcnk arr\u00f3l, hogy a lakoss\u00e1gi energetikai korszer\u0171s\u00edt\u00e9sre sz\u00e1nt 100 milli\u00e1rd forint uni\u00f3s t\u00e1mogat\u00e1si keretet a korm\u00e1ny elvonni sz\u00e1nd\u00e9kozik a magyar...\u003C\/p\u003E\n\n\u003C\/div\u003E\n      \n          \u003C\/div\u003E\n                  \u003C\/div\u003E\n  \u003C\/a\u003E\n            \n      \u003C\/article\u003E\n","settings":null},{"command":"insert","method":"append","selector":"#block-block-related-content","data":"\u003Carticle class=\u0022cardd cardd--newsitem cardd--download\u0022\u003E\n    \u003Ca href=\u0022\/hirek\/a-magyar-kormany-kivette-a-penzt-a-lakossag-zsebebol-3827\u0022\u003E\n                      \u003Cdiv class=\u0022cardd__image\u0022\u003E\n                \u003Cimg loading=\u0022lazy\u0022 src=\u0022\/files\/styles\/teaser\/public\/topic\/epuletek.jpg?itok=K9CCTLWw\u0022 alt=\u0022\u00c9p\u00fcletek\u0022 \/\u003E\n\n\n\n\n          \n        \u003C\/div\u003E\n                                          \u003Cdiv class=\u0022cardd__content\u0022\u003E\n      \u003Ch2 class=\u0022cardd__title\u0022\u003E\n        \n\u003Cspan class=\u0022field_type-string\u0022\u003EA magyar korm\u00e1ny kivette a p\u00e9nzt a lakoss\u00e1g zseb\u00e9b\u0151l\u003C\/span\u003E\n\n      \u003C\/h2\u003E\n      \u003Cdiv class=\u0022cardd__time\u0022\u003E\n    \u003Ctime datetime=\u00222015-10-29T16:02:02+0100\u0022\u003E2015. okt\u00f3ber 29.\u003C\/time\u003E\n\u003C\/div\u003E\n                        \u003Cdiv class=\u0022cardd__text\u0022\u003E\n            \n            \u003Cdiv class=\u0022field_type-text_long\u0022\u003E  \u003Cp\u003EAz Energiaklub \u00e1ll\u00e1spontja szerint hatalmas nemzetstrat\u00e9giai hib\u00e1t k\u00f6vet el a korm\u00e1ny, ha m\u00e9gsem t\u00e1mogatja a lak\u00f3\u00e9p\u00fcletek energetikai korszer\u0171s\u00edt\u00e9s\u00e9t a 2014-2020 id\u0151szak uni\u00f3s forr\u00e1saib\u00f3l. \u00c9rthet\u0151, ha...\u003C\/p\u003E\n\n\u003C\/div\u003E\n      \n          \u003C\/div\u003E\n                  \u003C\/div\u003E\n  \u003C\/a\u003E\n              \u003Cdiv class=\u0022buttonn buttonn--download\u0022\u003E\n    \u003Ca class=\u0022buttonn__link\u0022 href=\u0022\/files\/news\/a_magyar_kormany_kivette_a_penzt_a_lakossag_zsebebol.pdf\u0022 target=\u0022_blank\u0022\u003ELet\u00f6lt\u00f6m\u003C\/a\u003E\n  \u003C\/div\u003E\n\n      \u003C\/article\u003E\n","settings":null},{"command":"insert","method":"append","selector":"#block-block-related-content","data":"\u003Carticle class=\u0022cardd cardd--newsitem cardd--download\u0022\u003E\n    \u003Ca href=\u0022\/hirek\/meg-mindig-nem-tudni-mibol-es-mennyivel-tamogatja-majd-a-kormany-meglevo-epuleteink-3782\u0022\u003E\n                      \u003Cdiv class=\u0022cardd__image\u0022\u003E\n                \u003Cimg loading=\u0022lazy\u0022 src=\u0022\/files\/styles\/teaser\/public\/news\/index_malac.png?itok=Redv0oQu\u0022 \/\u003E\n\n\n\n\n          \n        \u003C\/div\u003E\n                                          \u003Cdiv class=\u0022cardd__content\u0022\u003E\n      \u003Ch2 class=\u0022cardd__title\u0022\u003E\n        \n\u003Cspan class=\u0022field_type-string\u0022\u003EM\u00e9g mindig nem tudni, mib\u0151l \u00e9s mennyivel t\u00e1mogatja majd a korm\u00e1ny megl\u00e9v\u0151 \u00e9p\u00fcleteink energetikai fel\u00faj\u00edt\u00e1s\u00e1t\u003C\/span\u003E\n\n      \u003C\/h2\u003E\n      \u003Cdiv class=\u0022cardd__time\u0022\u003E\n    \u003Ctime datetime=\u00222015-07-16T00:03:00+0200\u0022\u003E2015. j\u00falius 16.\u003C\/time\u003E\n\u003C\/div\u003E\n                        \u003Cdiv class=\u0022cardd__text\u0022\u003E\n            \n            \u003Cdiv class=\u0022field_type-text_long\u0022\u003E  \u003Cp\u003EA most v\u00e9lem\u00e9nyez\u00e9sre bocs\u00e1tott Nemzeti Energiahat\u00e9konys\u00e1gi Cselekv\u00e9si Terv szerint a j\u00f6v\u0151 \u00e9vi k\u00f6lts\u00e9gvet\u00e9s tervezete nem tartalmaz ilyen c\u00e9l\u00fa \u00e1llami forr\u00e1sokat. B\u00e1r az operat\u00edv programokban a h\u00edrek...\u003C\/p\u003E\n\n\u003C\/div\u003E\n      \n          \u003C\/div\u003E\n                  \u003C\/div\u003E\n  \u003C\/a\u003E\n              \u003Cdiv class=\u0022buttonn buttonn--download\u0022\u003E\n    \u003Ca class=\u0022buttonn__link\u0022 href=\u0022\/files\/news\/energiaklub_nhcst_allaspont_20150715.pdf\u0022 target=\u0022_blank\u0022\u003ELet\u00f6lt\u00f6m\u003C\/a\u003E\n  \u003C\/div\u003E\n\n      \u003C\/article\u003E\n","settings":null},{"command":"insert","method":"append","selector":"#block-block-related-content","data":"\u003Cdiv id=\u0022related-more-button\u0022 class=\u0022buttonn buttonn--more\u0022\u003E\u003Ca href=\u0022\/ajax\/node\/3826\/related\/2?_wrapper_format=drupal_ajax\u0022 class=\u0022buttonn__link\u0022 id=\u0022ajax-link\u0022\u003ETov\u00e1bb\u003C\/a\u003E\u003C\/div\u003E\n","settings":null}]