[{"command":"settings","settings":{"pluralDelimiter":"\u0003","suppressDeprecationErrors":true,"ajaxPageState":{"libraries":"eJwVyEEOgCAMBMAPEbj6G9PgkoDS4gJGf6_OcaIRYeNscngpcrv4R9YB6lflnODjk7E67MsIOVEqVqI3054vvDW4GTw","theme":"ek8t","theme_token":null},"ajaxTrustedUrl":{"":true},"ajax":{"ajax-link":{"progress":{"type":"throbber"},"event":"click","url":null,"httpMethod":"POST","dialogType":"ajax"}},"user":{"uid":0,"permissionsHash":"6863daf750f381f928a801c80f348fc99c0bdca77d9a9d8a6e22d1ecbfb21b60"}},"merge":true},{"command":"add_css","data":[{"rel":"stylesheet","media":"all","href":"\/files\/css\/css_JjpohJzxuH9cPwjGcg538YwixVCiWpU46P9gsAJMsow.css?delta=0\u0026language=hu\u0026theme=ek8t\u0026include=eJxLzi9K1U8pKi1IzNFLzEqs0EnNtijRz0wrSsxNjS9KLS7IzyvOLEsFACiHDys"},{"rel":"stylesheet","media":"all","href":"\/files\/css\/css_v70jv7o5u3m832uVJ0751BGNLxaALX_5HgnK7cSbqZw.css?delta=1\u0026language=hu\u0026theme=ek8t\u0026include=eJxLzi9K1U8pKi1IzNFLzEqs0EnNtijRz0wrSsxNjS9KLS7IzyvOLEsFACiHDys"}]},{"command":"add_js","selector":"body","data":[{"src":"\/files\/js\/js_LZS9l9KNCVKpTKndUsCgZP-dlEt48w_JPplv51wALV4.js?scope=footer\u0026delta=0\u0026language=hu\u0026theme=ek8t\u0026include=eJwVyEEOgCAMBMAPEbj6G9PgkoDS4gJGf6_OcaIRYeNscngpcrv4R9YB6lflnODjk7E67MsIOVEqVqI3054vvDW4GTw"}]},{"command":"remove","selector":"#related-more-button"},{"command":"insert","method":"append","selector":"#block-block-related-content","data":"\u003Carticle class=\u0022cardd cardd--project\u0022\u003E\n    \u003Ca href=\u0022\/projekt\/hatekony-energiagazdalkodas-kulturalis-celu-kozintezmenyekben-4423\u0022\u003E\n                      \u003Cdiv class=\u0022cardd__image\u0022\u003E\n                \u003Cimg loading=\u0022lazy\u0022 src=\u0022\/files\/styles\/teaser\/public\/project\/Vig_napelem2.jpg?itok=jDzsumDa\u0022 alt=\u0022Napelemek a V\u00edgsz\u00ednh\u00e1z tetej\u00e9n\u0022 \/\u003E\n\n\n\n\n            \u003Cdiv class=\u0022image-source\u0022\u003Esaj\u00e1t fot\u00f3\u003C\/div\u003E\n\n        \u003C\/div\u003E\n                                          \u003Cdiv class=\u0022cardd__content\u0022\u003E\n      \u003Ch2 class=\u0022cardd__title\u0022\u003E\n        \n\u003Cspan class=\u0022field_type-string\u0022\u003EHat\u00e9kony energiagazd\u00e1lkod\u00e1s kultur\u00e1lis c\u00e9l\u00fa k\u00f6zint\u00e9zm\u00e9nyekben\u003C\/span\u003E\n\n      \u003C\/h2\u003E\n          \n            \u003Cdiv class=\u0022field_type-datetime cardd__time\u0022\u003E\u003Ctime datetime=\u00222016-12-02T12:00:00Z\u0022\u003E2016. 12. 2.\u003C\/time\u003E\n\u003C\/div\u003E\n       - \n            \u003Cdiv class=\u0022field_type-datetime cardd__time\u0022\u003E\u003Ctime datetime=\u00222016-12-20T12:00:00Z\u0022\u003E2016. 12. 20.\u003C\/time\u003E\n\u003C\/div\u003E\n      \n                        \u003Cdiv class=\u0022cardd__text\u0022\u003E\n            \n            \u003Cdiv class=\u0022field_type-text_long\u0022\u003E  \u003Cp\u003EBudapest F\u0151v\u00e1ros \u00d6nkorm\u00e1nyzat\u00e1t 2016. december\u00e9ben k\u00fcl\u00f6nb\u00f6z\u0151 szak\u00e9rt\u0151i szolg\u00e1ltat\u00e1sokkal seg\u00edtett\u00fck abban, hogy kultur\u00e1lis int\u00e9zm\u00e9nyeit energetikai szempontb\u00f3l hat\u00e9konyabban tudja m\u0171k\u00f6dtetni \u00e9s...\u003C\/p\u003E\n\n\u003C\/div\u003E\n      \n          \u003C\/div\u003E\n                  \u003C\/div\u003E\n  \u003C\/a\u003E\n        \u003C\/article\u003E\n","settings":null},{"command":"insert","method":"append","selector":"#block-block-related-content","data":"\u003Carticle class=\u0022cardd cardd--project\u0022\u003E\n    \u003Ca href=\u0022\/projekt\/szakmai-partnerseg-a-rebus-projektben-4443\u0022\u003E\n                      \u003Cdiv class=\u0022cardd__image\u0022\u003E\n                \u003Cimg loading=\u0022lazy\u0022 src=\u0022\/files\/styles\/teaser\/public\/project\/IMG_20170222_130617.jpg?itok=w3aI3UuI\u0022 alt=\u0022M\u0171helymunka a projektpartnerekkel\u0022 \/\u003E\n\n\n\n\n          \n        \u003C\/div\u003E\n                                          \u003Cdiv class=\u0022cardd__content\u0022\u003E\n      \u003Ch2 class=\u0022cardd__title\u0022\u003E\n        \n\u003Cspan class=\u0022field_type-string\u0022\u003ESzakmai partners\u00e9g a REBUS projektben\u003C\/span\u003E\n\n      \u003C\/h2\u003E\n          \n            \u003Cdiv class=\u0022field_type-datetime cardd__time\u0022\u003E\u003Ctime datetime=\u00222016-04-01T12:00:00Z\u0022\u003E2016. 04. 1.\u003C\/time\u003E\n\u003C\/div\u003E\n       - \n            \u003Cdiv class=\u0022field_type-datetime cardd__time\u0022\u003E\u003Ctime datetime=\u00222021-03-31T12:00:00Z\u0022\u003E2021. 03. 31.\u003C\/time\u003E\n\u003C\/div\u003E\n      \n                        \u003Cdiv class=\u0022cardd__text\u0022\u003E\n            \n            \u003Cdiv class=\u0022field_type-text_long\u0022\u003E  \u003Cp\u003EA REBUS (Renovation for Energy Efficient Buildings) projekt c\u00e9lja, hogy megkeresse azokat a helyi, megyei vagy region\u00e1lis szinten szakpolitikai eszk\u00f6z\u00f6ket - p\u00e9ld\u00e1ul fenntarthat\u00f3 energia akci\u00f3tervek...\u003C\/p\u003E\n\n\u003C\/div\u003E\n      \n          \u003C\/div\u003E\n                  \u003C\/div\u003E\n  \u003C\/a\u003E\n        \u003C\/article\u003E\n","settings":null},{"command":"insert","method":"append","selector":"#block-block-related-content","data":"\u003Carticle class=\u0022cardd cardd--newsitem\u0022\u003E\n    \u003Ca href=\u0022\/hirek\/ha-tizenhat-del-dunantuli-telepules-osszefog-3764\u0022\u003E\n                      \u003Cdiv class=\u0022cardd__image\u0022\u003E\n                \u003Cimg loading=\u0022lazy\u0022 src=\u0022\/files\/styles\/teaser\/public\/topic\/telepulesek.jpg?itok=jiqRh4gC\u0022 alt=\u0022Telep\u00fcl\u00e9sek\u0022 \/\u003E\n\n\n\n\n          \n        \u003C\/div\u003E\n                                          \u003Cdiv class=\u0022cardd__content\u0022\u003E\n      \u003Ch2 class=\u0022cardd__title\u0022\u003E\n        \n\u003Cspan class=\u0022field_type-string\u0022\u003EHa tizenhat d\u00e9l-dun\u00e1nt\u00fali telep\u00fcl\u00e9s \u00f6sszefog\u2026\u003C\/span\u003E\n\n      \u003C\/h2\u003E\n      \u003Cdiv class=\u0022cardd__time\u0022\u003E\n    \u003Ctime datetime=\u00222015-06-17T18:48:52+0200\u0022\u003E2015. j\u00fanius 17.\u003C\/time\u003E\n\u003C\/div\u003E\n                        \u003Cdiv class=\u0022cardd__text\u0022\u003E\n            \n            \u003Cdiv class=\u0022field_type-text_long\u0022\u003E  \u003Cp\u003ESz\u00e1munkra is meglep\u0151en gyorsan siker\u00fclt a Mecseki Energia K\u00f6r telep\u00fcl\u00e9seinek k\u00f6z\u00f6s er\u0151vel \u00e9s az Energiaklub seg\u00edts\u00e9g\u00e9vel k\u00e9zzel foghat\u00f3 energetikai beruh\u00e1z\u00e1sok megval\u00f3s\u00edt\u00e1s\u00e1ig eljutnia, a strat\u00e9giai...\u003C\/p\u003E\n\n\u003C\/div\u003E\n      \n          \u003C\/div\u003E\n                  \u003C\/div\u003E\n  \u003C\/a\u003E\n            \n      \u003C\/article\u003E\n","settings":null},{"command":"insert","method":"append","selector":"#block-block-related-content","data":"\u003Carticle class=\u0022cardd cardd--newsitem\u0022\u003E\n    \u003Ca href=\u0022\/hirek\/kozosen-konnyebb-magyarorszag-elso-kozos-seap-ja-16-del-dunantuli-telepules-osszefogasaval-3753\u0022\u003E\n                      \u003Cdiv class=\u0022cardd__image\u0022\u003E\n                \u003Cimg loading=\u0022lazy\u0022 src=\u0022\/files\/styles\/teaser\/public\/news\/the-first-hungarian-joint-seap-with-the-cooperation-of-16-south-transdanubian-municipalities_articlelarge.jpg?itok=tWqSN92N\u0022 \/\u003E\n\n\n\n\n          \n        \u003C\/div\u003E\n                                          \u003Cdiv class=\u0022cardd__content\u0022\u003E\n      \u003Ch2 class=\u0022cardd__title\u0022\u003E\n        \n\u003Cspan class=\u0022field_type-string\u0022\u003EK\u00d6Z\u00d6SEN K\u00d6NNYEBB! - Magyarorsz\u00e1g els\u0151 k\u00f6z\u00f6s SEAP-ja 16 d\u00e9l-dun\u00e1nt\u00fali telep\u00fcl\u00e9s \u00f6sszefog\u00e1s\u00e1val\u003C\/span\u003E\n\n      \u003C\/h2\u003E\n      \u003Cdiv class=\u0022cardd__time\u0022\u003E\n    \u003Ctime datetime=\u00222015-03-24T00:00:00+0100\u0022\u003E2015. m\u00e1rcius 24.\u003C\/time\u003E\n\u003C\/div\u003E\n                        \u003Cdiv class=\u0022cardd__text\u0022\u003E\n            \n            \u003Cdiv class=\u0022field_type-text_long\u0022\u003E  \u003Cp\u003EA 100% Meg\u00fajul\u00f3 Energia Telep\u00fcl\u00e9sek projekt egyik legf\u0151bb c\u00e9lkit\u0171z\u00e9se volt, hogy \u00fan. k\u00f6z\u00f6s SEAP-ot, teh\u00e1t Fenntarthat\u00f3 Energia Akci\u00f3programot k\u00e9sz\u00edtsenek a r\u00e9sztvev\u0151 orsz\u00e1gok t\u00f6bb vid\u00e9ki telep\u00fcl\u00e9s...\u003C\/p\u003E\n\n\u003C\/div\u003E\n      \n          \u003C\/div\u003E\n                  \u003C\/div\u003E\n  \u003C\/a\u003E\n            \n      \u003C\/article\u003E\n","settings":null},{"command":"insert","method":"append","selector":"#block-block-related-content","data":"\u003Carticle class=\u0022cardd cardd--event\u0022\u003E\n    \u003Ca href=\u0022\/rendezveny\/smenergy-projekt-zarokonferencia-a-kkv-k-energetikai-atallasanak-tamogatasa-12635\u0022\u003E\n                      \u003Cdiv class=\u0022cardd__image\u0022\u003E\n                \u003Cimg loading=\u0022lazy\u0022 src=\u0022\/files\/styles\/teaser\/public\/event\/arculat-kep-15_0.png?itok=r9wWIEF8\u0022 alt=\u0022\u0022 \/\u003E\n\n\n\n\n            \u003Cdiv class=\u0022image-source\u0022\u003Eformacio.hu\u003C\/div\u003E\n\n        \u003C\/div\u003E\n                                          \u003Cdiv class=\u0022cardd__content\u0022\u003E\n      \u003Ch2 class=\u0022cardd__title\u0022\u003E\n        \n\u003Cspan class=\u0022field_type-string\u0022\u003ESMEnergy projekt z\u00e1r\u00f3konferencia: A kkv-k energetikai \u00e1t\u00e1ll\u00e1s\u00e1nak t\u00e1mogat\u00e1sa\u003C\/span\u003E\n\n      \u003C\/h2\u003E\n      \u003Cdiv class=\u0022cardd__label cardd--event__label\u0022\u003E\n  \u003Ctime datetime=\u00222026-06-09T09:00:00+0200\n\u0022\u003E\n      \u003Cdiv class=\u0022date\u0022\u003Ej\u00fan. 09.\n\u003C\/div\u003E\n    \u003Cdiv class=\u0022time\u0022\u003E\n      \u003Cspan\u003E09:00\n\u003C\/span\u003E\n              \u003Cspan\u003E - \u003C\/span\u003E\u003Cspan class=\u0022date__time\u0022\u003E15:00\n\u003C\/span\u003E\n          \u003C\/div\u003E\n    \u003C\/time\u003E\n\u003C\/div\u003E\n                        \u003Cdiv class=\u0022cardd__text\u0022\u003E\n            \n            \u003Cdiv class=\u0022field_type-text_long\u0022\u003E  \u003Cp\u003EAz SMEnergy projekt z\u00e1r\u00f3konferenci\u00e1ja a kis- \u00e9s k\u00f6z\u00e9pv\u00e1llalkoz\u00e1sok (kkv-k) z\u00f6ldenergia-\u00e1t\u00e1ll\u00e1s\u00e1nak t\u00e1mogat\u00e1s\u00e1ra f\u00f3kusz\u00e1l. A rendezv\u00e9ny a 30 h\u00f3napos nemzetk\u00f6zi egy\u00fcttm\u0171k\u00f6d\u00e9s eredm\u00e9nyeit mutatja be...\u003C\/p\u003E\n\n\u003C\/div\u003E\n      \n          \u003C\/div\u003E\n                  \u003C\/div\u003E\n  \u003C\/a\u003E\n            \n      \u003C\/article\u003E\n","settings":null},{"command":"insert","method":"append","selector":"#block-block-related-content","data":"\u003Carticle class=\u0022cardd cardd--event\u0022\u003E\n    \u003Ca href=\u0022\/rendezveny\/fiatalok-bevonasa-a-telepulesek-eletebe-elonyok-lehetosegek-es-nehezsegek-12634\u0022\u003E\n                      \u003Cdiv class=\u0022cardd__image\u0022\u003E\n                \u003Cimg loading=\u0022lazy\u0022 src=\u0022\/files\/styles\/teaser\/public\/event\/fb_post_GearUP_maj15.png?itok=6A1GkSiP\u0022 alt=\u0022\u0022 \/\u003E\n\n\n\n\n            \u003Cdiv class=\u0022image-source\u0022\u003ESzabolcs Nagy \/ Mindworks\u003C\/div\u003E\n\n        \u003C\/div\u003E\n                                          \u003Cdiv class=\u0022cardd__content\u0022\u003E\n      \u003Ch2 class=\u0022cardd__title\u0022\u003E\n        \n\u003Cspan class=\u0022field_type-string\u0022\u003EFiatalok bevon\u00e1sa a telep\u00fcl\u00e9sek \u00e9let\u00e9be - el\u0151ny\u00f6k, lehet\u0151s\u00e9gek \u00e9s neh\u00e9zs\u00e9gek\u003C\/span\u003E\n\n      \u003C\/h2\u003E\n      \u003Cdiv class=\u0022cardd__label cardd--event__label\u0022\u003E\n  \u003Ctime datetime=\u00222026-05-15T10:00:00+0200\n\u0022\u003E\n      \u003Cdiv class=\u0022date\u0022\u003Em\u00e1j. 15.\n\u003C\/div\u003E\n    \u003Cdiv class=\u0022time\u0022\u003E\n      \u003Cspan\u003E10:00\n\u003C\/span\u003E\n              \u003Cspan\u003E - \u003C\/span\u003E\u003Cspan class=\u0022date__time\u0022\u003E12:00\n\u003C\/span\u003E\n          \u003C\/div\u003E\n    \u003C\/time\u003E\n\u003C\/div\u003E\n                        \u003Cdiv class=\u0022cardd__text\u0022\u003E\n            \n            \u003Cdiv class=\u0022field_type-text_long\u0022\u003E  \u003Cp\u003EHogyan ford\u00edthatjuk a fiatalok kl\u00edmaszorong\u00e1s\u00e1t k\u00f6z\u00f6ss\u00e9gi energi\u00e1v\u00e1? Tapasztalatok szerint a leghat\u00e9konyabb eszk\u00f6z a szorong\u00e1s enyh\u00edt\u00e9s\u00e9re a cselekv\u00e9s \u00e9s a bevon\u00f3d\u00e1s . Ha a fiatalok nem csak passz\u00edv...\u003C\/p\u003E\n\n\u003C\/div\u003E\n      \n          \u003C\/div\u003E\n                  \u003C\/div\u003E\n  \u003C\/a\u003E\n            \n      \u003C\/article\u003E\n","settings":null},{"command":"insert","method":"append","selector":"#block-block-related-content","data":"\u003Carticle class=\u0022cardd cardd--event\u0022\u003E\n    \u003Ca href=\u0022\/rendezveny\/klimaszorongasbol-cselekves-hogyan-tamogathatjuk-ebben-a-fiatalokat-12738\u0022\u003E\n                      \u003Cdiv class=\u0022cardd__image\u0022\u003E\n                \u003Cimg loading=\u0022lazy\u0022 src=\u0022\/files\/styles\/teaser\/public\/event\/malyva_bal.png?itok=8TKRcUop\u0022 alt=\u0022\u0022 \/\u003E\n\n\n\n\n          \n        \u003C\/div\u003E\n                                          \u003Cdiv class=\u0022cardd__content\u0022\u003E\n      \u003Ch2 class=\u0022cardd__title\u0022\u003E\n        \n\u003Cspan class=\u0022field_type-string\u0022\u003EKl\u00edmaszorong\u00e1sb\u00f3l cselekv\u00e9s \u2013 hogyan t\u00e1mogathatjuk ebben a fiatalokat?\u003C\/span\u003E\n\n      \u003C\/h2\u003E\n      \u003Cdiv class=\u0022cardd__label cardd--event__label\u0022\u003E\n  \u003Ctime datetime=\u00222026-05-07T14:00:00+0200\n\u0022\u003E\n      \u003Cdiv class=\u0022date\u0022\u003Em\u00e1j. 07.\n\u003C\/div\u003E\n    \u003Cdiv class=\u0022time\u0022\u003E\n      \u003Cspan\u003E14:00\n\u003C\/span\u003E\n              \u003Cspan\u003E - \u003C\/span\u003E\u003Cspan class=\u0022date__time\u0022\u003E15:45\n\u003C\/span\u003E\n          \u003C\/div\u003E\n    \u003C\/time\u003E\n\u003C\/div\u003E\n                        \u003Cdiv class=\u0022cardd__text\u0022\u003E\n            \n            \u003Cdiv class=\u0022field_type-text_long\u0022\u003E  \u003Cp\u003EOnline esem\u00e9ny\u00fcnk\u00f6n olyan j\u00f3 gyakorlatokat, m\u00f3dszereket \u00e9s kommunik\u00e1ci\u00f3s megk\u00f6zel\u00edt\u00e9seket mutatunk be, amelyek seg\u00edthetnek azoknak a szakembereknek \u00e9s szerepl\u0151knek, akik fiatalokkal dolgoznak, \u00e9s...\u003C\/p\u003E\n\n\u003C\/div\u003E\n      \n          \u003C\/div\u003E\n                  \u003C\/div\u003E\n  \u003C\/a\u003E\n            \n      \u003C\/article\u003E\n","settings":null},{"command":"insert","method":"append","selector":"#block-block-related-content","data":"\u003Carticle class=\u0022cardd cardd--article\u0022\u003E\n    \u003Ca href=\u0022\/cikk\/az-egyablakos-felujitasi-szolgaltatok-jelentik-a-hidat-a-politikai-elkotelezettseg-es-a-13060\u0022\u003E\n                      \u003Cdiv class=\u0022cardd__image\u0022\u003E\n                \u003Cimg loading=\u0022lazy\u0022 src=\u0022\/files\/styles\/teaser\/public\/article\/69c24614a5390cddea3ddde2_oss_the_bridge.jpg?itok=hK_NrL5e\u0022 alt=\u0022One-stop shops: the bridge between policy ambition and the real world delivery of EE renovated buildings\u0022 \/\u003E\n\n\n\n\n            \u003Cdiv class=\u0022image-source\u0022\u003EEU Peers\u003C\/div\u003E\n\n        \u003C\/div\u003E\n                            \u003Cdiv class=\u0022cardd__label\u0022\u003E\n          Cikk\n        \u003C\/div\u003E\n                            \u003Cdiv class=\u0022cardd__content\u0022\u003E\n      \u003Ch2 class=\u0022cardd__title\u0022\u003E\n        \n\u003Cspan class=\u0022field_type-string\u0022\u003EAz egyablakos fel\u00faj\u00edt\u00e1si szolg\u00e1ltat\u00f3k jelentik a hidat a politikai elk\u00f6telezetts\u00e9g \u00e9s a gyakorlati megval\u00f3s\u00edt\u00e1s k\u00f6z\u00f6tt  \u003C\/span\u003E\n\n      \u003C\/h2\u003E\n          \n            \u003Cdiv class=\u0022field_type-datetime cardd__time\u0022\u003E\u003Ctime datetime=\u00222026-04-28T12:00:00Z\u0022\u003E2026. \u00e1prilis 28.\u003C\/time\u003E\n\u003C\/div\u003E\n      \n                        \u003Cdiv class=\u0022cardd__text\u0022\u003E\n            \n            \u003Cdiv class=\u0022field_type-text_long\u0022\u003E  \u003Cp\u003EAz Eur\u00f3pai Bizotts\u00e1g (EU) 2026\/536 sz\u00e1m\u00fa aj\u00e1nl\u00e1sa hat\u00e1rozott \u00fatmutat\u00e1st ny\u00fajt a tag\u00e1llamok sz\u00e1m\u00e1ra, hogy az egyablakos fel\u00faj\u00edt\u00e1si szolg\u00e1ltat\u00f3kat (angolul One-Stop Shop, r\u00f6vid\u00edtve OSS) a hat\u00e9kony, \u00e9s...\u003C\/p\u003E\n\n\u003C\/div\u003E\n      \n          \u003C\/div\u003E\n                  \u003C\/div\u003E\n  \u003C\/a\u003E\n            \n      \u003C\/article\u003E\n","settings":null},{"command":"insert","method":"append","selector":"#block-block-related-content","data":"\u003Carticle class=\u0022cardd cardd--newsitem cardd--download\u0022\u003E\n    \u003Ca href=\u0022\/hirek\/felhivas-helyi-hoterhelest-csokkento-termeszet-alapu-mintaprojektek-megvalositasa-12778\u0022\u003E\n                      \u003Cdiv class=\u0022cardd__image\u0022\u003E\n                \u003Cimg loading=\u0022lazy\u0022 src=\u0022\/files\/styles\/teaser\/public\/news\/Image%2023_04_2026.png?itok=W5-3IKxE\u0022 alt=\u0022\u0022 \/\u003E\n\n\n\n\n          \n        \u003C\/div\u003E\n                                          \u003Cdiv class=\u0022cardd__content\u0022\u003E\n      \u003Ch2 class=\u0022cardd__title\u0022\u003E\n        \n\u003Cspan class=\u0022field_type-string\u0022\u003EFelh\u00edv\u00e1s: Helyi h\u0151terhel\u00e9st cs\u00f6kkent\u0151, term\u00e9szet-alap\u00fa mintaprojektek megval\u00f3s\u00edt\u00e1sa\u003C\/span\u003E\n\n      \u003C\/h2\u003E\n      \u003Cdiv class=\u0022cardd__time\u0022\u003E\n    \u003Ctime datetime=\u00222026-04-23T14:45:26+0200\u0022\u003E2026. \u00e1prilis 23.\u003C\/time\u003E\n\u003C\/div\u003E\n                        \u003Cdiv class=\u0022cardd__text\u0022\u003E\n            \n            \u003Cdiv class=\u0022field_type-text_long\u0022\u003E  \u003Cp\u003EV\u00e1rjuk \u00f6nkorm\u00e1nyzatok \u00e9s egy\u00e9b nem nyeres\u00e9g\u00e9rdekelt szervezetek (egy\u00fcttm\u0171k\u00f6d\u0151 partnerek) jelentkez\u00e9s\u00e9t k\u00e9t helyi h\u0151terhel\u00e9st cs\u00f6kkent\u0151, term\u00e9szet-alap\u00fa mintaprojekt k\u00f6z\u00f6s megval\u00f3s\u00edt\u00e1s\u00e1ra.\u003C\/p\u003E\n\n\u003C\/div\u003E\n      \n          \u003C\/div\u003E\n                  \u003C\/div\u003E\n  \u003C\/a\u003E\n              \u003Cdiv class=\u0022buttonn buttonn--download\u0022\u003E\n    \u003Ca class=\u0022buttonn__link\u0022 href=\u0022\/files\/news\/Pilot%20program%20t%C3%A1j%C3%A9koztat%C3%B3%20TopHeAT-HU.pdf\u0022 target=\u0022_blank\u0022\u003ELet\u00f6lt\u00f6m\u003C\/a\u003E\n  \u003C\/div\u003E\n\n      \u003C\/article\u003E\n","settings":null},{"command":"insert","method":"append","selector":"#block-block-related-content","data":"\u003Cdiv id=\u0022related-more-button\u0022 class=\u0022buttonn buttonn--more\u0022\u003E\u003Ca href=\u0022\/ajax\/node\/2644\/related\/2?_wrapper_format=drupal_ajax\u0022 class=\u0022buttonn__link\u0022 id=\u0022ajax-link\u0022\u003ETov\u00e1bb\u003C\/a\u003E\u003C\/div\u003E\n","settings":null}]