[{"command":"settings","settings":{"pluralDelimiter":"\u0003","suppressDeprecationErrors":true,"ajaxPageState":{"libraries":"eJwVyEEOgCAMBMAPEbj6G9PgkoDS4gJGf6_OcaIRYeNscngpcrv4R9YB6lflnODjk7E67MsIOVEqVqI3054vvDW4GTw","theme":"ek8t","theme_token":null},"ajaxTrustedUrl":[],"ajax":{"ajax-link":{"progress":{"type":"throbber"},"event":"click","url":null,"httpMethod":"POST","dialogType":"ajax"}},"user":{"uid":0,"permissionsHash":"6863daf750f381f928a801c80f348fc99c0bdca77d9a9d8a6e22d1ecbfb21b60"}},"merge":true},{"command":"add_css","data":[{"rel":"stylesheet","media":"all","href":"\/files\/css\/css_beWu3KcvLiqA5CvA49mT7tMkGBsWExY53KCda5bKlQw.css?delta=0\u0026language=hu\u0026theme=ek8t\u0026include=eJxLzi9K1U8pKi1IzNFLzEqs0EnNtijRz0wrSsxNjS9KLS7IzyvOLEsFACiHDys"},{"rel":"stylesheet","media":"all","href":"\/files\/css\/css_v70jv7o5u3m832uVJ0751BGNLxaALX_5HgnK7cSbqZw.css?delta=1\u0026language=hu\u0026theme=ek8t\u0026include=eJxLzi9K1U8pKi1IzNFLzEqs0EnNtijRz0wrSsxNjS9KLS7IzyvOLEsFACiHDys"}]},{"command":"add_js","selector":"body","data":[{"src":"\/core\/assets\/vendor\/jquery\/jquery.min.js?v=4.0.0"},{"src":"\/files\/js\/js_OQFmUYQgEH416YCNBENGM8fAfpHbD0QSlKgn6GE4yMQ.js?scope=footer\u0026delta=1\u0026language=hu\u0026theme=ek8t\u0026include=eJwVyEEOgCAMBMAPEbj6G9PgkoDS4gJGf6_OcaIRYeNscngpcrv4R9YB6lflnODjk7E67MsIOVEqVqI3054vvDW4GTw"}]},{"command":"remove","selector":"#related-more-button"},{"command":"insert","method":"append","selector":"#block-block-related-content","data":"\u003Carticle class=\u0022cardd cardd--project\u0022\u003E\n    \u003Ca href=\u0022\/projekt\/hatekony-energiagazdalkodas-kulturalis-celu-kozintezmenyekben-4423\u0022\u003E\n                      \u003Cdiv class=\u0022cardd__image\u0022\u003E\n                \u003Cimg loading=\u0022lazy\u0022 src=\u0022\/files\/styles\/teaser\/public\/project\/Vig_napelem2.jpg?itok=jDzsumDa\u0022 alt=\u0022Napelemek a V\u00edgsz\u00ednh\u00e1z tetej\u00e9n\u0022 \/\u003E\n\n\n\n\n            \u003Cdiv class=\u0022image-source\u0022\u003Esaj\u00e1t fot\u00f3\u003C\/div\u003E\n\n        \u003C\/div\u003E\n                                          \u003Cdiv class=\u0022cardd__content\u0022\u003E\n      \u003Ch2 class=\u0022cardd__title\u0022\u003E\n        \n\u003Cspan class=\u0022field_type-string\u0022\u003EHat\u00e9kony energiagazd\u00e1lkod\u00e1s kultur\u00e1lis c\u00e9l\u00fa k\u00f6zint\u00e9zm\u00e9nyekben\u003C\/span\u003E\n\n      \u003C\/h2\u003E\n          \n            \u003Cdiv class=\u0022field_type-datetime cardd__time\u0022\u003E\u003Ctime datetime=\u00222016-12-02T12:00:00Z\u0022\u003E2016. 12. 2.\u003C\/time\u003E\n\u003C\/div\u003E\n       - \n            \u003Cdiv class=\u0022field_type-datetime cardd__time\u0022\u003E\u003Ctime datetime=\u00222016-12-20T12:00:00Z\u0022\u003E2016. 12. 20.\u003C\/time\u003E\n\u003C\/div\u003E\n      \n                        \u003Cdiv class=\u0022cardd__text\u0022\u003E\n            \n            \u003Cdiv class=\u0022field_type-text_long\u0022\u003E  \u003Cp\u003EBudapest F\u0151v\u00e1ros \u00d6nkorm\u00e1nyzat\u00e1t 2016. december\u00e9ben k\u00fcl\u00f6nb\u00f6z\u0151 szak\u00e9rt\u0151i szolg\u00e1ltat\u00e1sokkal seg\u00edtett\u00fck abban, hogy kultur\u00e1lis int\u00e9zm\u00e9nyeit energetikai szempontb\u00f3l hat\u00e9konyabban tudja m\u0171k\u00f6dtetni \u00e9s...\u003C\/p\u003E\n\n\u003C\/div\u003E\n      \n          \u003C\/div\u003E\n                  \u003C\/div\u003E\n  \u003C\/a\u003E\n        \u003C\/article\u003E\n","settings":null},{"command":"insert","method":"append","selector":"#block-block-related-content","data":"\u003Carticle class=\u0022cardd cardd--project\u0022\u003E\n    \u003Ca href=\u0022\/projekt\/szakmai-partnerseg-a-rebus-projektben-4443\u0022\u003E\n                      \u003Cdiv class=\u0022cardd__image\u0022\u003E\n                \u003Cimg loading=\u0022lazy\u0022 src=\u0022\/files\/styles\/teaser\/public\/project\/IMG_20170222_130617.jpg?itok=w3aI3UuI\u0022 alt=\u0022M\u0171helymunka a projektpartnerekkel\u0022 \/\u003E\n\n\n\n\n          \n        \u003C\/div\u003E\n                                          \u003Cdiv class=\u0022cardd__content\u0022\u003E\n      \u003Ch2 class=\u0022cardd__title\u0022\u003E\n        \n\u003Cspan class=\u0022field_type-string\u0022\u003ESzakmai partners\u00e9g a REBUS projektben\u003C\/span\u003E\n\n      \u003C\/h2\u003E\n          \n            \u003Cdiv class=\u0022field_type-datetime cardd__time\u0022\u003E\u003Ctime datetime=\u00222016-04-01T12:00:00Z\u0022\u003E2016. 04. 1.\u003C\/time\u003E\n\u003C\/div\u003E\n       - \n            \u003Cdiv class=\u0022field_type-datetime cardd__time\u0022\u003E\u003Ctime datetime=\u00222021-03-31T12:00:00Z\u0022\u003E2021. 03. 31.\u003C\/time\u003E\n\u003C\/div\u003E\n      \n                        \u003Cdiv class=\u0022cardd__text\u0022\u003E\n            \n            \u003Cdiv class=\u0022field_type-text_long\u0022\u003E  \u003Cp\u003EA REBUS (Renovation for Energy Efficient Buildings) projekt c\u00e9lja, hogy megkeresse azokat a helyi, megyei vagy region\u00e1lis szinten szakpolitikai eszk\u00f6z\u00f6ket - p\u00e9ld\u00e1ul fenntarthat\u00f3 energia akci\u00f3tervek...\u003C\/p\u003E\n\n\u003C\/div\u003E\n      \n          \u003C\/div\u003E\n                  \u003C\/div\u003E\n  \u003C\/a\u003E\n        \u003C\/article\u003E\n","settings":null},{"command":"insert","method":"append","selector":"#block-block-related-content","data":"\u003Carticle class=\u0022cardd cardd--newsitem\u0022\u003E\n    \u003Ca href=\u0022\/hirek\/ha-tizenhat-del-dunantuli-telepules-osszefog-3764\u0022\u003E\n                      \u003Cdiv class=\u0022cardd__image\u0022\u003E\n                \u003Cimg loading=\u0022lazy\u0022 src=\u0022\/files\/styles\/teaser\/public\/topic\/telepulesek.jpg?itok=jiqRh4gC\u0022 alt=\u0022Telep\u00fcl\u00e9sek\u0022 \/\u003E\n\n\n\n\n          \n        \u003C\/div\u003E\n                                          \u003Cdiv class=\u0022cardd__content\u0022\u003E\n      \u003Ch2 class=\u0022cardd__title\u0022\u003E\n        \n\u003Cspan class=\u0022field_type-string\u0022\u003EHa tizenhat d\u00e9l-dun\u00e1nt\u00fali telep\u00fcl\u00e9s \u00f6sszefog\u2026\u003C\/span\u003E\n\n      \u003C\/h2\u003E\n      \u003Cdiv class=\u0022cardd__time\u0022\u003E\n    \u003Ctime datetime=\u00222015-06-17T18:48:52+0200\u0022\u003E2015. j\u00fanius 17.\u003C\/time\u003E\n\u003C\/div\u003E\n                        \u003Cdiv class=\u0022cardd__text\u0022\u003E\n            \n            \u003Cdiv class=\u0022field_type-text_long\u0022\u003E  \u003Cp\u003ESz\u00e1munkra is meglep\u0151en gyorsan siker\u00fclt a Mecseki Energia K\u00f6r telep\u00fcl\u00e9seinek k\u00f6z\u00f6s er\u0151vel \u00e9s az Energiaklub seg\u00edts\u00e9g\u00e9vel k\u00e9zzel foghat\u00f3 energetikai beruh\u00e1z\u00e1sok megval\u00f3s\u00edt\u00e1s\u00e1ig eljutnia, a strat\u00e9giai...\u003C\/p\u003E\n\n\u003C\/div\u003E\n      \n          \u003C\/div\u003E\n                  \u003C\/div\u003E\n  \u003C\/a\u003E\n            \n      \u003C\/article\u003E\n","settings":null},{"command":"insert","method":"append","selector":"#block-block-related-content","data":"\u003Carticle class=\u0022cardd cardd--newsitem\u0022\u003E\n    \u003Ca href=\u0022\/hirek\/kozosen-konnyebb-magyarorszag-elso-kozos-seap-ja-16-del-dunantuli-telepules-osszefogasaval-3753\u0022\u003E\n                      \u003Cdiv class=\u0022cardd__image\u0022\u003E\n                \u003Cimg loading=\u0022lazy\u0022 src=\u0022\/files\/styles\/teaser\/public\/news\/the-first-hungarian-joint-seap-with-the-cooperation-of-16-south-transdanubian-municipalities_articlelarge.jpg?itok=tWqSN92N\u0022 \/\u003E\n\n\n\n\n          \n        \u003C\/div\u003E\n                                          \u003Cdiv class=\u0022cardd__content\u0022\u003E\n      \u003Ch2 class=\u0022cardd__title\u0022\u003E\n        \n\u003Cspan class=\u0022field_type-string\u0022\u003EK\u00d6Z\u00d6SEN K\u00d6NNYEBB! - Magyarorsz\u00e1g els\u0151 k\u00f6z\u00f6s SEAP-ja 16 d\u00e9l-dun\u00e1nt\u00fali telep\u00fcl\u00e9s \u00f6sszefog\u00e1s\u00e1val\u003C\/span\u003E\n\n      \u003C\/h2\u003E\n      \u003Cdiv class=\u0022cardd__time\u0022\u003E\n    \u003Ctime datetime=\u00222015-03-24T00:00:00+0100\u0022\u003E2015. m\u00e1rcius 24.\u003C\/time\u003E\n\u003C\/div\u003E\n                        \u003Cdiv class=\u0022cardd__text\u0022\u003E\n            \n            \u003Cdiv class=\u0022field_type-text_long\u0022\u003E  \u003Cp\u003EA 100% Meg\u00fajul\u00f3 Energia Telep\u00fcl\u00e9sek projekt egyik legf\u0151bb c\u00e9lkit\u0171z\u00e9se volt, hogy \u00fan. k\u00f6z\u00f6s SEAP-ot, teh\u00e1t Fenntarthat\u00f3 Energia Akci\u00f3programot k\u00e9sz\u00edtsenek a r\u00e9sztvev\u0151 orsz\u00e1gok t\u00f6bb vid\u00e9ki telep\u00fcl\u00e9s...\u003C\/p\u003E\n\n\u003C\/div\u003E\n      \n          \u003C\/div\u003E\n                  \u003C\/div\u003E\n  \u003C\/a\u003E\n            \n      \u003C\/article\u003E\n","settings":null},{"command":"insert","method":"append","selector":"#block-block-related-content","data":"\u003Carticle class=\u0022cardd cardd--event cardd--download\u0022\u003E\n    \u003Ca href=\u0022\/rendezveny\/energetikai-megoldasok-es-megterules-hulladekho-hasznositas-es-koltseghatekony-muszaki-16404\u0022\u003E\n                      \u003Cdiv class=\u0022cardd__image\u0022\u003E\n                \u003Cimg loading=\u0022lazy\u0022 src=\u0022\/files\/styles\/teaser\/public\/event\/ajka.png?itok=pVo7N29U\u0022 alt=\u0022megh\u00edv\u00f3\u0022 \/\u003E\n\n\n\n\n          \n        \u003C\/div\u003E\n                                          \u003Cdiv class=\u0022cardd__content\u0022\u003E\n      \u003Ch2 class=\u0022cardd__title\u0022\u003E\n        \n\u003Cspan class=\u0022field_type-string\u0022\u003EEnergetikai Megold\u00e1sok \u00e9s Megt\u00e9r\u00fcl\u00e9s: Hullad\u00e9kh\u0151-hasznos\u00edt\u00e1s \u00e9s K\u00f6lts\u00e9ghat\u00e9kony M\u0171szaki Innov\u00e1ci\u00f3k KKV-knak\u003C\/span\u003E\n\n      \u003C\/h2\u003E\n      \u003Cdiv class=\u0022cardd__label cardd--event__label\u0022\u003E\n  \u003Ctime datetime=\u00222026-09-30T09:00:00+0200\n\u0022\u003E\n      \u003Cdiv class=\u0022date\u0022\u003ESzep. 30.\n\u003C\/div\u003E\n    \u003Cdiv class=\u0022time\u0022\u003E\n      \u003Cspan\u003E09:00\n\u003C\/span\u003E\n              \u003Cspan\u003E - \u003C\/span\u003E\u003Cspan class=\u0022date__time\u0022\u003E14:00\n\u003C\/span\u003E\n          \u003C\/div\u003E\n    \u003C\/time\u003E\n\u003C\/div\u003E\n                        \u003Cdiv class=\u0022cardd__text\u0022\u003E\n            \n            \u003Cdiv class=\u0022field_type-text_long\u0022\u003E  \u003Cp\u003E2026. szeptember 30-\u00e1n Ajk\u00e1n v\u00e1rjuk a kis- \u00e9s k\u00f6z\u00e9pv\u00e1llalkoz\u00e1sok k\u00e9pvisel\u0151it k\u00f6vetkez\u0151 szakmai rendezv\u00e9ny\u00fcnkre, ahol az energiahat\u00e9konys\u00e1got els\u0151sorban v\u00e1llalati \u00e9s megt\u00e9r\u00fcl\u00e9si szempontb\u00f3l j\u00e1rjuk...\u003C\/p\u003E\n\n\u003C\/div\u003E\n      \n          \u003C\/div\u003E\n                  \u003C\/div\u003E\n  \u003C\/a\u003E\n              \u003Cdiv class=\u0022buttonn buttonn--download\u0022\u003E\n    \u003Ca class=\u0022buttonn__link\u0022 href=\u0022\/files\/event\/ajka%20%282%29.png\u0022 target=\u0022_blank\u0022\u003ELet\u00f6lt\u00f6m\u003C\/a\u003E\n  \u003C\/div\u003E\n\n      \u003C\/article\u003E\n","settings":null},{"command":"insert","method":"append","selector":"#block-block-related-content","data":"\u003Carticle class=\u0022cardd cardd--event\u0022\u003E\n    \u003Ca href=\u0022\/rendezveny\/zold-allitas-vagy-jogserto-igeret-empco-a-gyakorlatban-hogyan-kommunikalhat-hitelesen-16406\u0022\u003E\n                      \u003Cdiv class=\u0022cardd__image\u0022\u003E\n                \u003Cimg loading=\u0022lazy\u0022 src=\u0022\/files\/styles\/teaser\/public\/event\/2.png?itok=1BHTpteU\u0022 alt=\u0022\u0022 \/\u003E\n\n\n\n\n          \n        \u003C\/div\u003E\n                                          \u003Cdiv class=\u0022cardd__content\u0022\u003E\n      \u003Ch2 class=\u0022cardd__title\u0022\u003E\n        \n\u003Cspan class=\u0022field_type-string\u0022\u003EZ\u00f6ld \u00e1ll\u00edt\u00e1s vagy jogs\u00e9rt\u0151 \u00edg\u00e9ret? EmpCo a gyakorlatban: hogyan kommunik\u00e1lhat hitelesen egy energiahat\u00e9kony v\u00e1llalkoz\u00e1s?\u003C\/span\u003E\n\n      \u003C\/h2\u003E\n      \u003Cdiv class=\u0022cardd__label cardd--event__label\u0022\u003E\n  \u003Ctime datetime=\u00222026-09-17T10:00:00+0200\n\u0022\u003E\n      \u003Cdiv class=\u0022date\u0022\u003ESzep. 17.\n\u003C\/div\u003E\n    \u003Cdiv class=\u0022time\u0022\u003E\n      \u003Cspan\u003E10:00\n\u003C\/span\u003E\n              \u003Cspan\u003E - \u003C\/span\u003E\u003Cspan class=\u0022date__time\u0022\u003E11:30\n\u003C\/span\u003E\n          \u003C\/div\u003E\n    \u003C\/time\u003E\n\u003C\/div\u003E\n                        \u003Cdiv class=\u0022cardd__text\u0022\u003E\n            \n            \u003Cdiv class=\u0022field_type-text_long\u0022\u003E  \u003Cp\u003EHogyan kommunik\u00e1lhat egy v\u00e1llalkoz\u00e1s hitelesen arr\u00f3l, hogy energiahat\u00e9konyabb\u00e1 vagy fenntarthat\u00f3bb\u00e1 v\u00e1lt? Mikor haszn\u00e1lhat\u00f3k jogszer\u0171en az olyan kifejez\u00e9sek, mint a \u201ez\u00f6ld\u201d, \u201ek\u00f6rnyezetbar\u00e1t\u201d vagy...\u003C\/p\u003E\n\n\u003C\/div\u003E\n      \n          \u003C\/div\u003E\n                  \u003C\/div\u003E\n  \u003C\/a\u003E\n            \n      \u003C\/article\u003E\n","settings":null},{"command":"insert","method":"append","selector":"#block-block-related-content","data":"\u003Carticle class=\u0022cardd cardd--newsitem cardd--download\u0022\u003E\n    \u003Ca href=\u0022\/hirek\/ajanlatteteli-felhivas-energetikai-szakertok-reszere-16403\u0022\u003E\n                      \u003Cdiv class=\u0022cardd__image\u0022\u003E\n                \u003Cimg loading=\u0022lazy\u0022 src=\u0022\/files\/styles\/teaser\/public\/news\/pexels-silverkblack-36733331.jpg?itok=ka-2OnVH\u0022 alt=\u0022\u0022 \/\u003E\n\n\n\n\n          \n        \u003C\/div\u003E\n                                          \u003Cdiv class=\u0022cardd__content\u0022\u003E\n      \u003Ch2 class=\u0022cardd__title\u0022\u003E\n        \n\u003Cspan class=\u0022field_type-string\u0022\u003EAj\u00e1nlatt\u00e9teli felh\u00edv\u00e1s energetikai szak\u00e9rt\u0151k r\u00e9sz\u00e9re\u003C\/span\u003E\n\n      \u003C\/h2\u003E\n      \u003Cdiv class=\u0022cardd__time\u0022\u003E\n    \u003Ctime datetime=\u00222026-08-26T01:39:31+0200\u0022\u003E2026. augusztus 26.\u003C\/time\u003E\n\u003C\/div\u003E\n                        \u003Cdiv class=\u0022cardd__text\u0022\u003E\n            \n            \u003Cdiv class=\u0022field_type-text_long\u0022\u003E  \u003Cp\u003EAz Energiaklub Szakpolitikai Int\u00e9zet energetikai szak\u00e9rt\u0151k jelentkez\u00e9s\u00e9t \u00e9s aj\u00e1nlatait v\u00e1rja kis- \u00e9s k\u00f6z\u00e9pv\u00e1llalkoz\u00e1sok sz\u00e1m\u00e1ra ny\u00fajtott energetikai tan\u00e1csad\u00e1si feladatok ell\u00e1t\u00e1s\u00e1ra. A megb\u00edz\u00e1s a \u201eKKV...\u003C\/p\u003E\n\n\u003C\/div\u003E\n      \n          \u003C\/div\u003E\n                  \u003C\/div\u003E\n  \u003C\/a\u003E\n              \u003Cdiv class=\u0022buttonn buttonn--download\u0022\u003E\n    \u003Ca class=\u0022buttonn__link\u0022 href=\u0022\/files\/news\/Aj%C3%A1nlatk%C3%A9r%C5%91_NGM%20szak%C3%A9rt%C3%A9s%20KKVknak-4.pdf\u0022 target=\u0022_blank\u0022\u003ELet\u00f6lt\u00f6m\u003C\/a\u003E\n  \u003C\/div\u003E\n\n      \u003C\/article\u003E\n","settings":null},{"command":"insert","method":"append","selector":"#block-block-related-content","data":"\u003Carticle class=\u0022cardd cardd--article cardd--download\u0022\u003E\n    \u003Ca href=\u0022\/cikk\/elkeszult-a-plug-in-napelemes-rendszerek-magyarorszagi-engedelyezeserol-szolo-szakpolitikai-16405\u0022\u003E\n                      \u003Cdiv class=\u0022cardd__image\u0022\u003E\n                \u003Cimg loading=\u0022lazy\u0022 src=\u0022\/files\/styles\/teaser\/public\/article\/plugin_napelemekrol_cikk_ullisztracio.png?itok=3Kx33ZAY\u0022 alt=\u0022illusztr\u00e1ci\u00f3 a cikkhez\u0022 \/\u003E\n\n\n\n\n          \n        \u003C\/div\u003E\n                            \u003Cdiv class=\u0022cardd__label\u0022\u003E\n          Cikk\n        \u003C\/div\u003E\n                            \u003Cdiv class=\u0022cardd__content\u0022\u003E\n      \u003Ch2 class=\u0022cardd__title\u0022\u003E\n        \n\u003Cspan class=\u0022field_type-string\u0022\u003EElk\u00e9sz\u00fclt a plug-in napelemes rendszerek magyarorsz\u00e1gi enged\u00e9lyez\u00e9s\u00e9r\u0151l sz\u00f3l\u00f3 szakpolitikai javaslatcsomagunk tervezete \u2013 \u00e9s most v\u00e1rjuk hozz\u00e1 a v\u00e9lem\u00e9nyeket!\u003C\/span\u003E\n\n      \u003C\/h2\u003E\n          \n            \u003Cdiv class=\u0022field_type-datetime cardd__time\u0022\u003E\u003Ctime datetime=\u00222026-08-26T12:00:00Z\u0022\u003E2026. augusztus 26.\u003C\/time\u003E\n\u003C\/div\u003E\n      \n                        \u003Cdiv class=\u0022cardd__text\u0022\u003E\n            \n            \u003Cdiv class=\u0022field_type-text_long\u0022\u003E  \u003Cp\u003EA tanulm\u00e1nyban megvizsg\u00e1ltuk a jelenlegi hazai szab\u00e1lyoz\u00e1st, a nemzetk\u00f6zi tapasztalatokat, a h\u00e1l\u00f3zati hat\u00e1sokat, valamint azt is, kik sz\u00e1m\u00e1ra jelenthetne val\u00f3di lehet\u0151s\u00e9get ez a technol\u00f3gia.\u003C\/p\u003E\n\n\u003C\/div\u003E\n      \n          \u003C\/div\u003E\n                  \u003C\/div\u003E\n  \u003C\/a\u003E\n              \u003Cdiv class=\u0022buttonn buttonn--download\u0022\u003E\n    \u003Ca class=\u0022buttonn__link\u0022 href=\u0022\/files\/article\/0826_plug-in%20solar_javaslatcsomag_egyeztetesi_anyag.pdf\u0022 target=\u0022_blank\u0022\u003ELet\u00f6lt\u00f6m\u003C\/a\u003E\n  \u003C\/div\u003E\n\n      \u003C\/article\u003E\n","settings":null},{"command":"insert","method":"append","selector":"#block-block-related-content","data":"\u003Carticle class=\u0022cardd cardd--article\u0022\u003E\n    \u003Ca href=\u0022\/cikk\/elerhetok-az-utobbi-10-ev-hoadatai-az-osztrak-magyar-hatartersegre-16402\u0022\u003E\n                      \u003Cdiv class=\u0022cardd__image\u0022\u003E\n                \u003Cimg loading=\u0022lazy\u0022 src=\u0022\/files\/styles\/teaser\/public\/article\/muhold_adatelemzes.png?itok=Ksvq62OX\u0022 alt=\u0022A Termatics m\u0171holdk\u00e9pes illusztr\u00e1ci\u00f3ja\u0022 \/\u003E\n\n\n\n\n          \n        \u003C\/div\u003E\n                            \u003Cdiv class=\u0022cardd__label\u0022\u003E\n          Cikk\n        \u003C\/div\u003E\n                            \u003Cdiv class=\u0022cardd__content\u0022\u003E\n      \u003Ch2 class=\u0022cardd__title\u0022\u003E\n        \n\u003Cspan class=\u0022field_type-string\u0022\u003EEl\u00e9rhet\u0151k az ut\u00f3bbi 10 \u00e9v h\u0151adatai az osztr\u00e1k-magyar hat\u00e1rt\u00e9rs\u00e9gre\u003C\/span\u003E\n\n      \u003C\/h2\u003E\n          \n                        \u003Cdiv class=\u0022cardd__text\u0022\u003E\n            \n            \u003Cdiv class=\u0022field_type-text_long\u0022\u003E  \u003Cp\u003EB\u00e1r egyes v\u00e1rosok m\u00e1r egy-egy nap felsz\u00ednh\u0151m\u00e9rs\u00e9klet-\u00e9rt\u00e9kei alapj\u00e1n pr\u00f3b\u00e1lt\u00e1k felm\u00e9rni, hol a legnagyobb a h\u0151terhel\u00e9s, most 10 \u00e9v adatai alapj\u00e1n egy orsz\u00e1gnyi ter\u00fcletre k\u00e9sz\u00fclt el az a nyilv\u00e1nosan...\u003C\/p\u003E\n\n\u003C\/div\u003E\n      \n          \u003C\/div\u003E\n                  \u003C\/div\u003E\n  \u003C\/a\u003E\n            \n      \u003C\/article\u003E\n","settings":null},{"command":"insert","method":"append","selector":"#block-block-related-content","data":"\u003Cdiv id=\u0022related-more-button\u0022 class=\u0022buttonn buttonn--more\u0022\u003E\u003Ca href=\u0022\/ajax\/node\/2644\/related\/2?_wrapper_format=drupal_ajax\u0022 class=\u0022buttonn__link\u0022 id=\u0022ajax-link\u0022\u003ETov\u00e1bb\u003C\/a\u003E\u003C\/div\u003E\n","settings":null}]