[{"command":"settings","settings":{"pluralDelimiter":"\u0003","suppressDeprecationErrors":true,"ajaxPageState":{"libraries":"eJwVyEEOgCAMBMAPEbj6G9PgkoDS4gJGf6_OcaIRYeNscngpcrv4R9YB6lflnODjk7E67MsIOVEqVqI3054vvDW4GTw","theme":"ek8t","theme_token":null},"ajaxTrustedUrl":{"":true},"ajax":{"ajax-link":{"progress":{"type":"throbber"},"event":"click","url":null,"httpMethod":"POST","dialogType":"ajax"}},"user":{"uid":0,"permissionsHash":"6863daf750f381f928a801c80f348fc99c0bdca77d9a9d8a6e22d1ecbfb21b60"}},"merge":true},{"command":"add_css","data":[{"rel":"stylesheet","media":"all","href":"\/files\/css\/css_JjpohJzxuH9cPwjGcg538YwixVCiWpU46P9gsAJMsow.css?delta=0\u0026language=hu\u0026theme=ek8t\u0026include=eJxLzi9K1U8pKi1IzNFLzEqs0EnNtijRz0wrSsxNjS9KLS7IzyvOLEsFACiHDys"},{"rel":"stylesheet","media":"all","href":"\/files\/css\/css_v70jv7o5u3m832uVJ0751BGNLxaALX_5HgnK7cSbqZw.css?delta=1\u0026language=hu\u0026theme=ek8t\u0026include=eJxLzi9K1U8pKi1IzNFLzEqs0EnNtijRz0wrSsxNjS9KLS7IzyvOLEsFACiHDys"}]},{"command":"add_js","selector":"body","data":[{"src":"\/files\/js\/js_LZS9l9KNCVKpTKndUsCgZP-dlEt48w_JPplv51wALV4.js?scope=footer\u0026delta=0\u0026language=hu\u0026theme=ek8t\u0026include=eJwVyEEOgCAMBMAPEbj6G9PgkoDS4gJGf6_OcaIRYeNscngpcrv4R9YB6lflnODjk7E67MsIOVEqVqI3054vvDW4GTw"}]},{"command":"remove","selector":"#related-more-button"},{"command":"insert","method":"append","selector":"#block-block-related-content","data":"\u003Carticle class=\u0022cardd cardd--newsitem cardd--download\u0022\u003E\n    \u003Ca href=\u0022\/hirek\/eroforras-ujragondolva-ujratervezve-3545\u0022\u003E\n                      \u003Cdiv class=\u0022cardd__image\u0022\u003E\n                \u003Cimg loading=\u0022lazy\u0022 src=\u0022\/files\/styles\/teaser\/public\/topic\/epuletek.jpg?itok=K9CCTLWw\u0022 alt=\u0022\u00c9p\u00fcletek\u0022 \/\u003E\n\n\n\n\n          \n        \u003C\/div\u003E\n                                          \u003Cdiv class=\u0022cardd__content\u0022\u003E\n      \u003Ch2 class=\u0022cardd__title\u0022\u003E\n        \n\u003Cspan class=\u0022field_type-string\u0022\u003EEr\u0151forr\u00e1s. \u00dajragondolva. \u00dajratervezve.\u003C\/span\u003E\n\n      \u003C\/h2\u003E\n      \u003Cdiv class=\u0022cardd__time\u0022\u003E\n    \u003Ctime datetime=\u00222014-02-11T14:11:56+0100\u0022\u003E2014. febru\u00e1r 11.\u003C\/time\u003E\n\u003C\/div\u003E\n                        \u003Cdiv class=\u0022cardd__text\u0022\u003E\n            \n            \u003Cdiv class=\u0022field_type-text_long\u0022\u003E  \u003Cp\u003ETekintse meg r\u00f6vidfilm\u00fcnket \u00e9s ismerkedjen meg a RE-SEEties projekttel! V\u00e1rjuk \u00d6nt is nemzetk\u00f6zi szimp\u00f3ziumunkon febru\u00e1r 25-\u00e9n, Ath\u00e9nban.\u003C\/p\u003E\n\n\u003C\/div\u003E\n      \n          \u003C\/div\u003E\n                  \u003C\/div\u003E\n  \u003C\/a\u003E\n              \u003Cdiv class=\u0022buttonn buttonn--download\u0022\u003E\n    \u003Ca class=\u0022buttonn__link\u0022 href=\u0022\/files\/news\/reseeties_symposium_athens_programme.pdf\u0022 target=\u0022_blank\u0022\u003ELet\u00f6lt\u00f6m\u003C\/a\u003E\n  \u003C\/div\u003E\n\n      \u003C\/article\u003E\n","settings":null},{"command":"insert","method":"append","selector":"#block-block-related-content","data":"\u003Carticle class=\u0022cardd cardd--service\u0022\u003E\n    \u003Ca href=\u0022\/szolgaltatas\/piackutatas-3034\u0022\u003E\n                      \u003Cdiv class=\u0022cardd__image\u0022\u003E\n                \u003Cimg loading=\u0022lazy\u0022 src=\u0022\/files\/styles\/teaser\/public\/service\/epulet_megeri.png?itok=o9Caoqo5\u0022 alt=\u0022\u0022 \/\u003E\n\n\n\n\n          \n        \u003C\/div\u003E\n                                          \u003Cdiv class=\u0022cardd__content\u0022\u003E\n      \u003Ch2 class=\u0022cardd__title\u0022\u003E\n        \n\u003Cspan class=\u0022field_type-string\u0022\u003EPiackutat\u00e1s\u003C\/span\u003E\n\n      \u003C\/h2\u003E\n                                    \u003Cdiv class=\u0022cardd__text\u0022\u003E\n            \n            \u003Cdiv class=\u0022field_type-text_long\u0022\u003E  \u003Cp\u003EPiackutat\u00e1saink seg\u00edtenek j\u00f3 d\u00f6nt\u00e9seket hozni \u00e9s azokat j\u00f3l is kommunik\u00e1lni. Kutat\u00e1saink sor\u00e1n a m\u00e9dia sz\u00e1m\u00e1ra \u00e9rdekes \u00fczenetet fogalmazunk meg, s\u0151t CSR ter\u00fcleten is seg\u00edt\u00fcnk hat\u00e1sos programot...\u003C\/p\u003E\n\n\u003C\/div\u003E\n      \n          \u003C\/div\u003E\n                  \u003C\/div\u003E\n  \u003C\/a\u003E\n            \n      \u003C\/article\u003E\n","settings":null},{"command":"insert","method":"append","selector":"#block-block-related-content","data":"\u003Carticle class=\u0022cardd cardd--study\u0022\u003E\n    \u003Ca href=\u0022\/tanulmany\/az-unios-klima-es-energiacsomag-ertekelese-2200\u0022\u003E\n                      \u003Cdiv class=\u0022cardd__image\u0022\u003E\n                \u003Cimg loading=\u0022lazy\u0022 src=\u0022\/files\/styles\/teaser\/public\/topic\/klima-es-energiapolitika.jpg?itok=SUE0p9OE\u0022 alt=\u0022Kl\u00edma \u00e9s energiapolitika\u0022 \/\u003E\n\n\n\n\n          \n        \u003C\/div\u003E\n                            \u003Cdiv class=\u0022cardd__label\u0022\u003E\n          Tanulm\u00e1ny\n        \u003C\/div\u003E\n                            \u003Cdiv class=\u0022cardd__content\u0022\u003E\n      \u003Ch2 class=\u0022cardd__title\u0022\u003E\n        \n\u003Cspan class=\u0022field_type-string\u0022\u003EAz uni\u00f3s Kl\u00edma- \u00e9s Energiacsomag \u00e9rt\u00e9kel\u00e9se \u003C\/span\u003E\n\n      \u003C\/h2\u003E\n          \n                        \u003Cdiv class=\u0022cardd__text\u0022\u003E\n            \n            \u003Cdiv class=\u0022field_type-text_long\u0022\u003E  \u003Cp\u003EAz Eur\u00f3pai Bizotts\u00e1g 2007. v\u00e9g\u00e9n mutatta be Kl\u00edma- \u00e9s Energiacsomagj\u00e1t, amely letette az alapokat a k\u00e9s\u0151bb elfogadott \u00faj Meg\u00fajul\u00f3 Energia Ir\u00e1nyelvhez.\u003C\/p\u003E\n\n\u003C\/div\u003E\n      \n          \u003C\/div\u003E\n                  \u003C\/div\u003E\n  \u003C\/a\u003E\n            \n      \u003C\/article\u003E\n","settings":null},{"command":"insert","method":"append","selector":"#block-block-related-content","data":"\u003Carticle class=\u0022cardd cardd--study\u0022\u003E\n    \u003Ca href=\u0022\/tanulmany\/az-europai-unio-energia-es-klimacsomagja-2193\u0022\u003E\n                      \u003Cdiv class=\u0022cardd__image\u0022\u003E\n                \u003Cimg loading=\u0022lazy\u0022 src=\u0022\/files\/styles\/teaser\/public\/topic\/klima-es-energiapolitika.jpg?itok=SUE0p9OE\u0022 alt=\u0022Kl\u00edma \u00e9s energiapolitika\u0022 \/\u003E\n\n\n\n\n          \n        \u003C\/div\u003E\n                            \u003Cdiv class=\u0022cardd__label\u0022\u003E\n          Tanulm\u00e1ny\n        \u003C\/div\u003E\n                            \u003Cdiv class=\u0022cardd__content\u0022\u003E\n      \u003Ch2 class=\u0022cardd__title\u0022\u003E\n        \n\u003Cspan class=\u0022field_type-string\u0022\u003EAz Eur\u00f3pai Uni\u00f3 Energia- \u00e9s Kl\u00edmacsomagja\u003C\/span\u003E\n\n      \u003C\/h2\u003E\n          \n                        \u003Cdiv class=\u0022cardd__text\u0022\u003E\n            \n            \u003Cdiv class=\u0022field_type-text_long\u0022\u003E  \u003Cp\u003EA tanulm\u00e1nyban azt mutatjuk be, hogy az Eur\u00f3pai Uni\u00f3 kl\u00edma- \u00e9s energiacsomagj\u00e1nak ir\u00e1nyelvei hogyan vezethet\u0151k be, milyen potenci\u00e1lis hat\u00e1ssal lesznek Magyarorsz\u00e1gon.\u003C\/p\u003E\n\n\u003C\/div\u003E\n      \n          \u003C\/div\u003E\n                  \u003C\/div\u003E\n  \u003C\/a\u003E\n            \n      \u003C\/article\u003E\n","settings":null},{"command":"insert","method":"append","selector":"#block-block-related-content","data":"\u003Carticle class=\u0022cardd cardd--event cardd--download\u0022\u003E\n    \u003Ca href=\u0022\/rendezveny\/multiply-europai-tudasmegoszto-konferencia-4936\u0022\u003E\n                      \u003Cdiv class=\u0022cardd__image\u0022\u003E\n                \u003Cimg loading=\u0022lazy\u0022 src=\u0022\/files\/styles\/teaser\/public\/event\/Logo%20Multiply.jpg?itok=h-sjkqys\u0022 alt=\u0022\u0022 \/\u003E\n\n\n\n\n          \n        \u003C\/div\u003E\n                                          \u003Cdiv class=\u0022cardd__content\u0022\u003E\n      \u003Ch2 class=\u0022cardd__title\u0022\u003E\n        \n\u003Cspan class=\u0022field_type-string\u0022\u003EMULTIPLY-Eur\u00f3pai Tud\u00e1smegoszt\u00f3 Konferencia\u003C\/span\u003E\n\n      \u003C\/h2\u003E\n      \u003Cdiv class=\u0022cardd__label cardd--event__label\u0022\u003E\n  \u003Ctime datetime=\u00222021-04-16T09:30:00+0200\n\u0022\u003E\n      \u003Cdiv class=\u0022year\u0022\u003E2021\u003C\/div\u003E\n    \u003Cdiv\u003E\u00e1pr. 16.\n\u003C\/div\u003E\n    \u003C\/time\u003E\n\u003C\/div\u003E\n                        \u003Cdiv class=\u0022cardd__text\u0022\u003E\n            \n            \u003Cdiv class=\u0022field_type-text_long\u0022\u003E  \u003Cp\u003EJ\u00f3 gyakorlatok \u00e9s tud\u00e1smegoszt\u00e1s nemzetk\u00f6zi szinten az integr\u00e1lt telep\u00fcl\u00e9sfejleszt\u00e9sr\u0151l A rendezv\u00e9ny f\u00f3kusz\u00e1ban: meg\u00fajul\u00f3 energi\u00e1k, energiahat\u00e9konys\u00e1g, k\u00f6zleked\u00e9s \u00e9s k\u00f6z\u00f6ss\u00e9gi bevon\u00e1s\u003C\/p\u003E\n\n\u003C\/div\u003E\n      \n          \u003C\/div\u003E\n                  \u003C\/div\u003E\n  \u003C\/a\u003E\n              \u003Cdiv class=\u0022buttonn buttonn--download\u0022\u003E\n    \u003Ca class=\u0022buttonn__link\u0022 href=\u0022\/files\/event\/Multiply_konferencia_plak%C3%A1t.pdf\u0022 target=\u0022_blank\u0022\u003ELet\u00f6lt\u00f6m\u003C\/a\u003E\n  \u003C\/div\u003E\n\n      \u003C\/article\u003E\n","settings":null},{"command":"insert","method":"append","selector":"#block-block-related-content","data":"\u003Carticle class=\u0022cardd cardd--service\u0022\u003E\n    \u003Ca href=\u0022\/szolgaltatas\/fenntarthato-energia-es-klimaakcioterv-secap-4003\u0022\u003E\n                      \u003Cdiv class=\u0022cardd__image\u0022\u003E\n                \u003Cimg loading=\u0022lazy\u0022 src=\u0022\/files\/styles\/teaser\/public\/service\/seap.png?h=c20bd63f\u0026amp;itok=1H7Vpi-e\u0022 alt=\u0022\u0022 \/\u003E\n\n\n\n\n          \n        \u003C\/div\u003E\n                                          \u003Cdiv class=\u0022cardd__content\u0022\u003E\n      \u003Ch2 class=\u0022cardd__title\u0022\u003E\n        \n\u003Cspan class=\u0022field_type-string\u0022\u003EFenntarthat\u00f3 Energia- \u00e9s Kl\u00edmaakci\u00f3terv - SECAP\u003C\/span\u003E\n\n      \u003C\/h2\u003E\n                                    \u003Cdiv class=\u0022cardd__text\u0022\u003E\n            \n            \u003Cdiv class=\u0022field_type-text_long\u0022\u003E  \u003Cp\u003EAz Energiaklub az elm\u00falt \u00e9vekben t\u00f6bb mint 25 magyar telep\u00fcl\u00e9s \u00f6nkorm\u00e1nyzat\u00e1nak seg\u00edtett az eur\u00f3pai Polg\u00e1rmesterek Sz\u00f6vets\u00e9ge k\u00f6vetelm\u00e9nyeinek megfelel\u0151 helyi Fenntarthat\u00f3 Energia (\u00e9s Kl\u00edma) Akci\u00f3terv...\u003C\/p\u003E\n\n\u003C\/div\u003E\n      \n          \u003C\/div\u003E\n                  \u003C\/div\u003E\n  \u003C\/a\u003E\n            \n      \u003C\/article\u003E\n","settings":null},{"command":"insert","method":"append","selector":"#block-block-related-content","data":"\u003Carticle class=\u0022cardd cardd--blog\u0022\u003E\n    \u003Ca href=\u0022http:\/\/energiabox.blog.hu\/2016\/06\/21\/az_egylabu_szek_esete_magyarorszaggal_232\u0022 target=\u0022_blank\u0022\u003E\n                  \u003Cdiv class=\u0022cardd__image\u0022\u003E\n                \u003Cimg loading=\u0022lazy\u0022 src=\u0022\/files\/styles\/teaser\/public\/topic\/paks.jpg?itok=sLcDWJDi\u0022 alt=\u0022Paks\u0022 \/\u003E\n\n\n\n\n          \n        \u003C\/div\u003E\n                            \u003Cdiv class=\u0022cardd__label\u0022\u003E\n          Blog\n        \u003C\/div\u003E\n                            \u003Cdiv class=\u0022cardd__content\u0022\u003E\n      \u003Ch2 class=\u0022cardd__title\u0022\u003E\n        \n\u003Cspan class=\u0022field_type-string\u0022\u003EAz egyl\u00e1b\u00fa sz\u00e9k esete Magyarorsz\u00e1ggal\u003C\/span\u003E\n\n      \u003C\/h2\u003E\n      \u003Cdiv class=\u0022cardd__time\u0022\u003E\n    \u003Ctime datetime=\u00222016-06-21T09:10:22+0200\u0022\u003E2016. j\u00fanius 21.\u003C\/time\u003E\n\u003C\/div\u003E\n  \u003Cdiv class=\u0022cardd__author\u0022\u003EMagyar L\u00e1szl\u00f3\u003C\/div\u003E\n                        \u003Cdiv class=\u0022cardd__text\u0022\u003E\n            \n            \u003Cdiv class=\u0022field_type-text_long\u0022\u003E  \u003Cp\u003ENem k\u00e9rd\u00e9s, hogy egyetlen l\u00e1bat k\u00f6nnyebb kifaragni, mint sokat, amiket azt\u00e1n k\u00e9s\u0151bb m\u00e9g egym\u00e1shoz is kell igaz\u00edtani. De gondoljunk bele, vajon r\u00e1 mern\u00e9nk \u00fclni egy egyl\u00e1b\u00fa sz\u00e9kre? \u00c9s hogy mit...\u003C\/p\u003E\n\n\u003C\/div\u003E\n      \n          \u003C\/div\u003E\n                  \u003C\/div\u003E\n  \u003C\/a\u003E\n        \u003C\/article\u003E\n","settings":null},{"command":"insert","method":"append","selector":"#block-block-related-content","data":"\u003Carticle class=\u0022cardd cardd--newsitem\u0022\u003E\n    \u003Ca href=\u0022\/hirek\/emeli-a-tetet-a-polgarmesterek-szovetsege-seap-helyett-jon-a-secap-3888\u0022\u003E\n                      \u003Cdiv class=\u0022cardd__image\u0022\u003E\n                \u003Cimg loading=\u0022lazy\u0022 src=\u0022\/files\/styles\/teaser\/public\/news\/189467.jpg?itok=0QUSkksf\u0022 \/\u003E\n\n\n\n\n          \n        \u003C\/div\u003E\n                                          \u003Cdiv class=\u0022cardd__content\u0022\u003E\n      \u003Ch2 class=\u0022cardd__title\u0022\u003E\n        \n\u003Cspan class=\u0022field_type-string\u0022\u003EEmeli a t\u00e9tet a Polg\u00e1rmesterek Sz\u00f6vets\u00e9ge - SEAP helyett j\u00f6n a SECAP\u003C\/span\u003E\n\n      \u003C\/h2\u003E\n      \u003Cdiv class=\u0022cardd__time\u0022\u003E\n    \u003Ctime datetime=\u00222016-03-10T12:16:04+0100\u0022\u003E2016. m\u00e1rcius 10.\u003C\/time\u003E\n\u003C\/div\u003E\n                        \u003Cdiv class=\u0022cardd__text\u0022\u003E\n            \n            \u003Cdiv class=\u0022field_type-text_long\u0022\u003E  \u003Cp\u003EA Polg\u00e1rmesterek Sz\u00f6vets\u00e9ge \u00faj alapokra helyezte a telep\u00fcl\u00e9svezet\u0151k eur\u00f3pai egy\u00fcttm\u0171k\u00f6d\u00e9s\u00e9t: a tagok sz\u00e9n-dioxid-kibocs\u00e1t\u00e1suk cs\u00f6kkent\u00e9se mellett n\u00f6velik alkalmazkod\u00e1si k\u00e9pess\u00e9g\u00fcket a kl\u00edmav\u00e1ltoz\u00e1s...\u003C\/p\u003E\n\n\u003C\/div\u003E\n      \n          \u003C\/div\u003E\n                  \u003C\/div\u003E\n  \u003C\/a\u003E\n            \n      \u003C\/article\u003E\n","settings":null},{"command":"insert","method":"append","selector":"#block-block-related-content","data":"\u003Carticle class=\u0022cardd cardd--event cardd--download\u0022\u003E\n    \u003Ca href=\u0022\/rendezveny\/fenntarthato-telepulesi-energiastrategiatol-cselekvesi-tervig-3563\u0022\u003E\n                      \u003Cdiv class=\u0022cardd__image\u0022\u003E\n                \u003Cimg loading=\u0022lazy\u0022 src=\u0022\/files\/styles\/teaser\/public\/topic\/telepulesek.jpg?itok=jiqRh4gC\u0022 alt=\u0022Telep\u00fcl\u00e9sek\u0022 \/\u003E\n\n\n\n\n          \n        \u003C\/div\u003E\n                                          \u003Cdiv class=\u0022cardd__content\u0022\u003E\n      \u003Ch2 class=\u0022cardd__title\u0022\u003E\n        \n\u003Cspan class=\u0022field_type-string\u0022\u003EFenntarthat\u00f3 telep\u00fcl\u00e9si energiastrat\u00e9gi\u00e1t\u00f3l cselekv\u00e9si tervig \u003C\/span\u003E\n\n      \u003C\/h2\u003E\n      \u003Cdiv class=\u0022cardd__label cardd--event__label\u0022\u003E\n  \u003Ctime datetime=\u00222014-03-18T09:30:00+0100\n\u0022\u003E\n      \u003Cdiv class=\u0022year\u0022\u003E2014\u003C\/div\u003E\n    \u003Cdiv\u003Em\u00e1r. 18.\n\u003C\/div\u003E\n    \u003C\/time\u003E\n\u003C\/div\u003E\n                        \u003Cdiv class=\u0022cardd__text\u0022\u003E\n            \n            \u003Cdiv class=\u0022field_type-text_long\u0022\u003E  \u003Cp\u003EA fenntarthat\u00f3bb telep\u00fcl\u00e9si energiagazd\u00e1lkod\u00e1s megval\u00f3s\u00edt\u00e1s\u00e1hoz strat\u00e9giai tervez\u00e9sre van sz\u00fcks\u00e9g az \u00f6nkorm\u00e1nyzatok r\u00e9sz\u00e9r\u0151l. A 2014-2020-as uni\u00f3s peri\u00f3dusban a telep\u00fcl\u00e9si Fenntarthat\u00f3 Energia...\u003C\/p\u003E\n\n\u003C\/div\u003E\n      \n          \u003C\/div\u003E\n                  \u003C\/div\u003E\n  \u003C\/a\u003E\n              \u003Cdiv class=\u0022buttonn buttonn--download\u0022\u003E\n    \u003Ca class=\u0022buttonn__link\u0022 href=\u0022\/files\/event\/meghivo_onkormanyzati_workshop_2014.03.18.pdf\u0022 target=\u0022_blank\u0022\u003ELet\u00f6lt\u00f6m\u003C\/a\u003E\n  \u003C\/div\u003E\n\n      \u003C\/article\u003E\n","settings":null},{"command":"insert","method":"append","selector":"#block-block-related-content","data":"\u003Cdiv id=\u0022related-more-button\u0022 class=\u0022buttonn buttonn--more\u0022\u003E\u003Ca href=\u0022\/ajax\/node\/2046\/related\/2?_wrapper_format=drupal_ajax\u0022 class=\u0022buttonn__link\u0022 id=\u0022ajax-link\u0022\u003ETov\u00e1bb\u003C\/a\u003E\u003C\/div\u003E\n","settings":null}]